{"id":15829,"date":"2026-01-03T07:31:15","date_gmt":"2026-01-03T07:31:15","guid":{"rendered":"https:\/\/wiesbadener-fototage.de\/?page_id=15829"},"modified":"2026-01-03T07:31:15","modified_gmt":"2026-01-03T07:31:15","slug":"jahresthema","status":"publish","type":"page","link":"https:\/\/wiesbadener-fototage.de\/de_de\/fototage-2022-2\/jahresthema\/","title":{"rendered":"JAHRESTHEMA 2025"},"content":{"rendered":"<div id=\"full_slider_1\" class=\"avia-fullwidth-slider main_color avia-shadow   avia-builder-el-0  el_before_av_one_fifth  avia-builder-el-first   container_wrap fullsize\"><div class=\"avia-slideshow av-kuua4iaj-f6b3480b8c6d8e8466a95545b68bfd4f avia-slideshow-featured_large av_slideshow_full avia-slide-slider av-slideshow-ui av-control-default av-slideshow-manual av-loop-once av-loop-manual-endless av-default-height-applied   avia-slideshow-1\" data-slideshow-options=\"{&quot;animation&quot;:&quot;slide&quot;,&quot;autoplay&quot;:false,&quot;loop_autoplay&quot;:&quot;once&quot;,&quot;interval&quot;:5,&quot;loop_manual&quot;:&quot;manual-endless&quot;,&quot;autoplay_stopper&quot;:false,&quot;noNavigation&quot;:false,&quot;bg_slider&quot;:false,&quot;keep_padding&quot;:false,&quot;hoverpause&quot;:false,&quot;show_slide_delay&quot;:0}\" itemprop=\"image\" itemscope=\"itemscope\" itemtype=\"https:\/\/schema.org\/ImageObject\"><ul class=\"avia-slideshow-inner \" style=\"padding-bottom: 52.5%;\"><li class=\"avia-slideshow-slide av-kuua4iaj-f6b3480b8c6d8e8466a95545b68bfd4f__0  av-single-slide slide-1 slide-odd\"><div data-rel=\"slideshow-1\" class=\"avia-slide-wrap \"><img decoding=\"async\" fetchpriority=\"high\" class=\"wp-image-13720 avia-img-lazy-loading-not-13720\" src=\"https:\/\/wiesbadener-fototage.de\/wp-content\/uploads\/2025\/08\/KuenstlervereinWalkmuehle_Ansicht_Web-1200x630.jpg\" width=\"1200\" height=\"630\" title=\"Photo \u00a9 J\u00fcrgern Strasser \/\/ Ausstellungsansicht \/ Exhibition view\" alt itemprop=\"thumbnailUrl\"><\/div><\/li><\/ul><\/div><\/div><div id=\"after_full_slider_1\" class=\"main_color av_default_container_wrap container_wrap fullsize\"><div class=\"container av-section-cont-open\"><div class=\"template-page content  av-content-full alpha units\"><div class=\"post-entry post-entry-type-page post-entry-15829\"><div class=\"entry-content-wrapper clearfix\">\n\n<style type=\"text\/css\" data-created_by=\"avia_inline_auto\" id=\"style-css-av-71pe-c1559a6a22c898fa51e9177c3d226e7d\">\n.flex_column.av-71pe-c1559a6a22c898fa51e9177c3d226e7d{\nborder-radius:0px 0px 0px 0px;\npadding:0px 0px 0px 0px;\n}\n<\/style>\n<div class=\"flex_column av-71pe-c1559a6a22c898fa51e9177c3d226e7d av_one_fifth  avia-builder-el-1  el_after_av_slideshow_full  el_before_av_three_fifth  avia-builder-el-first  first flex_column_div av-zero-column-padding  \"><\/div>\n\n<style type=\"text\/css\" data-created_by=\"avia_inline_auto\" id=\"style-css-av-ay09e-db7eceea4917455bedf50e6a45afc1c7\">\n.flex_column.av-ay09e-db7eceea4917455bedf50e6a45afc1c7{\nborder-radius:0px 0px 0px 0px;\npadding:0px 0px 0px 0px;\n}\n<\/style>\n<div class=\"flex_column av-ay09e-db7eceea4917455bedf50e6a45afc1c7 av_three_fifth  avia-builder-el-2  el_after_av_one_fifth  el_before_av_one_fifth  flex_column_div av-zero-column-padding  \"><style type=\"text\/css\" data-created_by=\"avia_inline_auto\" id=\"style-css-av-l8737cii-842678cca2e7b5aeb892870bb957246b\">\n#top .av_textblock_section.av-l8737cii-842678cca2e7b5aeb892870bb957246b .avia_textblock{\ncolor:#0a0a0a;\n}\n<\/style>\n<section class=\"av_textblock_section av-l8737cii-842678cca2e7b5aeb892870bb957246b \" itemscope=\"itemscope\" itemtype=\"https:\/\/schema.org\/CreativeWork\"><div class=\"avia_textblock av_inherit_color\" itemprop=\"text\"><h2 style=\"text-align: center;\"><strong>JAHRESTHEMA 2025<br>\n\u00bbZUKUNFT? WELCHE ZUKUNFT?!\u00ab<\/strong><\/h2>\n<\/div><\/section><\/div>\n\n<style type=\"text\/css\" data-created_by=\"avia_inline_auto\" id=\"style-css-av-71pe-2-82e2e83c248095d4738dce9b362d1d80\">\n.flex_column.av-71pe-2-82e2e83c248095d4738dce9b362d1d80{\nborder-radius:0px 0px 0px 0px;\npadding:0px 0px 0px 0px;\n}\n<\/style>\n<div class=\"flex_column av-71pe-2-82e2e83c248095d4738dce9b362d1d80 av_one_fifth  avia-builder-el-4  el_after_av_three_fifth  el_before_av_one_fifth  flex_column_div av-zero-column-padding  \"><\/div>\n\n<style type=\"text\/css\" data-created_by=\"avia_inline_auto\" id=\"style-css-av-71pe-1-dd24e9581a7d9655927588ff07fcfa16\">\n.flex_column.av-71pe-1-dd24e9581a7d9655927588ff07fcfa16{\nborder-radius:0px 0px 0px 0px;\npadding:0px 0px 0px 0px;\n}\n<\/style>\n<div class=\"flex_column av-71pe-1-dd24e9581a7d9655927588ff07fcfa16 av_one_fifth  avia-builder-el-5  el_after_av_one_fifth  el_before_av_three_fifth  first flex_column_div av-zero-column-padding  column-top-margin\"><\/div>\n\n<style type=\"text\/css\" data-created_by=\"avia_inline_auto\" id=\"style-css-av-6xi3m-2cef931bf160e37dbb7b6ea26407b592\">\n.flex_column.av-6xi3m-2cef931bf160e37dbb7b6ea26407b592{\nborder-radius:0px 0px 0px 0px;\npadding:0px 0px 0px 0px;\n}\n<\/style>\n<div class=\"flex_column av-6xi3m-2cef931bf160e37dbb7b6ea26407b592 av_three_fifth  avia-builder-el-6  el_after_av_one_fifth  el_before_av_one_fifth  flex_column_div av-zero-column-padding  column-top-margin\"><style type=\"text\/css\" data-created_by=\"avia_inline_auto\" id=\"style-css-av-kuua7ooj-a7bab65d20c6aecdab9de16383d3a3c1\">\n#top .av_textblock_section.av-kuua7ooj-a7bab65d20c6aecdab9de16383d3a3c1 .avia_textblock{\ncolor:#000000;\n}\n<\/style>\n<section class=\"av_textblock_section av-kuua7ooj-a7bab65d20c6aecdab9de16383d3a3c1 \" itemscope=\"itemscope\" itemtype=\"https:\/\/schema.org\/CreativeWork\"><div class=\"avia_textblock av_inherit_color\" itemprop=\"text\"><p style=\"text-align: left;\">Wir leben heute wieder in einer Zeit, in der sich die Zukunft alles andere als klar anf\u00fchlt. Sie gilt als nicht mehr planbar, zeigt sich kaum vielversprechend, erzeugt mehr \u00c4ngste als Hoffnung, ist nebul\u00f6s, noch schlimmer: scheint ein Terrain zahlloser Unsicherheiten zu sein. Wir stehen am Scheideweg. Immer dr\u00e4ngender und auch immer lauter werden Forderungen nach grundlegenden Ver\u00e4nderungen.<\/p>\n<div>\n<div>\n<p>Doch wie sollen diese aussehen? Was f\u00fcr eine neue Welt wollen wir gemeinsam erschaffen? Welche anderen Welten sind \u00fcberhaupt m\u00f6glich? Wie wollen wir leben? Wovon tr\u00e4umen wir? Was w\u00fcnschen wir uns? Was wollen wir aus der Vergangenheit und der Gegenwart in die Zukunft retten oder sogar neu entdecken? Was k\u00f6nnen wir von anderen Gesellschaften lernen? Wie l\u00e4sst sich scheinbar Unab\u00e4nderliches neu denken? Welche neuen Formen des Zusammenlebens sind \u00fcberhaupt erstrebenswert? Und wie schaffen wir das? Zukunft ist somit M\u00f6glichkeit und Vision, aber auch Beobachtung der Gegenwart, Ver\u00e4nderung und Ungewissheit<\/p>\n<\/div>\n<div>\n<p>Ein zentraler Begriff in der ganz aktuellen Diskussion um die Zukunft ist die \u00bbTransformation\u00ab.<b>Wandel, Transformation: Das ist ein Weg in die Zukunft.<\/b> Thema der Fototage sind auch solche transformativen Kr\u00e4fte, die uns schon heute eine Idee von Zukunft aufzeigen. Um hier einige aktuelle Aspekte der Transformation zu nennen: Digitalit\u00e4t, \u00d6konomie, Klima, Mobilit\u00e4t, Arbeit, Identit\u00e4t, Diversit\u00e4t und Nachhaltigkeit \u2013 auch auf diesen Feldern denken wir uns \u00bbZukunft\u00ab.<\/p>\n<\/div>\n<div>\n<p>Das sind nur einige Fragen und Themen, mit denen sich die 13. Wiesbadener Fototage besch\u00e4ftigen m\u00f6chten. So schwer es auch ist, in die Zukunft zu blicken, so sehr lohnt der Versuch. Die eingereichten Arbeiten sollen vermeintliche Gewissheiten in Frage stellen, Denkanst\u00f6\u00dfe bieten, Hoffnungen wecken und neue Horizonte er\u00f6ffnen.<\/p>\n<\/div>\n<div>\n<p>Und schlie\u00dflich: Mit dem finalen Ausrufezeichen im Titel des Themas wollen wir zum Ausdruck bringen, dass es auch eine Zukunft geben kann, die alles andere als d\u00fcster oder dystopisch ist: Zukunft? Welche Zukunft?!<\/p>\n<\/div>\n<\/div>\n<\/div><\/section><\/div>\n\n<style type=\"text\/css\" data-created_by=\"avia_inline_auto\" id=\"style-css-av-6ksje-8899e7f1a7e7ed20be268b5ec6c0ae57\">\n.flex_column.av-6ksje-8899e7f1a7e7ed20be268b5ec6c0ae57{\nborder-radius:0px 0px 0px 0px;\npadding:0px 0px 0px 0px;\n}\n<\/style>\n<div class=\"flex_column av-6ksje-8899e7f1a7e7ed20be268b5ec6c0ae57 av_one_fifth  avia-builder-el-8  el_after_av_three_fifth  avia-builder-el-last  flex_column_div av-zero-column-padding  column-top-margin\"><\/div>\n<\/div><\/div><\/div><\/div><\/div>","protected":false},"excerpt":{"rendered":"","protected":false},"author":1,"featured_media":0,"parent":15823,"menu_order":0,"comment_status":"closed","ping_status":"closed","template":"","meta":{"wp_typography_post_enhancements_disabled":false,"footnotes":""},"class_list":["post-15829","page","type-page","status-publish","hentry"],"yoast_head":"<!-- This site is optimized with the Yoast SEO plugin v27.5 - https:\/\/yoast.com\/product\/yoast-seo-wordpress\/ -->\n<title>JAHRESTHEMA 2025 - Wiesbadener Fototage<\/title>\n<meta name=\"description\" content=\"Die Wiesbadener Fototage stehen jeweils unter einem bestimmten Thema, das die inhaltliche Klammer f\u00fcr die Ausstellungen und das Festivalprogramm bildet. F\u00fcr die 12. Ausgabe der Fototage im August 2022 lautet das Festivalthema\u00bbUNRUHIGE ZEITEN\u00ab.\" \/>\n<meta name=\"robots\" content=\"index, follow, max-snippet:-1, max-image-preview:large, max-video-preview:-1\" \/>\n<link rel=\"canonical\" href=\"https:\/\/wiesbadener-fototage.de\/de_de\/fototage-2022-2\/jahresthema\/\" \/>\n<meta property=\"og:locale\" content=\"de_DE\" \/>\n<meta property=\"og:type\" content=\"article\" \/>\n<meta property=\"og:title\" content=\"JAHRESTHEMA 2025 - Wiesbadener Fototage\" \/>\n<meta property=\"og:description\" content=\"Die Wiesbadener Fototage stehen jeweils unter einem bestimmten Thema, das die inhaltliche Klammer f\u00fcr die Ausstellungen und das Festivalprogramm bildet. F\u00fcr die 12. Ausgabe der Fototage im August 2022 lautet das Festivalthema\u00bbUNRUHIGE ZEITEN\u00ab.\" \/>\n<meta property=\"og:url\" content=\"https:\/\/wiesbadener-fototage.de\/de_de\/fototage-2022-2\/jahresthema\/\" \/>\n<meta property=\"og:site_name\" content=\"Wiesbadener Fototage\" \/>\n<meta property=\"article:publisher\" content=\"https:\/\/www.facebook.com\/fototagewiesbaden\" \/>\n<meta name=\"twitter:card\" content=\"summary_large_image\" \/>\n<meta name=\"twitter:label1\" content=\"Gesch\u00e4tzte Lesezeit\" \/>\n\t<meta name=\"twitter:data1\" content=\"2\u00a0Minuten\" \/>\n<script type=\"application\/ld+json\" class=\"yoast-schema-graph\">{\"@context\":\"https:\\\/\\\/schema.org\",\"@graph\":[{\"@type\":\"WebPage\",\"@id\":\"https:\\\/\\\/wiesbadener-fototage.de\\\/fototage-2022-2\\\/jahresthema\\\/\",\"url\":\"https:\\\/\\\/wiesbadener-fototage.de\\\/fototage-2022-2\\\/jahresthema\\\/\",\"name\":\"JAHRESTHEMA 2025 - Wiesbadener Fototage\",\"isPartOf\":{\"@id\":\"https:\\\/\\\/wiesbadener-fototage.de\\\/#website\"},\"datePublished\":\"2026-01-03T07:31:15+00:00\",\"description\":\"Die Wiesbadener Fototage stehen jeweils unter einem bestimmten Thema, das die inhaltliche Klammer f\u00fcr die Ausstellungen und das Festivalprogramm bildet. F\u00fcr die 12. Ausgabe der Fototage im August 2022 lautet das Festivalthema\u00bbUNRUHIGE ZEITEN\u00ab.\",\"breadcrumb\":{\"@id\":\"https:\\\/\\\/wiesbadener-fototage.de\\\/fototage-2022-2\\\/jahresthema\\\/#breadcrumb\"},\"inLanguage\":\"de\",\"potentialAction\":[{\"@type\":\"ReadAction\",\"target\":[\"https:\\\/\\\/wiesbadener-fototage.de\\\/fototage-2022-2\\\/jahresthema\\\/\"]}]},{\"@type\":\"BreadcrumbList\",\"@id\":\"https:\\\/\\\/wiesbadener-fototage.de\\\/fototage-2022-2\\\/jahresthema\\\/#breadcrumb\",\"itemListElement\":[{\"@type\":\"ListItem\",\"position\":1,\"name\":\"Startseite\",\"item\":\"https:\\\/\\\/wiesbadener-fototage.de\\\/start\\\/\"},{\"@type\":\"ListItem\",\"position\":2,\"name\":\"FOTOTAGE 2025\",\"item\":\"https:\\\/\\\/wiesbadener-fototage.de\\\/fototage-2022-2\\\/\"},{\"@type\":\"ListItem\",\"position\":3,\"name\":\"JAHRESTHEMA 2025\"}]},{\"@type\":\"WebSite\",\"@id\":\"https:\\\/\\\/wiesbadener-fototage.de\\\/#website\",\"url\":\"https:\\\/\\\/wiesbadener-fototage.de\\\/\",\"name\":\"Wiesbadener Fototage\",\"description\":\"Die Wiesbadener Fototage sind ein internationales Festival f\u00fcr aktuelle Fotokunst und Dokumentarfotografie, das alle drei Jahre in Kollaboration mit Galerien und Ausstellungsh\u00e4usern stattfindet.\",\"publisher\":{\"@id\":\"https:\\\/\\\/wiesbadener-fototage.de\\\/#organization\"},\"potentialAction\":[{\"@type\":\"SearchAction\",\"target\":{\"@type\":\"EntryPoint\",\"urlTemplate\":\"https:\\\/\\\/wiesbadener-fototage.de\\\/?s={search_term_string}\"},\"query-input\":{\"@type\":\"PropertyValueSpecification\",\"valueRequired\":true,\"valueName\":\"search_term_string\"}}],\"inLanguage\":\"de\"},{\"@type\":\"Organization\",\"@id\":\"https:\\\/\\\/wiesbadener-fototage.de\\\/#organization\",\"name\":\"Wiesbadener Fototage gUG\",\"url\":\"https:\\\/\\\/wiesbadener-fototage.de\\\/\",\"logo\":{\"@type\":\"ImageObject\",\"inLanguage\":\"de\",\"@id\":\"https:\\\/\\\/wiesbadener-fototage.de\\\/#\\\/schema\\\/logo\\\/image\\\/\",\"url\":\"https:\\\/\\\/wifo2022.de\\\/wp-content\\\/uploads\\\/2021\\\/10\\\/210711_WIFT_S_RGB.png\",\"contentUrl\":\"https:\\\/\\\/wifo2022.de\\\/wp-content\\\/uploads\\\/2021\\\/10\\\/210711_WIFT_S_RGB.png\",\"width\":3190,\"height\":533,\"caption\":\"Wiesbadener Fototage gUG\"},\"image\":{\"@id\":\"https:\\\/\\\/wiesbadener-fototage.de\\\/#\\\/schema\\\/logo\\\/image\\\/\"},\"sameAs\":[\"https:\\\/\\\/www.facebook.com\\\/fototagewiesbaden\",\"https:\\\/\\\/www.instagram.com\\\/wiesbadenerfototage\"]}]}<\/script>\n<!-- \/ Yoast SEO plugin. -->","yoast_head_json":{"title":"JAHRESTHEMA 2025 - Wiesbadener Fototage","description":"Die Wiesbadener Fototage stehen jeweils unter einem bestimmten Thema, das die inhaltliche Klammer f\u00fcr die Ausstellungen und das Festivalprogramm bildet. F\u00fcr die 12. Ausgabe der Fototage im August 2022 lautet das Festivalthema\u00bbUNRUHIGE ZEITEN\u00ab.","robots":{"index":"index","follow":"follow","max-snippet":"max-snippet:-1","max-image-preview":"max-image-preview:large","max-video-preview":"max-video-preview:-1"},"canonical":"https:\/\/wiesbadener-fototage.de\/de_de\/fototage-2022-2\/jahresthema\/","og_locale":"de_DE","og_type":"article","og_title":"JAHRESTHEMA 2025 - Wiesbadener Fototage","og_description":"Die Wiesbadener Fototage stehen jeweils unter einem bestimmten Thema, das die inhaltliche Klammer f\u00fcr die Ausstellungen und das Festivalprogramm bildet. F\u00fcr die 12. Ausgabe der Fototage im August 2022 lautet das Festivalthema\u00bbUNRUHIGE ZEITEN\u00ab.","og_url":"https:\/\/wiesbadener-fototage.de\/de_de\/fototage-2022-2\/jahresthema\/","og_site_name":"Wiesbadener Fototage","article_publisher":"https:\/\/www.facebook.com\/fototagewiesbaden","twitter_card":"summary_large_image","twitter_misc":{"Gesch\u00e4tzte Lesezeit":"2\u00a0Minuten"},"schema":{"@context":"https:\/\/schema.org","@graph":[{"@type":"WebPage","@id":"https:\/\/wiesbadener-fototage.de\/fototage-2022-2\/jahresthema\/","url":"https:\/\/wiesbadener-fototage.de\/fototage-2022-2\/jahresthema\/","name":"JAHRESTHEMA 2025 - Wiesbadener Fototage","isPartOf":{"@id":"https:\/\/wiesbadener-fototage.de\/#website"},"datePublished":"2026-01-03T07:31:15+00:00","description":"Die Wiesbadener Fototage stehen jeweils unter einem bestimmten Thema, das die inhaltliche Klammer f\u00fcr die Ausstellungen und das Festivalprogramm bildet. F\u00fcr die 12. Ausgabe der Fototage im August 2022 lautet das Festivalthema\u00bbUNRUHIGE ZEITEN\u00ab.","breadcrumb":{"@id":"https:\/\/wiesbadener-fototage.de\/fototage-2022-2\/jahresthema\/#breadcrumb"},"inLanguage":"de","potentialAction":[{"@type":"ReadAction","target":["https:\/\/wiesbadener-fototage.de\/fototage-2022-2\/jahresthema\/"]}]},{"@type":"BreadcrumbList","@id":"https:\/\/wiesbadener-fototage.de\/fototage-2022-2\/jahresthema\/#breadcrumb","itemListElement":[{"@type":"ListItem","position":1,"name":"Startseite","item":"https:\/\/wiesbadener-fototage.de\/start\/"},{"@type":"ListItem","position":2,"name":"FOTOTAGE 2025","item":"https:\/\/wiesbadener-fototage.de\/fototage-2022-2\/"},{"@type":"ListItem","position":3,"name":"JAHRESTHEMA 2025"}]},{"@type":"WebSite","@id":"https:\/\/wiesbadener-fototage.de\/#website","url":"https:\/\/wiesbadener-fototage.de\/","name":"Wiesbadener Fototage","description":"Die Wiesbadener Fototage sind ein internationales Festival f\u00fcr aktuelle Fotokunst und Dokumentarfotografie, das alle drei Jahre in Kollaboration mit Galerien und Ausstellungsh\u00e4usern stattfindet.","publisher":{"@id":"https:\/\/wiesbadener-fototage.de\/#organization"},"potentialAction":[{"@type":"SearchAction","target":{"@type":"EntryPoint","urlTemplate":"https:\/\/wiesbadener-fototage.de\/?s={search_term_string}"},"query-input":{"@type":"PropertyValueSpecification","valueRequired":true,"valueName":"search_term_string"}}],"inLanguage":"de"},{"@type":"Organization","@id":"https:\/\/wiesbadener-fototage.de\/#organization","name":"Wiesbadener Fototage gUG","url":"https:\/\/wiesbadener-fototage.de\/","logo":{"@type":"ImageObject","inLanguage":"de","@id":"https:\/\/wiesbadener-fototage.de\/#\/schema\/logo\/image\/","url":"https:\/\/wifo2022.de\/wp-content\/uploads\/2021\/10\/210711_WIFT_S_RGB.png","contentUrl":"https:\/\/wifo2022.de\/wp-content\/uploads\/2021\/10\/210711_WIFT_S_RGB.png","width":3190,"height":533,"caption":"Wiesbadener Fototage gUG"},"image":{"@id":"https:\/\/wiesbadener-fototage.de\/#\/schema\/logo\/image\/"},"sameAs":["https:\/\/www.facebook.com\/fototagewiesbaden","https:\/\/www.instagram.com\/wiesbadenerfototage"]}]}},"_links":{"self":[{"href":"https:\/\/wiesbadener-fototage.de\/de_de\/wp-json\/wp\/v2\/pages\/15829","targetHints":{"allow":["GET"]}}],"collection":[{"href":"https:\/\/wiesbadener-fototage.de\/de_de\/wp-json\/wp\/v2\/pages"}],"about":[{"href":"https:\/\/wiesbadener-fototage.de\/de_de\/wp-json\/wp\/v2\/types\/page"}],"author":[{"embeddable":true,"href":"https:\/\/wiesbadener-fototage.de\/de_de\/wp-json\/wp\/v2\/users\/1"}],"replies":[{"embeddable":true,"href":"https:\/\/wiesbadener-fototage.de\/de_de\/wp-json\/wp\/v2\/comments?post=15829"}],"version-history":[{"count":4,"href":"https:\/\/wiesbadener-fototage.de\/de_de\/wp-json\/wp\/v2\/pages\/15829\/revisions"}],"predecessor-version":[{"id":15925,"href":"https:\/\/wiesbadener-fototage.de\/de_de\/wp-json\/wp\/v2\/pages\/15829\/revisions\/15925"}],"up":[{"embeddable":true,"href":"https:\/\/wiesbadener-fototage.de\/de_de\/wp-json\/wp\/v2\/pages\/15823"}],"wp:attachment":[{"href":"https:\/\/wiesbadener-fototage.de\/de_de\/wp-json\/wp\/v2\/media?parent=15829"}],"curies":[{"name":"wp","href":"https:\/\/api.w.org\/{rel}","templated":true}]}}