{"id":4513,"date":"2022-07-17T12:49:45","date_gmt":"2022-07-17T12:49:45","guid":{"rendered":"https:\/\/wifo2022.de\/?page_id=4513"},"modified":"2025-12-30T06:40:59","modified_gmt":"2025-12-30T06:40:59","slug":"neues-rathaus-wiesbaden","status":"publish","type":"page","link":"https:\/\/wiesbadener-fototage.de\/de_de\/neues-rathaus-wiesbaden\/","title":{"rendered":"FOYER IM RATHAUS WIESBADEN"},"content":{"rendered":"\n<style type=\"text\/css\" data-created_by=\"avia_inline_auto\" id=\"style-css-av-l8u6see1-4b027497cd8238a0b3cd05464940ef0e\">\n#top .av-special-heading.av-l8u6see1-4b027497cd8238a0b3cd05464940ef0e{\npadding-bottom:10px;\n}\nbody .av-special-heading.av-l8u6see1-4b027497cd8238a0b3cd05464940ef0e .av-special-heading-tag .heading-char{\nfont-size:25px;\n}\n.av-special-heading.av-l8u6see1-4b027497cd8238a0b3cd05464940ef0e .av-subheading{\nfont-size:15px;\n}\n<\/style>\n<div class=\"av-special-heading av-l8u6see1-4b027497cd8238a0b3cd05464940ef0e av-special-heading-h1 blockquote modern-quote modern-centered  avia-builder-el-0  el_before_av_hr  avia-builder-el-first \"><h1 class=\"av-special-heading-tag \" itemprop=\"headline\">FOYER IM RATHAUS WIESBADEN<\/h1><div class=\"av-subheading av-subheading_below\"><p>11. bis 25. August 2022<\/p>\n<\/div><div class=\"special-heading-border\"><div class=\"special-heading-inner-border\"><\/div><\/div><\/div>\n<div class=\"hr av-l3076g1s-4b91117fd224d8e386288e614b0cb67f hr-default  avia-builder-el-1  el_after_av_heading  el_before_av_one_fifth \"><span class=\"hr-inner \"><span class=\"hr-inner-style\"><\/span><\/span><\/div>\n\n<style type=\"text\/css\" data-created_by=\"avia_inline_auto\" id=\"style-css-av-ueg6o-8156a7b123d9619f92812b3ac7890a64\">\n.flex_column.av-ueg6o-8156a7b123d9619f92812b3ac7890a64{\nborder-radius:0px 0px 0px 0px;\npadding:0px 0px 0px 0px;\n}\n<\/style>\n<div class=\"flex_column av-ueg6o-8156a7b123d9619f92812b3ac7890a64 av_one_fifth  avia-builder-el-2  el_after_av_hr  el_before_av_three_fifth  first flex_column_div av-zero-column-padding  \"><\/div>\n\n<style type=\"text\/css\" data-created_by=\"avia_inline_auto\" id=\"style-css-av-82z8io-265ada1b55f92b427d7892e2a7885fb0\">\n.flex_column.av-82z8io-265ada1b55f92b427d7892e2a7885fb0{\nborder-radius:0px 0px 0px 0px;\npadding:0px 0px 0px 0px;\n}\n<\/style>\n<div class=\"flex_column av-82z8io-265ada1b55f92b427d7892e2a7885fb0 av_three_fifth  avia-builder-el-3  el_after_av_one_fifth  el_before_av_one_fifth  flex_column_div av-zero-column-padding  \"><div class=\"avia-slideshow av-l30712r3-805dd5f6b31c37be3afaf7d367c6065e avia-slideshow-no scaling av_slideshow avia-slide-slider  avia-builder-el-4  avia-builder-el-no-sibling  av-slideshow-ui av-control-default av-slideshow-manual av-loop-once av-loop-manual-endless av-default-height-applied avia-slideshow-1\" data-slideshow-options=\"{&quot;animation&quot;:&quot;slide&quot;,&quot;autoplay&quot;:false,&quot;loop_autoplay&quot;:&quot;once&quot;,&quot;interval&quot;:5,&quot;loop_manual&quot;:&quot;manual-endless&quot;,&quot;autoplay_stopper&quot;:false,&quot;noNavigation&quot;:false,&quot;bg_slider&quot;:false,&quot;keep_padding&quot;:false,&quot;hoverpause&quot;:false,&quot;show_slide_delay&quot;:0}\" itemprop=\"image\" itemscope=\"itemscope\" itemtype=\"https:\/\/schema.org\/ImageObject\"><ul class=\"avia-slideshow-inner \" style=\"padding-bottom: 75%;\"><li class=\"avia-slideshow-slide av-l30712r3-805dd5f6b31c37be3afaf7d367c6065e__0  av-single-slide slide-1 slide-odd\"><div data-rel=\"slideshow-1\" class=\"avia-slide-wrap \"><img decoding=\"async\" fetchpriority=\"high\" class=\"wp-image-4920 avia-img-lazy-loading-not-4920\" src=\"https:\/\/wiesbadener-fototage.de\/wp-content\/uploads\/2022\/08\/IMG_4148.jpg\" width=\"800\" height=\"600\" title alt itemprop=\"thumbnailUrl\" srcset=\"https:\/\/wiesbadener-fototage.de\/wp-content\/uploads\/2022\/08\/IMG_4148.jpg 800w, https:\/\/wiesbadener-fototage.de\/wp-content\/uploads\/2022\/08\/IMG_4148-300x225.jpg 300w, https:\/\/wiesbadener-fototage.de\/wp-content\/uploads\/2022\/08\/IMG_4148-768x576.jpg 768w, https:\/\/wiesbadener-fototage.de\/wp-content\/uploads\/2022\/08\/IMG_4148-16x12.jpg 16w, https:\/\/wiesbadener-fototage.de\/wp-content\/uploads\/2022\/08\/IMG_4148-705x529.jpg 705w, https:\/\/wiesbadener-fototage.de\/wp-content\/uploads\/2022\/08\/IMG_4148-450x338.jpg 450w\" sizes=\"(max-width: 800px) 100vw, 800px\"><\/div><\/li><\/ul><\/div><\/div>\n\n<style type=\"text\/css\" data-created_by=\"avia_inline_auto\" id=\"style-css-av-9k2ao-49fd7017a481eae1f225143a5ca17c37\">\n.flex_column.av-9k2ao-49fd7017a481eae1f225143a5ca17c37{\nborder-radius:0px 0px 0px 0px;\npadding:0px 0px 0px 0px;\n}\n<\/style>\n<div class=\"flex_column av-9k2ao-49fd7017a481eae1f225143a5ca17c37 av_one_fifth  avia-builder-el-5  el_after_av_three_fifth  el_before_av_one_fifth  flex_column_div av-zero-column-padding  \"><\/div>\n\n<style type=\"text\/css\" data-created_by=\"avia_inline_auto\" id=\"style-css-av-5s9p5s-3329fd9643c5d49a085c1e7874855bea\">\n.flex_column.av-5s9p5s-3329fd9643c5d49a085c1e7874855bea{\nborder-radius:0px 0px 0px 0px;\npadding:0px 0px 0px 0px;\n}\n<\/style>\n<div class=\"flex_column av-5s9p5s-3329fd9643c5d49a085c1e7874855bea av_one_fifth  avia-builder-el-6  el_after_av_one_fifth  el_before_av_one_fifth  first flex_column_div av-zero-column-padding  column-top-margin\"><\/div>\n\n<style type=\"text\/css\" data-created_by=\"avia_inline_auto\" id=\"style-css-av-2fvun4-0bf8dcbfd9c91e883aa25a802f245376\">\n.flex_column.av-2fvun4-0bf8dcbfd9c91e883aa25a802f245376{\nborder-radius:0px 0px 0px 0px;\npadding:0px 0px 0px 0px;\n}\n<\/style>\n<div class=\"flex_column av-2fvun4-0bf8dcbfd9c91e883aa25a802f245376 av_one_fifth  avia-builder-el-7  el_after_av_one_fifth  el_before_av_two_fifth  flex_column_div av-zero-column-padding  column-top-margin\"><style type=\"text\/css\" data-created_by=\"avia_inline_auto\" id=\"style-css-av-l3vryhiv-15f290c318cf88d143cbc27d5b7a592c\">\n#top .av_textblock_section.av-l3vryhiv-15f290c318cf88d143cbc27d5b7a592c .avia_textblock{\ncolor:#000000;\n}\n<\/style>\n<section class=\"av_textblock_section av-l3vryhiv-15f290c318cf88d143cbc27d5b7a592c \" itemscope=\"itemscope\" itemtype=\"https:\/\/schema.org\/CreativeWork\"><div class=\"avia_textblock av_inherit_color\" itemprop=\"text\"><p><strong>ADRESSE<\/strong><br>\nSchlossplatz 6<br>\n65185 Wiesbaden<\/p>\n<p><a href=\"https:\/\/www.google.com\/maps\/dir\/53.23934,8.95706\/Neues+Rathaus,+Schlo%C3%9Fplatz,+Wiesbaden\/@51.5914266,5.6312861,7z\/data=!3m1!4b1!4m9!4m8!1m1!4e1!1m5!1m1!1s0x47bdbdd94eb3b6c7:0x49a2c625a73b73ee!2m2!1d8.242124!2d50.0818652\">Routenplaner<\/a><\/p>\n<p><strong>ER\u00d6FFNUNG<\/strong><br>\nDo, 11.08.2022, 18.30&nbsp;Uhr<\/p>\n<p><strong>DAUER DER AUSSTELLUNG<\/strong><br>\nbis 27.08.2022<\/p>\n<p><strong>\u00d6FFNUNGSZEITEN<\/strong><br>\nMo bis Fr 7\u201318.30 Uhr<br>\nSa 9\u201315&nbsp;Uhr<\/p>\n<p><strong>EINTRITT<br>\n<\/strong>Der Eintritt ist&nbsp;frei!<\/p>\n<\/div><\/section><\/div>\n\n<style type=\"text\/css\" data-created_by=\"avia_inline_auto\" id=\"style-css-av-4tm9r4-20913c03cee7850a2feffd4c11de9045\">\n.flex_column.av-4tm9r4-20913c03cee7850a2feffd4c11de9045{\nborder-radius:0px 0px 0px 0px;\npadding:0px 0px 0px 0px;\n}\n<\/style>\n<div class=\"flex_column av-4tm9r4-20913c03cee7850a2feffd4c11de9045 av_two_fifth  avia-builder-el-9  el_after_av_one_fifth  avia-builder-el-last  flex_column_div av-zero-column-padding  column-top-margin\"><style type=\"text\/css\" data-created_by=\"avia_inline_auto\" id=\"style-css-av-l306uo3q-6c6ada044444762a31c268cce36cf006\">\n#top .av_textblock_section.av-l306uo3q-6c6ada044444762a31c268cce36cf006 .avia_textblock{\ncolor:#000000;\n}\n<\/style>\n<section class=\"av_textblock_section av-l306uo3q-6c6ada044444762a31c268cce36cf006 \" itemscope=\"itemscope\" itemtype=\"https:\/\/schema.org\/CreativeWork\"><div class=\"avia_textblock av_inherit_color\" itemprop=\"text\"><p class=\"p1\"><strong><span class=\"s1\">YOUNG AND DIFFERENT \u2013 JUNGE FOTOGRAFIE IN WIESBADEN<\/span><\/strong><\/p>\n<p class=\"p1\"><span class=\"s1\">\u00bbWie k\u00f6nnen pers\u00f6nliche Assoziationen zum Thema Unruhe fotografisch in Szene gesetzt werden?\u00ab war eine Frage, die sich acht junge Erwachsene zwischen 16 und 22 Jahren aus Wiesbaden gestellt haben. Dieser \u00bbRealit\u00e4tscheck\u00ab der eigenen Idee war Ansporn, sich an der Sonderausstellung zu beteiligen. Ein weitere Motivation war das eigenst\u00e4ndige, vor allem aber auch freiwillige Arbeiten vom Konzept bis zur Umsetzung, ohne (schulischen) Konkurrenzdruck als Ausstellungsgemeinschaft, mit viel Spa\u00df sowie konkreter Unterst\u00fctzung und Hilfestellung bei Bedarf.<span class=\"Apple-converted-space\">&nbsp; <\/span>Michaela H\u00f6llriegel aus dem Team der Wiesbadener Fototage und zugleich Initiatorin der Projektidee, der Wiesbadener Fotograf Paul M\u00fcller und das ATELIER R\u00f6merberg haben das Projekt als Fotografie-Mentoren unterst\u00fctzt.<\/span><\/p>\n<p class=\"p1\"><span class=\"s2\"><b>Beteiligte: <\/b><\/span><span class=\"s1\">Luke Grimmer, Cora Koch, Pauline Kr\u00e4mer, Esther Malik, Milena Sadykov, S\u00f6ren Schepp, Rickie-Tom Sch\u00fcnemann und Rosalie Schneiberg.<\/span><\/p>\n<p><a href=\"http:\/\/www.wifo2022.de\/festival\/ausstellungen\">Zur\u00fcck zur \u00dcbersicht<\/a><\/p>\n<\/div><\/section><\/div>\n","protected":false},"excerpt":{"rendered":"","protected":false},"author":1,"featured_media":0,"parent":0,"menu_order":0,"comment_status":"closed","ping_status":"closed","template":"","meta":{"wp_typography_post_enhancements_disabled":false,"footnotes":""},"class_list":["post-4513","page","type-page","status-publish","hentry"],"yoast_head":"<!-- This site is optimized with the Yoast SEO plugin v27.5 - https:\/\/yoast.com\/product\/yoast-seo-wordpress\/ -->\n<title>FOYER IM RATHAUS WIESBADEN - Wiesbadener Fototage<\/title>\n<meta name=\"robots\" content=\"index, follow, max-snippet:-1, max-image-preview:large, max-video-preview:-1\" \/>\n<link rel=\"canonical\" href=\"https:\/\/wiesbadener-fototage.de\/de_de\/neues-rathaus-wiesbaden\/\" \/>\n<meta property=\"og:locale\" content=\"de_DE\" \/>\n<meta property=\"og:type\" content=\"article\" \/>\n<meta property=\"og:title\" content=\"FOYER IM RATHAUS WIESBADEN - Wiesbadener Fototage\" \/>\n<meta property=\"og:url\" content=\"https:\/\/wiesbadener-fototage.de\/de_de\/neues-rathaus-wiesbaden\/\" \/>\n<meta property=\"og:site_name\" content=\"Wiesbadener Fototage\" \/>\n<meta property=\"article:publisher\" content=\"https:\/\/www.facebook.com\/fototagewiesbaden\" \/>\n<meta property=\"article:modified_time\" content=\"2025-12-30T06:40:59+00:00\" \/>\n<meta name=\"twitter:card\" content=\"summary_large_image\" \/>\n<meta name=\"twitter:label1\" content=\"Gesch\u00e4tzte Lesezeit\" \/>\n\t<meta name=\"twitter:data1\" content=\"2\u00a0Minuten\" \/>\n<script type=\"application\/ld+json\" class=\"yoast-schema-graph\">{\"@context\":\"https:\\\/\\\/schema.org\",\"@graph\":[{\"@type\":\"WebPage\",\"@id\":\"https:\\\/\\\/wiesbadener-fototage.de\\\/neues-rathaus-wiesbaden\\\/\",\"url\":\"https:\\\/\\\/wiesbadener-fototage.de\\\/neues-rathaus-wiesbaden\\\/\",\"name\":\"FOYER IM RATHAUS WIESBADEN - Wiesbadener Fototage\",\"isPartOf\":{\"@id\":\"https:\\\/\\\/wiesbadener-fototage.de\\\/#website\"},\"datePublished\":\"2022-07-17T12:49:45+00:00\",\"dateModified\":\"2025-12-30T06:40:59+00:00\",\"breadcrumb\":{\"@id\":\"https:\\\/\\\/wiesbadener-fototage.de\\\/neues-rathaus-wiesbaden\\\/#breadcrumb\"},\"inLanguage\":\"de\",\"potentialAction\":[{\"@type\":\"ReadAction\",\"target\":[\"https:\\\/\\\/wiesbadener-fototage.de\\\/neues-rathaus-wiesbaden\\\/\"]}]},{\"@type\":\"BreadcrumbList\",\"@id\":\"https:\\\/\\\/wiesbadener-fototage.de\\\/neues-rathaus-wiesbaden\\\/#breadcrumb\",\"itemListElement\":[{\"@type\":\"ListItem\",\"position\":1,\"name\":\"Startseite\",\"item\":\"https:\\\/\\\/wiesbadener-fototage.de\\\/start\\\/\"},{\"@type\":\"ListItem\",\"position\":2,\"name\":\"FOYER IM RATHAUS WIESBADEN\"}]},{\"@type\":\"WebSite\",\"@id\":\"https:\\\/\\\/wiesbadener-fototage.de\\\/#website\",\"url\":\"https:\\\/\\\/wiesbadener-fototage.de\\\/\",\"name\":\"Wiesbadener Fototage\",\"description\":\"Die Wiesbadener Fototage sind ein internationales Festival f\u00fcr aktuelle Fotokunst und Dokumentarfotografie, das alle drei Jahre in Kollaboration mit Galerien und Ausstellungsh\u00e4usern stattfindet.\",\"publisher\":{\"@id\":\"https:\\\/\\\/wiesbadener-fototage.de\\\/#organization\"},\"potentialAction\":[{\"@type\":\"SearchAction\",\"target\":{\"@type\":\"EntryPoint\",\"urlTemplate\":\"https:\\\/\\\/wiesbadener-fototage.de\\\/?s={search_term_string}\"},\"query-input\":{\"@type\":\"PropertyValueSpecification\",\"valueRequired\":true,\"valueName\":\"search_term_string\"}}],\"inLanguage\":\"de\"},{\"@type\":\"Organization\",\"@id\":\"https:\\\/\\\/wiesbadener-fototage.de\\\/#organization\",\"name\":\"Wiesbadener Fototage gUG\",\"url\":\"https:\\\/\\\/wiesbadener-fototage.de\\\/\",\"logo\":{\"@type\":\"ImageObject\",\"inLanguage\":\"de\",\"@id\":\"https:\\\/\\\/wiesbadener-fototage.de\\\/#\\\/schema\\\/logo\\\/image\\\/\",\"url\":\"https:\\\/\\\/wifo2022.de\\\/wp-content\\\/uploads\\\/2021\\\/10\\\/210711_WIFT_S_RGB.png\",\"contentUrl\":\"https:\\\/\\\/wifo2022.de\\\/wp-content\\\/uploads\\\/2021\\\/10\\\/210711_WIFT_S_RGB.png\",\"width\":3190,\"height\":533,\"caption\":\"Wiesbadener Fototage gUG\"},\"image\":{\"@id\":\"https:\\\/\\\/wiesbadener-fototage.de\\\/#\\\/schema\\\/logo\\\/image\\\/\"},\"sameAs\":[\"https:\\\/\\\/www.facebook.com\\\/fototagewiesbaden\",\"https:\\\/\\\/www.instagram.com\\\/wiesbadenerfototage\"]}]}<\/script>\n<!-- \/ Yoast SEO plugin. -->","yoast_head_json":{"title":"FOYER IM RATHAUS WIESBADEN - Wiesbadener Fototage","robots":{"index":"index","follow":"follow","max-snippet":"max-snippet:-1","max-image-preview":"max-image-preview:large","max-video-preview":"max-video-preview:-1"},"canonical":"https:\/\/wiesbadener-fototage.de\/de_de\/neues-rathaus-wiesbaden\/","og_locale":"de_DE","og_type":"article","og_title":"FOYER IM RATHAUS WIESBADEN - Wiesbadener Fototage","og_url":"https:\/\/wiesbadener-fototage.de\/de_de\/neues-rathaus-wiesbaden\/","og_site_name":"Wiesbadener Fototage","article_publisher":"https:\/\/www.facebook.com\/fototagewiesbaden","article_modified_time":"2025-12-30T06:40:59+00:00","twitter_card":"summary_large_image","twitter_misc":{"Gesch\u00e4tzte Lesezeit":"2\u00a0Minuten"},"schema":{"@context":"https:\/\/schema.org","@graph":[{"@type":"WebPage","@id":"https:\/\/wiesbadener-fototage.de\/neues-rathaus-wiesbaden\/","url":"https:\/\/wiesbadener-fototage.de\/neues-rathaus-wiesbaden\/","name":"FOYER IM RATHAUS WIESBADEN - Wiesbadener Fototage","isPartOf":{"@id":"https:\/\/wiesbadener-fototage.de\/#website"},"datePublished":"2022-07-17T12:49:45+00:00","dateModified":"2025-12-30T06:40:59+00:00","breadcrumb":{"@id":"https:\/\/wiesbadener-fototage.de\/neues-rathaus-wiesbaden\/#breadcrumb"},"inLanguage":"de","potentialAction":[{"@type":"ReadAction","target":["https:\/\/wiesbadener-fototage.de\/neues-rathaus-wiesbaden\/"]}]},{"@type":"BreadcrumbList","@id":"https:\/\/wiesbadener-fototage.de\/neues-rathaus-wiesbaden\/#breadcrumb","itemListElement":[{"@type":"ListItem","position":1,"name":"Startseite","item":"https:\/\/wiesbadener-fototage.de\/start\/"},{"@type":"ListItem","position":2,"name":"FOYER IM RATHAUS WIESBADEN"}]},{"@type":"WebSite","@id":"https:\/\/wiesbadener-fototage.de\/#website","url":"https:\/\/wiesbadener-fototage.de\/","name":"Wiesbadener Fototage","description":"Die Wiesbadener Fototage sind ein internationales Festival f\u00fcr aktuelle Fotokunst und Dokumentarfotografie, das alle drei Jahre in Kollaboration mit Galerien und Ausstellungsh\u00e4usern stattfindet.","publisher":{"@id":"https:\/\/wiesbadener-fototage.de\/#organization"},"potentialAction":[{"@type":"SearchAction","target":{"@type":"EntryPoint","urlTemplate":"https:\/\/wiesbadener-fototage.de\/?s={search_term_string}"},"query-input":{"@type":"PropertyValueSpecification","valueRequired":true,"valueName":"search_term_string"}}],"inLanguage":"de"},{"@type":"Organization","@id":"https:\/\/wiesbadener-fototage.de\/#organization","name":"Wiesbadener Fototage gUG","url":"https:\/\/wiesbadener-fototage.de\/","logo":{"@type":"ImageObject","inLanguage":"de","@id":"https:\/\/wiesbadener-fototage.de\/#\/schema\/logo\/image\/","url":"https:\/\/wifo2022.de\/wp-content\/uploads\/2021\/10\/210711_WIFT_S_RGB.png","contentUrl":"https:\/\/wifo2022.de\/wp-content\/uploads\/2021\/10\/210711_WIFT_S_RGB.png","width":3190,"height":533,"caption":"Wiesbadener Fototage gUG"},"image":{"@id":"https:\/\/wiesbadener-fototage.de\/#\/schema\/logo\/image\/"},"sameAs":["https:\/\/www.facebook.com\/fototagewiesbaden","https:\/\/www.instagram.com\/wiesbadenerfototage"]}]}},"_links":{"self":[{"href":"https:\/\/wiesbadener-fototage.de\/de_de\/wp-json\/wp\/v2\/pages\/4513","targetHints":{"allow":["GET"]}}],"collection":[{"href":"https:\/\/wiesbadener-fototage.de\/de_de\/wp-json\/wp\/v2\/pages"}],"about":[{"href":"https:\/\/wiesbadener-fototage.de\/de_de\/wp-json\/wp\/v2\/types\/page"}],"author":[{"embeddable":true,"href":"https:\/\/wiesbadener-fototage.de\/de_de\/wp-json\/wp\/v2\/users\/1"}],"replies":[{"embeddable":true,"href":"https:\/\/wiesbadener-fototage.de\/de_de\/wp-json\/wp\/v2\/comments?post=4513"}],"version-history":[{"count":15,"href":"https:\/\/wiesbadener-fototage.de\/de_de\/wp-json\/wp\/v2\/pages\/4513\/revisions"}],"predecessor-version":[{"id":15838,"href":"https:\/\/wiesbadener-fototage.de\/de_de\/wp-json\/wp\/v2\/pages\/4513\/revisions\/15838"}],"wp:attachment":[{"href":"https:\/\/wiesbadener-fototage.de\/de_de\/wp-json\/wp\/v2\/media?parent=4513"}],"curies":[{"name":"wp","href":"https:\/\/api.w.org\/{rel}","templated":true}]}}