{"id":58,"date":"2021-10-10T20:39:32","date_gmt":"2021-10-10T20:39:32","guid":{"rendered":"http:\/\/wifo2022.de\/?page_id=58"},"modified":"2024-08-31T08:42:51","modified_gmt":"2024-08-31T08:42:51","slug":"konzept","status":"publish","type":"page","link":"https:\/\/wiesbadener-fototage.de\/de_de\/ueber-uns\/konzept\/","title":{"rendered":"KONZEPT"},"content":{"rendered":"<div id=\"full_slider_1\" class=\"avia-fullwidth-slider main_color avia-shadow   avia-builder-el-0  el_before_av_one_fifth  avia-builder-el-first   container_wrap fullsize\"><div class=\"avia-slideshow av-kulqjc79-20b0d5bc412fee1d9b52abdab03e5808 avia-slideshow-featured_large av_slideshow_full avia-slide-slider av-slideshow-ui av-control-default av-slideshow-manual av-loop-once av-loop-manual-endless av-default-height-applied   avia-slideshow-1\" data-slideshow-options=\"{&quot;animation&quot;:&quot;slide&quot;,&quot;autoplay&quot;:false,&quot;loop_autoplay&quot;:&quot;once&quot;,&quot;interval&quot;:5,&quot;loop_manual&quot;:&quot;manual-endless&quot;,&quot;autoplay_stopper&quot;:false,&quot;noNavigation&quot;:false,&quot;bg_slider&quot;:false,&quot;keep_padding&quot;:false,&quot;hoverpause&quot;:false,&quot;show_slide_delay&quot;:0}\" itemprop=\"image\" itemscope=\"itemscope\" itemtype=\"https:\/\/schema.org\/ImageObject\"><ul class=\"avia-slideshow-inner \" style=\"padding-bottom: 42%;\"><li class=\"avia-slideshow-slide av-kulqjc79-20b0d5bc412fee1d9b52abdab03e5808__0  av-single-slide slide-1 slide-odd\"><div data-rel=\"slideshow-1\" class=\"avia-slide-wrap \"><img decoding=\"async\" fetchpriority=\"high\" class=\"wp-image-4824 avia-img-lazy-loading-not-4824\" src=\"https:\/\/wiesbadener-fototage.de\/wp-content\/uploads\/2022\/08\/IMG_4081-3_FB-1500x630.jpg\" width=\"1500\" height=\"630\" title alt itemprop=\"thumbnailUrl\" srcset=\"https:\/\/wiesbadener-fototage.de\/wp-content\/uploads\/2022\/08\/IMG_4081-3_FB.jpg 1500w, https:\/\/wiesbadener-fototage.de\/wp-content\/uploads\/2022\/08\/IMG_4081-3_FB-300x126.jpg 300w, https:\/\/wiesbadener-fototage.de\/wp-content\/uploads\/2022\/08\/IMG_4081-3_FB-1030x433.jpg 1030w, https:\/\/wiesbadener-fototage.de\/wp-content\/uploads\/2022\/08\/IMG_4081-3_FB-768x323.jpg 768w, https:\/\/wiesbadener-fototage.de\/wp-content\/uploads\/2022\/08\/IMG_4081-3_FB-18x8.jpg 18w, https:\/\/wiesbadener-fototage.de\/wp-content\/uploads\/2022\/08\/IMG_4081-3_FB-705x296.jpg 705w, https:\/\/wiesbadener-fototage.de\/wp-content\/uploads\/2022\/08\/IMG_4081-3_FB-450x189.jpg 450w\" sizes=\"(max-width: 1500px) 100vw, 1500px\"><\/div><\/li><\/ul><\/div><\/div><div id=\"after_full_slider_1\" class=\"main_color av_default_container_wrap container_wrap fullsize\"><div class=\"container av-section-cont-open\"><div class=\"template-page content  av-content-full alpha units\"><div class=\"post-entry post-entry-type-page post-entry-58\"><div class=\"entry-content-wrapper clearfix\">\n\n<style type=\"text\/css\" data-created_by=\"avia_inline_auto\" id=\"style-css-av-av_one_fifth-1e26125d131ba13f1accaa8241be1528\">\n.flex_column.av-av_one_fifth-1e26125d131ba13f1accaa8241be1528{\nborder-radius:0px 0px 0px 0px;\npadding:0px 0px 0px 0px;\n}\n<\/style>\n<div class=\"flex_column av-av_one_fifth-1e26125d131ba13f1accaa8241be1528 av_one_fifth  avia-builder-el-1  el_after_av_slideshow_full  el_before_av_three_fifth  avia-builder-el-first  first flex_column_div av-zero-column-padding  \"><\/div>\n\n<style type=\"text\/css\" data-created_by=\"avia_inline_auto\" id=\"style-css-av-x38y-6d1e894364eb1fac8f36ad3a5fcfa43d\">\n.flex_column.av-x38y-6d1e894364eb1fac8f36ad3a5fcfa43d{\nborder-radius:0px 0px 0px 0px;\npadding:0px 0px 0px 0px;\n}\n<\/style>\n<div class=\"flex_column av-x38y-6d1e894364eb1fac8f36ad3a5fcfa43d av_three_fifth  avia-builder-el-2  el_after_av_one_fifth  el_before_av_one_fifth  flex_column_div av-zero-column-padding  \"><style type=\"text\/css\" data-created_by=\"avia_inline_auto\" id=\"style-css-av-kulp16wt-1cccd3ecab6a6fcbcf7c267b6ac4fa55\">\n#top .av_textblock_section.av-kulp16wt-1cccd3ecab6a6fcbcf7c267b6ac4fa55 .avia_textblock{\ncolor:#000000;\n}\n<\/style>\n<section class=\"av_textblock_section av-kulp16wt-1cccd3ecab6a6fcbcf7c267b6ac4fa55 \" itemscope=\"itemscope\" itemtype=\"https:\/\/schema.org\/CreativeWork\"><div class=\"avia_textblock av_inherit_color\" itemprop=\"text\"><h2><strong>KONZEPT<\/strong><\/h2>\n<p><strong>Die Wiesbadener Fototage verstehen sich seit ihrer Gr\u00fcndung im Jahr 2002 als Festival f\u00fcr aktuelle k\u00fcnstlerische und dokumentarische Fotografie mit internationaler Beteiligung. Inhaltlicher Rahmen f\u00fcr die Ausstellungen und das Festivalprogramm ist das jeweilige Jahresthema. Konzeptionell beruhen die Wiesbadener Fototage auf dem Dreiklang Ausstellungen, Begleitprogramm und F\u00f6rderpreise.&nbsp;<\/strong><\/p>\n<p style=\"text-align: left;\"><b><br>\nAUSSTELLUNGEN<br>\n<\/b>Mittelpunkt der Wiesbadener Fototage sind Ausstellungen in verschiedenen Kunst- und Kulturinstitutionen der Landeshauptstadt. In einer \u00f6ffentlichen Ausschreibung k\u00f6nnen sich Fotografinnen und Fotografen sowie K\u00fcnstlerinnen und K\u00fcnstler weltweit f\u00fcr eine Teilnahme an diesen Ausstellungen bewerben. Es gibt weder stilistische noch technische Einschr\u00e4nkungen. Gefordert sind hingegen in sich geschlossene Serien, die das jeweils aktuelle Festivalthema qualitativ hochwertig umsetzen und dabei eine eigenst\u00e4ndige fotografische Position erkennen lassen. Die eingereichten Arbeiten werden abschlie\u00dfend von einer mehrk\u00f6pfigen Jury gesichtet und beurteilt. Je nach den zur Verf\u00fcgung&nbsp; stehenden Ausstellungsfl\u00e4chen w\u00e4hlt diese Jury bis zu 50 Positionen aus, die im Festivalzeitraum pr\u00e4sentiert werden. Damit bietet der Ausstellungsparcours der Wiesbadener Fototage eine gro\u00dfe Bannbreite dessen, wie die Nominierten das jeweilige Thema umsetzen. Die Wiesbadener Fototage bietet vor allem dem fotografischen Nachwuchs und aufstrebenden Talenten die M\u00f6glichkeit, ihre Arbeiten erstmals einem gro\u00dfen Publikum zu pr\u00e4sentieren. Bisher haben mehr als 400 Fotografinnen und Fotografen ihre Arbeiten in Wiesbaden gezeigt. Und f\u00fcr nicht wenige der Beteiligten war die Teilnahme an den Fototagen das Sprungbrett zu einer bemerkenswerten Karriere.<\/p>\n<p style=\"text-align: left;\"><b>BEGLEITPROGRAMM<br>\n<\/b>Symposium, Vortr\u00e4ge, Gespr\u00e4che und eine Filmreihe beleuchten inhaltliche Aspekte des Festivalthemas aus unterschiedlichen Gesichtspunkten. Dieses Vermittlungsprogramm wird von regionalen und \u00fcberregionalen Kooperationspartner unterst\u00fctzt und dient zugleich der Vertiefung des Kontakts zwischen den beteiligten K\u00fcnstlerinnen und K\u00fcnstlern und dem Festivalpublikum.<\/p>\n<p style=\"text-align: left;\"><b>F\u00d6RDERPREISE<\/b><br>\nDie Wiesbadener Fototage beziehen Besucherinnen und Besucher aktiv in den Diskurs \u00fcber die Bewertung von aktueller Fotografie ein und vergeben seit 2007 einen Publikumspreis. Dieser Preis wird seit 2015 um den \u00bbPreis der Jury\u00ab erg\u00e4nzt. Beide Preise werden w\u00e4hrend des Festivals \u00fcberreicht \u2013 der Preis der Jury am Er\u00f6ffnungsabend, der Publikumspreis am letzten Festivaltag.<\/p>\n<\/div><\/section><\/div>\n\n<style type=\"text\/css\" data-created_by=\"avia_inline_auto\" id=\"style-css-av-3iie-49f02c408928b929c859661cdb08aabf\">\n.flex_column.av-3iie-49f02c408928b929c859661cdb08aabf{\nborder-radius:0px 0px 0px 0px;\npadding:0px 0px 0px 0px;\n}\n<\/style>\n<div class=\"flex_column av-3iie-49f02c408928b929c859661cdb08aabf av_one_fifth  avia-builder-el-4  el_after_av_three_fifth  avia-builder-el-last  flex_column_div av-zero-column-padding  \"><\/div>\n<\/div><\/div><\/div><\/div><\/div>","protected":false},"excerpt":{"rendered":"","protected":false},"author":1,"featured_media":0,"parent":46,"menu_order":0,"comment_status":"closed","ping_status":"closed","template":"","meta":{"wp_typography_post_enhancements_disabled":false,"footnotes":""},"class_list":["post-58","page","type-page","status-publish","hentry"],"yoast_head":"<!-- This site is optimized with the Yoast SEO plugin v27.4 - https:\/\/yoast.com\/product\/yoast-seo-wordpress\/ -->\n<title>KONZEPT - Wiesbadener Fototage<\/title>\n<meta name=\"description\" content=\"Die Wiesbadener Fototage verstehen sich von Beginn an als internationales Festival f\u00fcr k\u00fcnstlerische Fotografie. Inhaltlicher Rahmen f\u00fcr die Ausstellungen und das Festivalprogramm ist das jeweilige Jahresthema.Konzeptionell beruhen die Wiesbadener Fototage auf dem Dreiklang Ausstellungen, Begleitprogramm und F\u00f6rderpreise.\u00a0\" \/>\n<meta name=\"robots\" content=\"index, follow, max-snippet:-1, max-image-preview:large, max-video-preview:-1\" \/>\n<link rel=\"canonical\" href=\"https:\/\/wiesbadener-fototage.de\/de_de\/ueber-uns\/konzept\/\" \/>\n<meta property=\"og:locale\" content=\"de_DE\" \/>\n<meta property=\"og:type\" content=\"article\" \/>\n<meta property=\"og:title\" content=\"KONZEPT - Wiesbadener Fototage\" \/>\n<meta property=\"og:description\" content=\"Die Wiesbadener Fototage verstehen sich von Beginn an als internationales Festival f\u00fcr k\u00fcnstlerische Fotografie. Inhaltlicher Rahmen f\u00fcr die Ausstellungen und das Festivalprogramm ist das jeweilige Jahresthema.Konzeptionell beruhen die Wiesbadener Fototage auf dem Dreiklang Ausstellungen, Begleitprogramm und F\u00f6rderpreise.\u00a0\" \/>\n<meta property=\"og:url\" content=\"https:\/\/wiesbadener-fototage.de\/de_de\/ueber-uns\/konzept\/\" \/>\n<meta property=\"og:site_name\" content=\"Wiesbadener Fototage\" \/>\n<meta property=\"article:publisher\" content=\"https:\/\/www.facebook.com\/fototagewiesbaden\" \/>\n<meta property=\"article:modified_time\" content=\"2024-08-31T08:42:51+00:00\" \/>\n<meta name=\"twitter:card\" content=\"summary_large_image\" \/>\n<meta name=\"twitter:label1\" content=\"Gesch\u00e4tzte Lesezeit\" \/>\n\t<meta name=\"twitter:data1\" content=\"2\u00a0Minuten\" \/>\n<script type=\"application\/ld+json\" class=\"yoast-schema-graph\">{\"@context\":\"https:\\\/\\\/schema.org\",\"@graph\":[{\"@type\":\"WebPage\",\"@id\":\"https:\\\/\\\/wiesbadener-fototage.de\\\/ueber-uns\\\/konzept\\\/\",\"url\":\"https:\\\/\\\/wiesbadener-fototage.de\\\/ueber-uns\\\/konzept\\\/\",\"name\":\"KONZEPT - Wiesbadener Fototage\",\"isPartOf\":{\"@id\":\"https:\\\/\\\/wiesbadener-fototage.de\\\/#website\"},\"datePublished\":\"2021-10-10T20:39:32+00:00\",\"dateModified\":\"2024-08-31T08:42:51+00:00\",\"description\":\"Die Wiesbadener Fototage verstehen sich von Beginn an als internationales Festival f\u00fcr k\u00fcnstlerische Fotografie. Inhaltlicher Rahmen f\u00fcr die Ausstellungen und das Festivalprogramm ist das jeweilige Jahresthema.Konzeptionell beruhen die Wiesbadener Fototage auf dem Dreiklang Ausstellungen, Begleitprogramm und F\u00f6rderpreise.\u00a0\",\"breadcrumb\":{\"@id\":\"https:\\\/\\\/wiesbadener-fototage.de\\\/ueber-uns\\\/konzept\\\/#breadcrumb\"},\"inLanguage\":\"de\",\"potentialAction\":[{\"@type\":\"ReadAction\",\"target\":[\"https:\\\/\\\/wiesbadener-fototage.de\\\/ueber-uns\\\/konzept\\\/\"]}]},{\"@type\":\"BreadcrumbList\",\"@id\":\"https:\\\/\\\/wiesbadener-fototage.de\\\/ueber-uns\\\/konzept\\\/#breadcrumb\",\"itemListElement\":[{\"@type\":\"ListItem\",\"position\":1,\"name\":\"Startseite\",\"item\":\"https:\\\/\\\/wiesbadener-fototage.de\\\/start\\\/\"},{\"@type\":\"ListItem\",\"position\":2,\"name\":\"\u00dcBER UNS\",\"item\":\"https:\\\/\\\/wiesbadener-fototage.de\\\/de_de\\\/ueber-uns\\\/\"},{\"@type\":\"ListItem\",\"position\":3,\"name\":\"KONZEPT\"}]},{\"@type\":\"WebSite\",\"@id\":\"https:\\\/\\\/wiesbadener-fototage.de\\\/#website\",\"url\":\"https:\\\/\\\/wiesbadener-fototage.de\\\/\",\"name\":\"Wiesbadener Fototage\",\"description\":\"Die Wiesbadener Fototage sind ein internationales Festival f\u00fcr aktuelle Fotokunst und Dokumentarfotografie, das alle drei Jahre in Kollaboration mit Galerien und Ausstellungsh\u00e4usern stattfindet.\",\"publisher\":{\"@id\":\"https:\\\/\\\/wiesbadener-fototage.de\\\/#organization\"},\"potentialAction\":[{\"@type\":\"SearchAction\",\"target\":{\"@type\":\"EntryPoint\",\"urlTemplate\":\"https:\\\/\\\/wiesbadener-fototage.de\\\/?s={search_term_string}\"},\"query-input\":{\"@type\":\"PropertyValueSpecification\",\"valueRequired\":true,\"valueName\":\"search_term_string\"}}],\"inLanguage\":\"de\"},{\"@type\":\"Organization\",\"@id\":\"https:\\\/\\\/wiesbadener-fototage.de\\\/#organization\",\"name\":\"Wiesbadener Fototage gUG\",\"url\":\"https:\\\/\\\/wiesbadener-fototage.de\\\/\",\"logo\":{\"@type\":\"ImageObject\",\"inLanguage\":\"de\",\"@id\":\"https:\\\/\\\/wiesbadener-fototage.de\\\/#\\\/schema\\\/logo\\\/image\\\/\",\"url\":\"https:\\\/\\\/wifo2022.de\\\/wp-content\\\/uploads\\\/2021\\\/10\\\/210711_WIFT_S_RGB.png\",\"contentUrl\":\"https:\\\/\\\/wifo2022.de\\\/wp-content\\\/uploads\\\/2021\\\/10\\\/210711_WIFT_S_RGB.png\",\"width\":3190,\"height\":533,\"caption\":\"Wiesbadener Fototage gUG\"},\"image\":{\"@id\":\"https:\\\/\\\/wiesbadener-fototage.de\\\/#\\\/schema\\\/logo\\\/image\\\/\"},\"sameAs\":[\"https:\\\/\\\/www.facebook.com\\\/fototagewiesbaden\",\"https:\\\/\\\/www.instagram.com\\\/wiesbadenerfototage\"]}]}<\/script>\n<!-- \/ Yoast SEO plugin. -->","yoast_head_json":{"title":"KONZEPT - Wiesbadener Fototage","description":"Die Wiesbadener Fototage verstehen sich von Beginn an als internationales Festival f\u00fcr k\u00fcnstlerische Fotografie. Inhaltlicher Rahmen f\u00fcr die Ausstellungen und das Festivalprogramm ist das jeweilige Jahresthema.Konzeptionell beruhen die Wiesbadener Fototage auf dem Dreiklang Ausstellungen, Begleitprogramm und F\u00f6rderpreise.\u00a0","robots":{"index":"index","follow":"follow","max-snippet":"max-snippet:-1","max-image-preview":"max-image-preview:large","max-video-preview":"max-video-preview:-1"},"canonical":"https:\/\/wiesbadener-fototage.de\/de_de\/ueber-uns\/konzept\/","og_locale":"de_DE","og_type":"article","og_title":"KONZEPT - Wiesbadener Fototage","og_description":"Die Wiesbadener Fototage verstehen sich von Beginn an als internationales Festival f\u00fcr k\u00fcnstlerische Fotografie. Inhaltlicher Rahmen f\u00fcr die Ausstellungen und das Festivalprogramm ist das jeweilige Jahresthema.Konzeptionell beruhen die Wiesbadener Fototage auf dem Dreiklang Ausstellungen, Begleitprogramm und F\u00f6rderpreise.\u00a0","og_url":"https:\/\/wiesbadener-fototage.de\/de_de\/ueber-uns\/konzept\/","og_site_name":"Wiesbadener Fototage","article_publisher":"https:\/\/www.facebook.com\/fototagewiesbaden","article_modified_time":"2024-08-31T08:42:51+00:00","twitter_card":"summary_large_image","twitter_misc":{"Gesch\u00e4tzte Lesezeit":"2\u00a0Minuten"},"schema":{"@context":"https:\/\/schema.org","@graph":[{"@type":"WebPage","@id":"https:\/\/wiesbadener-fototage.de\/ueber-uns\/konzept\/","url":"https:\/\/wiesbadener-fototage.de\/ueber-uns\/konzept\/","name":"KONZEPT - Wiesbadener Fototage","isPartOf":{"@id":"https:\/\/wiesbadener-fototage.de\/#website"},"datePublished":"2021-10-10T20:39:32+00:00","dateModified":"2024-08-31T08:42:51+00:00","description":"Die Wiesbadener Fototage verstehen sich von Beginn an als internationales Festival f\u00fcr k\u00fcnstlerische Fotografie. Inhaltlicher Rahmen f\u00fcr die Ausstellungen und das Festivalprogramm ist das jeweilige Jahresthema.Konzeptionell beruhen die Wiesbadener Fototage auf dem Dreiklang Ausstellungen, Begleitprogramm und F\u00f6rderpreise.\u00a0","breadcrumb":{"@id":"https:\/\/wiesbadener-fototage.de\/ueber-uns\/konzept\/#breadcrumb"},"inLanguage":"de","potentialAction":[{"@type":"ReadAction","target":["https:\/\/wiesbadener-fototage.de\/ueber-uns\/konzept\/"]}]},{"@type":"BreadcrumbList","@id":"https:\/\/wiesbadener-fototage.de\/ueber-uns\/konzept\/#breadcrumb","itemListElement":[{"@type":"ListItem","position":1,"name":"Startseite","item":"https:\/\/wiesbadener-fototage.de\/start\/"},{"@type":"ListItem","position":2,"name":"\u00dcBER UNS","item":"https:\/\/wiesbadener-fototage.de\/de_de\/ueber-uns\/"},{"@type":"ListItem","position":3,"name":"KONZEPT"}]},{"@type":"WebSite","@id":"https:\/\/wiesbadener-fototage.de\/#website","url":"https:\/\/wiesbadener-fototage.de\/","name":"Wiesbadener Fototage","description":"Die Wiesbadener Fototage sind ein internationales Festival f\u00fcr aktuelle Fotokunst und Dokumentarfotografie, das alle drei Jahre in Kollaboration mit Galerien und Ausstellungsh\u00e4usern stattfindet.","publisher":{"@id":"https:\/\/wiesbadener-fototage.de\/#organization"},"potentialAction":[{"@type":"SearchAction","target":{"@type":"EntryPoint","urlTemplate":"https:\/\/wiesbadener-fototage.de\/?s={search_term_string}"},"query-input":{"@type":"PropertyValueSpecification","valueRequired":true,"valueName":"search_term_string"}}],"inLanguage":"de"},{"@type":"Organization","@id":"https:\/\/wiesbadener-fototage.de\/#organization","name":"Wiesbadener Fototage gUG","url":"https:\/\/wiesbadener-fototage.de\/","logo":{"@type":"ImageObject","inLanguage":"de","@id":"https:\/\/wiesbadener-fototage.de\/#\/schema\/logo\/image\/","url":"https:\/\/wifo2022.de\/wp-content\/uploads\/2021\/10\/210711_WIFT_S_RGB.png","contentUrl":"https:\/\/wifo2022.de\/wp-content\/uploads\/2021\/10\/210711_WIFT_S_RGB.png","width":3190,"height":533,"caption":"Wiesbadener Fototage gUG"},"image":{"@id":"https:\/\/wiesbadener-fototage.de\/#\/schema\/logo\/image\/"},"sameAs":["https:\/\/www.facebook.com\/fototagewiesbaden","https:\/\/www.instagram.com\/wiesbadenerfototage"]}]}},"_links":{"self":[{"href":"https:\/\/wiesbadener-fototage.de\/de_de\/wp-json\/wp\/v2\/pages\/58","targetHints":{"allow":["GET"]}}],"collection":[{"href":"https:\/\/wiesbadener-fototage.de\/de_de\/wp-json\/wp\/v2\/pages"}],"about":[{"href":"https:\/\/wiesbadener-fototage.de\/de_de\/wp-json\/wp\/v2\/types\/page"}],"author":[{"embeddable":true,"href":"https:\/\/wiesbadener-fototage.de\/de_de\/wp-json\/wp\/v2\/users\/1"}],"replies":[{"embeddable":true,"href":"https:\/\/wiesbadener-fototage.de\/de_de\/wp-json\/wp\/v2\/comments?post=58"}],"version-history":[{"count":22,"href":"https:\/\/wiesbadener-fototage.de\/de_de\/wp-json\/wp\/v2\/pages\/58\/revisions"}],"predecessor-version":[{"id":6301,"href":"https:\/\/wiesbadener-fototage.de\/de_de\/wp-json\/wp\/v2\/pages\/58\/revisions\/6301"}],"up":[{"embeddable":true,"href":"https:\/\/wiesbadener-fototage.de\/de_de\/wp-json\/wp\/v2\/pages\/46"}],"wp:attachment":[{"href":"https:\/\/wiesbadener-fototage.de\/de_de\/wp-json\/wp\/v2\/media?parent=58"}],"curies":[{"name":"wp","href":"https:\/\/api.w.org\/{rel}","templated":true}]}}