{"id":6381,"date":"2024-10-27T15:10:37","date_gmt":"2024-10-27T15:10:37","guid":{"rendered":"https:\/\/wiesbadener-fototage.de\/?page_id=6381"},"modified":"2025-08-19T05:14:54","modified_gmt":"2025-08-19T05:14:54","slug":"thema","status":"publish","type":"page","link":"https:\/\/wiesbadener-fototage.de\/de_de\/wifo2025\/thema\/","title":{"rendered":"JAHRESTHEMA 2025"},"content":{"rendered":"<div id=\"full_slider_1\" class=\"avia-fullwidth-slider main_color avia-shadow   avia-builder-el-0  el_before_av_one_fifth  avia-builder-el-first   container_wrap fullsize\"><div class=\"avia-slideshow av-m2rrqayk-d3f9854de92154125d37f689b3cadcea avia-slideshow-featured_large av_slideshow_full avia-slide-slider av-slideshow-ui av-control-default av-slideshow-manual av-loop-once av-loop-manual-endless av-default-height-applied   avia-slideshow-1\" data-slideshow-options=\"{&quot;animation&quot;:&quot;slide&quot;,&quot;autoplay&quot;:false,&quot;loop_autoplay&quot;:&quot;once&quot;,&quot;interval&quot;:5,&quot;loop_manual&quot;:&quot;manual-endless&quot;,&quot;autoplay_stopper&quot;:false,&quot;noNavigation&quot;:false,&quot;bg_slider&quot;:false,&quot;keep_padding&quot;:false,&quot;hoverpause&quot;:false,&quot;show_slide_delay&quot;:0}\" itemprop=\"image\" itemscope=\"itemscope\" itemtype=\"https:\/\/schema.org\/ImageObject\"><ul class=\"avia-slideshow-inner \" style=\"padding-bottom: 42%;\"><li class=\"avia-slideshow-slide av-m2rrqayk-d3f9854de92154125d37f689b3cadcea__0  av-single-slide slide-1 slide-odd\"><div data-rel=\"slideshow-1\" class=\"avia-slide-wrap \"><img decoding=\"async\" fetchpriority=\"high\" class=\"wp-image-6418 avia-img-lazy-loading-not-6418\" src=\"https:\/\/wiesbadener-fototage.de\/wp-content\/uploads\/2024\/10\/20140205_Singapur.jpg\" width=\"1500\" height=\"630\" title alt itemprop=\"thumbnailUrl\" srcset=\"https:\/\/wiesbadener-fototage.de\/wp-content\/uploads\/2024\/10\/20140205_Singapur.jpg 1500w, https:\/\/wiesbadener-fototage.de\/wp-content\/uploads\/2024\/10\/20140205_Singapur-300x126.jpg 300w, https:\/\/wiesbadener-fototage.de\/wp-content\/uploads\/2024\/10\/20140205_Singapur-1030x433.jpg 1030w, https:\/\/wiesbadener-fototage.de\/wp-content\/uploads\/2024\/10\/20140205_Singapur-768x323.jpg 768w, https:\/\/wiesbadener-fototage.de\/wp-content\/uploads\/2024\/10\/20140205_Singapur-18x8.jpg 18w, https:\/\/wiesbadener-fototage.de\/wp-content\/uploads\/2024\/10\/20140205_Singapur-705x296.jpg 705w\" sizes=\"(max-width: 1500px) 100vw, 1500px\"><\/div><\/li><\/ul><\/div><\/div><div id=\"after_full_slider_1\" class=\"main_color av_default_container_wrap container_wrap fullsize\"><div class=\"container av-section-cont-open\"><div class=\"template-page content  av-content-full alpha units\"><div class=\"post-entry post-entry-type-page post-entry-6381\"><div class=\"entry-content-wrapper clearfix\">\n<div class=\"flex_column av-5w3619-82b6d3e1bd6a64f601688260682031e3 av_one_fifth  avia-builder-el-1  el_after_av_slideshow_full  el_before_av_three_fifth  avia-builder-el-first  first flex_column_div  \"><\/div>\n<div class=\"flex_column av-6h0jy5-d5fbcc4700436191365f188ea011851b av_three_fifth  avia-builder-el-2  el_after_av_one_fifth  el_before_av_one_fifth  flex_column_div  \"><section class=\"av_textblock_section av-m2rqnjlz-1902f354988cc93908e708284fc8c754 \" itemscope=\"itemscope\" itemtype=\"https:\/\/schema.org\/CreativeWork\"><div class=\"avia_textblock\" itemprop=\"text\"><h2 style=\"text-align: center;\"><strong>FESTIVALTHEMA 2025<br>\n\u00bbZUKUNFT? WELCHE ZUKUNFT?!\u00ab<\/strong><\/h2>\n<\/div><\/section><\/div>\n<div class=\"flex_column av-4bthnh-a8997a9b56742c87028bbe40ea0d037d av_one_fifth  avia-builder-el-4  el_after_av_three_fifth  el_before_av_one_fifth  flex_column_div  \"><\/div>\n<div class=\"flex_column av-33swwd-74bcf9b2760b9233148509378b099e74 av_one_fifth  avia-builder-el-5  el_after_av_one_fifth  el_before_av_three_fifth  first flex_column_div  column-top-margin\"><\/div>\n<div class=\"flex_column av-h4zpp-a9d2ddf33320ef14d6657ffeb91785b9 av_three_fifth  avia-builder-el-6  el_after_av_one_fifth  el_before_av_one_fifth  flex_column_div  column-top-margin\"><style type=\"text\/css\" data-created_by=\"avia_inline_auto\" id=\"style-css-av-m2rq873s-5b1639b3427f328296f00df12d669007\">\n#top .av_textblock_section.av-m2rq873s-5b1639b3427f328296f00df12d669007 .avia_textblock{\nfont-size:16px;\n}\n<\/style>\n<section class=\"av_textblock_section av-m2rq873s-5b1639b3427f328296f00df12d669007 \" itemscope=\"itemscope\" itemtype=\"https:\/\/schema.org\/CreativeWork\"><div class=\"avia_textblock\" itemprop=\"text\"><p style=\"text-align: left;\">Wir leben heute wieder in einer Zeit, in der sich die Zukunft alles andere als klar anf\u00fchlt. Sie gilt als nicht mehr planbar, zeigt sich kaum vielversprechend, erzeugt mehr \u00c4ngste als Hoffnung, ist nebul\u00f6s, noch schlimmer: scheint ein Terrain zahlloser Unsicherheiten zu sein. Wir stehen am Scheideweg. Immer dr\u00e4ngender und auch immer lauter werden Forderungen nach grundlegenden Ver\u00e4nderungen.<\/p>\n<div>\n<div>\n<p>Doch wie sollen diese aussehen? Was f\u00fcr eine neue Welt wollen wir gemeinsam erschaffen? Welche anderen Welten sind \u00fcberhaupt m\u00f6glich? Wie wollen wir leben? Wovon tr\u00e4umen wir? Was w\u00fcnschen wir uns? Was wollen wir aus der Vergangenheit und der Gegenwart in die Zukunft retten oder sogar neu entdecken? Was k\u00f6nnen wir von anderen Gesellschaften lernen? Wie l\u00e4sst sich scheinbar Unab\u00e4nderliches neu denken? Welche neuen Formen des Zusammenlebens sind \u00fcberhaupt erstrebenswert? Und wie schaffen wir das? Zukunft ist somit M\u00f6glichkeit und Vision, aber auch Beobachtung der Gegenwart, Ver\u00e4nderung und Ungewissheit<\/p>\n<\/div>\n<div>\n<p>Ein zentraler Begriff in der ganz aktuellen Diskussion um die Zukunft ist die \u00bbTransformation\u00ab.<b>Wandel, Transformation: Das ist ein Weg in die Zukunft.<\/b> Thema der Fototage sind auch solche transformativen Kr\u00e4fte, die uns schon heute eine Idee von Zukunft aufzeigen. Um hier einige aktuelle Aspekte der Transformation zu nennen: Digitalit\u00e4t, \u00d6konomie, Klima, Mobilit\u00e4t, Arbeit, Identit\u00e4t, Diversit\u00e4t und Nachhaltigkeit \u2013 auch auf diesen Feldern denken wir uns \u00bbZukunft\u00ab.<\/p>\n<\/div>\n<div>\n<p>Das sind nur einige Fragen und Themen, mit denen sich die 13. Wiesbadener Fototage besch\u00e4ftigen m\u00f6chten. So schwer es auch ist, in die Zukunft zu blicken, so sehr lohnt der Versuch. Die eingereichten Arbeiten sollen vermeintliche Gewissheiten in Frage stellen, Denkanst\u00f6\u00dfe bieten, Hoffnungen wecken und neue Horizonte er\u00f6ffnen.<\/p>\n<\/div>\n<div>\n<p>Und schlie\u00dflich: Mit dem finalen Ausrufezeichen im Titel des Themas wollen wir zum Ausdruck bringen, dass es auch eine Zukunft geben kann, die alles andere als d\u00fcster oder dystopisch ist: Zukunft? Welche Zukunft?!<\/p>\n<\/div>\n<\/div>\n<\/div><\/section><\/div><div class=\"flex_column av-308b9p-2ef08b3877f60f42bb5b0227a484d8d7 av_one_fifth  avia-builder-el-8  el_after_av_three_fifth  el_before_av_slideshow_full  avia-builder-el-last  flex_column_div  column-top-margin\"><\/div>\n<\/div><\/div><\/div><!-- close content main div --><\/div><\/div><div id=\"full_slider_2\" class=\"avia-fullwidth-slider main_color avia-shadow   avia-builder-el-9  el_after_av_one_fifth  avia-builder-el-last   slider-not-first container_wrap fullsize\"><\/div>\n","protected":false},"excerpt":{"rendered":"","protected":false},"author":1,"featured_media":0,"parent":6369,"menu_order":0,"comment_status":"closed","ping_status":"closed","template":"","meta":{"wp_typography_post_enhancements_disabled":false,"footnotes":""},"class_list":["post-6381","page","type-page","status-publish","hentry"],"yoast_head":"<!-- This site is optimized with the Yoast SEO plugin v27.5 - https:\/\/yoast.com\/product\/yoast-seo-wordpress\/ -->\n<title>JAHRESTHEMA 2025 - Wiesbadener Fototage<\/title>\n<meta name=\"robots\" content=\"index, follow, max-snippet:-1, max-image-preview:large, max-video-preview:-1\" \/>\n<link rel=\"canonical\" href=\"https:\/\/wiesbadener-fototage.de\/de_de\/wifo2025\/thema\/\" \/>\n<meta property=\"og:locale\" content=\"de_DE\" \/>\n<meta property=\"og:type\" content=\"article\" \/>\n<meta property=\"og:title\" content=\"JAHRESTHEMA 2025 - Wiesbadener Fototage\" \/>\n<meta property=\"og:url\" content=\"https:\/\/wiesbadener-fototage.de\/de_de\/wifo2025\/thema\/\" \/>\n<meta property=\"og:site_name\" content=\"Wiesbadener Fototage\" \/>\n<meta property=\"article:publisher\" content=\"https:\/\/www.facebook.com\/fototagewiesbaden\" \/>\n<meta property=\"article:modified_time\" content=\"2025-08-19T05:14:54+00:00\" \/>\n<meta name=\"twitter:card\" content=\"summary_large_image\" \/>\n<meta name=\"twitter:label1\" content=\"Gesch\u00e4tzte Lesezeit\" \/>\n\t<meta name=\"twitter:data1\" content=\"2\u00a0Minuten\" \/>\n<script type=\"application\/ld+json\" class=\"yoast-schema-graph\">{\"@context\":\"https:\\\/\\\/schema.org\",\"@graph\":[{\"@type\":\"WebPage\",\"@id\":\"https:\\\/\\\/wiesbadener-fototage.de\\\/wifo2025\\\/thema\\\/\",\"url\":\"https:\\\/\\\/wiesbadener-fototage.de\\\/wifo2025\\\/thema\\\/\",\"name\":\"JAHRESTHEMA 2025 - Wiesbadener Fototage\",\"isPartOf\":{\"@id\":\"https:\\\/\\\/wiesbadener-fototage.de\\\/#website\"},\"datePublished\":\"2024-10-27T15:10:37+00:00\",\"dateModified\":\"2025-08-19T05:14:54+00:00\",\"breadcrumb\":{\"@id\":\"https:\\\/\\\/wiesbadener-fototage.de\\\/wifo2025\\\/thema\\\/#breadcrumb\"},\"inLanguage\":\"de\",\"potentialAction\":[{\"@type\":\"ReadAction\",\"target\":[\"https:\\\/\\\/wiesbadener-fototage.de\\\/wifo2025\\\/thema\\\/\"]}]},{\"@type\":\"BreadcrumbList\",\"@id\":\"https:\\\/\\\/wiesbadener-fototage.de\\\/wifo2025\\\/thema\\\/#breadcrumb\",\"itemListElement\":[{\"@type\":\"ListItem\",\"position\":1,\"name\":\"Startseite\",\"item\":\"https:\\\/\\\/wiesbadener-fototage.de\\\/start\\\/\"},{\"@type\":\"ListItem\",\"position\":2,\"name\":\"FESTIVAL 2025\",\"item\":\"https:\\\/\\\/wiesbadener-fototage.de\\\/wifo2025\\\/\"},{\"@type\":\"ListItem\",\"position\":3,\"name\":\"JAHRESTHEMA 2025\"}]},{\"@type\":\"WebSite\",\"@id\":\"https:\\\/\\\/wiesbadener-fototage.de\\\/#website\",\"url\":\"https:\\\/\\\/wiesbadener-fototage.de\\\/\",\"name\":\"Wiesbadener Fototage\",\"description\":\"Die Wiesbadener Fototage sind ein internationales Festival f\u00fcr aktuelle Fotokunst und Dokumentarfotografie, das alle drei Jahre in Kollaboration mit Galerien und Ausstellungsh\u00e4usern stattfindet.\",\"publisher\":{\"@id\":\"https:\\\/\\\/wiesbadener-fototage.de\\\/#organization\"},\"potentialAction\":[{\"@type\":\"SearchAction\",\"target\":{\"@type\":\"EntryPoint\",\"urlTemplate\":\"https:\\\/\\\/wiesbadener-fototage.de\\\/?s={search_term_string}\"},\"query-input\":{\"@type\":\"PropertyValueSpecification\",\"valueRequired\":true,\"valueName\":\"search_term_string\"}}],\"inLanguage\":\"de\"},{\"@type\":\"Organization\",\"@id\":\"https:\\\/\\\/wiesbadener-fototage.de\\\/#organization\",\"name\":\"Wiesbadener Fototage gUG\",\"url\":\"https:\\\/\\\/wiesbadener-fototage.de\\\/\",\"logo\":{\"@type\":\"ImageObject\",\"inLanguage\":\"de\",\"@id\":\"https:\\\/\\\/wiesbadener-fototage.de\\\/#\\\/schema\\\/logo\\\/image\\\/\",\"url\":\"https:\\\/\\\/wifo2022.de\\\/wp-content\\\/uploads\\\/2021\\\/10\\\/210711_WIFT_S_RGB.png\",\"contentUrl\":\"https:\\\/\\\/wifo2022.de\\\/wp-content\\\/uploads\\\/2021\\\/10\\\/210711_WIFT_S_RGB.png\",\"width\":3190,\"height\":533,\"caption\":\"Wiesbadener Fototage gUG\"},\"image\":{\"@id\":\"https:\\\/\\\/wiesbadener-fototage.de\\\/#\\\/schema\\\/logo\\\/image\\\/\"},\"sameAs\":[\"https:\\\/\\\/www.facebook.com\\\/fototagewiesbaden\",\"https:\\\/\\\/www.instagram.com\\\/wiesbadenerfototage\"]}]}<\/script>\n<!-- \/ Yoast SEO plugin. -->","yoast_head_json":{"title":"JAHRESTHEMA 2025 - Wiesbadener Fototage","robots":{"index":"index","follow":"follow","max-snippet":"max-snippet:-1","max-image-preview":"max-image-preview:large","max-video-preview":"max-video-preview:-1"},"canonical":"https:\/\/wiesbadener-fototage.de\/de_de\/wifo2025\/thema\/","og_locale":"de_DE","og_type":"article","og_title":"JAHRESTHEMA 2025 - Wiesbadener Fototage","og_url":"https:\/\/wiesbadener-fototage.de\/de_de\/wifo2025\/thema\/","og_site_name":"Wiesbadener Fototage","article_publisher":"https:\/\/www.facebook.com\/fototagewiesbaden","article_modified_time":"2025-08-19T05:14:54+00:00","twitter_card":"summary_large_image","twitter_misc":{"Gesch\u00e4tzte Lesezeit":"2\u00a0Minuten"},"schema":{"@context":"https:\/\/schema.org","@graph":[{"@type":"WebPage","@id":"https:\/\/wiesbadener-fototage.de\/wifo2025\/thema\/","url":"https:\/\/wiesbadener-fototage.de\/wifo2025\/thema\/","name":"JAHRESTHEMA 2025 - Wiesbadener Fototage","isPartOf":{"@id":"https:\/\/wiesbadener-fototage.de\/#website"},"datePublished":"2024-10-27T15:10:37+00:00","dateModified":"2025-08-19T05:14:54+00:00","breadcrumb":{"@id":"https:\/\/wiesbadener-fototage.de\/wifo2025\/thema\/#breadcrumb"},"inLanguage":"de","potentialAction":[{"@type":"ReadAction","target":["https:\/\/wiesbadener-fototage.de\/wifo2025\/thema\/"]}]},{"@type":"BreadcrumbList","@id":"https:\/\/wiesbadener-fototage.de\/wifo2025\/thema\/#breadcrumb","itemListElement":[{"@type":"ListItem","position":1,"name":"Startseite","item":"https:\/\/wiesbadener-fototage.de\/start\/"},{"@type":"ListItem","position":2,"name":"FESTIVAL 2025","item":"https:\/\/wiesbadener-fototage.de\/wifo2025\/"},{"@type":"ListItem","position":3,"name":"JAHRESTHEMA 2025"}]},{"@type":"WebSite","@id":"https:\/\/wiesbadener-fototage.de\/#website","url":"https:\/\/wiesbadener-fototage.de\/","name":"Wiesbadener Fototage","description":"Die Wiesbadener Fototage sind ein internationales Festival f\u00fcr aktuelle Fotokunst und Dokumentarfotografie, das alle drei Jahre in Kollaboration mit Galerien und Ausstellungsh\u00e4usern stattfindet.","publisher":{"@id":"https:\/\/wiesbadener-fototage.de\/#organization"},"potentialAction":[{"@type":"SearchAction","target":{"@type":"EntryPoint","urlTemplate":"https:\/\/wiesbadener-fototage.de\/?s={search_term_string}"},"query-input":{"@type":"PropertyValueSpecification","valueRequired":true,"valueName":"search_term_string"}}],"inLanguage":"de"},{"@type":"Organization","@id":"https:\/\/wiesbadener-fototage.de\/#organization","name":"Wiesbadener Fototage gUG","url":"https:\/\/wiesbadener-fototage.de\/","logo":{"@type":"ImageObject","inLanguage":"de","@id":"https:\/\/wiesbadener-fototage.de\/#\/schema\/logo\/image\/","url":"https:\/\/wifo2022.de\/wp-content\/uploads\/2021\/10\/210711_WIFT_S_RGB.png","contentUrl":"https:\/\/wifo2022.de\/wp-content\/uploads\/2021\/10\/210711_WIFT_S_RGB.png","width":3190,"height":533,"caption":"Wiesbadener Fototage gUG"},"image":{"@id":"https:\/\/wiesbadener-fototage.de\/#\/schema\/logo\/image\/"},"sameAs":["https:\/\/www.facebook.com\/fototagewiesbaden","https:\/\/www.instagram.com\/wiesbadenerfototage"]}]}},"_links":{"self":[{"href":"https:\/\/wiesbadener-fototage.de\/de_de\/wp-json\/wp\/v2\/pages\/6381","targetHints":{"allow":["GET"]}}],"collection":[{"href":"https:\/\/wiesbadener-fototage.de\/de_de\/wp-json\/wp\/v2\/pages"}],"about":[{"href":"https:\/\/wiesbadener-fototage.de\/de_de\/wp-json\/wp\/v2\/types\/page"}],"author":[{"embeddable":true,"href":"https:\/\/wiesbadener-fototage.de\/de_de\/wp-json\/wp\/v2\/users\/1"}],"replies":[{"embeddable":true,"href":"https:\/\/wiesbadener-fototage.de\/de_de\/wp-json\/wp\/v2\/comments?post=6381"}],"version-history":[{"count":20,"href":"https:\/\/wiesbadener-fototage.de\/de_de\/wp-json\/wp\/v2\/pages\/6381\/revisions"}],"predecessor-version":[{"id":15856,"href":"https:\/\/wiesbadener-fototage.de\/de_de\/wp-json\/wp\/v2\/pages\/6381\/revisions\/15856"}],"up":[{"embeddable":true,"href":"https:\/\/wiesbadener-fototage.de\/de_de\/wp-json\/wp\/v2\/pages\/6369"}],"wp:attachment":[{"href":"https:\/\/wiesbadener-fototage.de\/de_de\/wp-json\/wp\/v2\/media?parent=6381"}],"curies":[{"name":"wp","href":"https:\/\/api.w.org\/{rel}","templated":true}]}}