{"id":8732,"date":"2025-06-28T06:32:48","date_gmt":"2025-06-28T06:32:48","guid":{"rendered":"https:\/\/wiesbadener-fototage.de\/?page_id=8732"},"modified":"2025-10-16T13:00:54","modified_gmt":"2025-10-16T13:00:54","slug":"festivalprogramm","status":"publish","type":"page","link":"https:\/\/wiesbadener-fototage.de\/de_de\/wifo2025\/festivalprogramm\/","title":{"rendered":"FESTIVALPROGRAMM 2025"},"content":{"rendered":"\n<style type=\"text\/css\" data-created_by=\"avia_inline_auto\" id=\"style-css-av-2p8hjg-8fb30fe0b12b8e3d6015e5fa459cb444\">\n.avia-section.av-2p8hjg-8fb30fe0b12b8e3d6015e5fa459cb444{\nbackground-color:#693b63;\nbackground-image:unset;\n}\n<\/style>\n<div id=\"av_section_1\" class=\"avia-section av-2p8hjg-8fb30fe0b12b8e3d6015e5fa459cb444 main_color avia-section-default avia-no-border-styling  avia-builder-el-0  el_before_av_one_fourth  avia-builder-el-first  avia-bg-style-scroll container_wrap fullsize\"><div class=\"container av-section-cont-open\"><main role=\"main\" itemprop=\"mainContentOfPage\" class=\"template-page content  av-content-full alpha units\"><div class=\"post-entry post-entry-type-page post-entry-8732\"><div class=\"entry-content-wrapper clearfix\">\n\n<style type=\"text\/css\" data-created_by=\"avia_inline_auto\" id=\"style-css-av-mbl90ji0-4fe4bb22f8dd249e02da54f2eba9556d\">\n#top .av-special-heading.av-mbl90ji0-4fe4bb22f8dd249e02da54f2eba9556d{\npadding-bottom:10px;\ncolor:#ffffff;\nfont-size:40px;\n}\nbody .av-special-heading.av-mbl90ji0-4fe4bb22f8dd249e02da54f2eba9556d .av-special-heading-tag .heading-char{\nfont-size:25px;\n}\n#top #wrap_all .av-special-heading.av-mbl90ji0-4fe4bb22f8dd249e02da54f2eba9556d .av-special-heading-tag{\nfont-size:40px;\n}\n.av-special-heading.av-mbl90ji0-4fe4bb22f8dd249e02da54f2eba9556d .special-heading-inner-border{\nborder-color:#ffffff;\n}\n.av-special-heading.av-mbl90ji0-4fe4bb22f8dd249e02da54f2eba9556d .av-subheading{\nfont-size:24px;\n}\n\n@media only screen and (min-width: 480px) and (max-width: 767px){ \n#top #wrap_all .av-special-heading.av-mbl90ji0-4fe4bb22f8dd249e02da54f2eba9556d .av-special-heading-tag{\nfont-size:0.8em;\n}\n}\n\n@media only screen and (max-width: 479px){ \n#top #wrap_all .av-special-heading.av-mbl90ji0-4fe4bb22f8dd249e02da54f2eba9556d .av-special-heading-tag{\nfont-size:0.8em;\n}\n}\n<\/style>\n<div class=\"av-special-heading av-mbl90ji0-4fe4bb22f8dd249e02da54f2eba9556d av-special-heading-h2 custom-color-heading blockquote modern-quote modern-centered  avia-builder-el-1  el_before_av_button  avia-builder-el-first  av-inherit-size\"><h2 class=\"av-special-heading-tag \" itemprop=\"headline\">FESTIVALPROGRAMM<\/h2><div class=\"av_custom_color av-subheading av-subheading_below\"><p>DER EINTRITT IN ALLE VERANSTALTUNGEN IST FREI. KEINE ANMELDUNG ERFORDERLICH.<\/p>\n<\/div><div class=\"special-heading-border\"><div class=\"special-heading-inner-border\"><\/div><\/div><\/div>\n<div class=\"avia-button-wrap av-37gkd8-d02b4f564cee13808ef72bae60d49e4d-wrap avia-button-center  avia-builder-el-2  el_after_av_heading  avia-builder-el-last \">\n<style type=\"text\/css\" data-created_by=\"avia_inline_auto\" id=\"style-css-av-37gkd8-d02b4f564cee13808ef72bae60d49e4d\">\n#top #wrap_all .avia-button.av-37gkd8-d02b4f564cee13808ef72bae60d49e4d{\nfont-size:18px;\ntransition:all 0.4s ease-in-out;\n}\n<\/style>\n<a href=\"https:\/\/wiesbadener-fototage.de\/wp-content\/uploads\/2025\/08\/WIFO2025-Festivalkalender.pdf\" class=\"avia-button av-37gkd8-d02b4f564cee13808ef72bae60d49e4d av-link-btn avia-icon_select-no avia-size-medium avia-position-center avia-color-white\" aria-label=\"FESTIVALKALENDER HERUNTERLADEN\"><span class=\"avia_iconbox_title\">FESTIVALKALENDER HERUNTERLADEN<\/span><\/a><\/div>\n<\/div><\/div><\/main><!-- close content main element --><\/div><\/div><div id=\"after_section_1\" class=\"main_color av_default_container_wrap container_wrap fullsize\"><div class=\"container av-section-cont-open\"><div class=\"template-page content  av-content-full alpha units\"><div class=\"post-entry post-entry-type-page post-entry-8732\"><div class=\"entry-content-wrapper clearfix\">\n\n<style type=\"text\/css\" data-created_by=\"avia_inline_auto\" id=\"style-css-av-45bhjg-845035cd88a64914ecf5c6a17c08e1cd\">\n.flex_column.av-45bhjg-845035cd88a64914ecf5c6a17c08e1cd{\nborder-radius:0px 0px 0px 0px;\npadding:0px 0px 0px 0px;\n}\n<\/style>\n<div class=\"flex_column av-45bhjg-845035cd88a64914ecf5c6a17c08e1cd av_one_fourth  avia-builder-el-3  el_after_av_section  el_before_av_one_fourth  avia-builder-el-first  first flex_column_div av-zero-column-padding  \"><p>\n<style type=\"text\/css\" data-created_by=\"avia_inline_auto\" id=\"style-css-av-mbl9ieb4-5aec6494f161c6bed97386ad3f4f1402\">\n.avia-image-container.av-mbl9ieb4-5aec6494f161c6bed97386ad3f4f1402 img.avia_image{\nbox-shadow:none;\n}\n.avia-image-container.av-mbl9ieb4-5aec6494f161c6bed97386ad3f4f1402 .av-image-caption-overlay-center{\ncolor:#ffffff;\n}\n<\/style>\n<\/p><div class=\"avia-image-container av-mbl9ieb4-5aec6494f161c6bed97386ad3f4f1402 av-styling- avia-align-center  avia-builder-el-4  el_before_av_textblock  avia-builder-el-first \" itemprop=\"image\" itemscope=\"itemscope\" itemtype=\"https:\/\/schema.org\/ImageObject\"><div class=\"avia-image-container-inner\"><div class=\"avia-image-overlay-wrap\"><img decoding=\"async\" fetchpriority=\"high\" class=\"wp-image-10035 avia-img-lazy-loading-not-10035 avia_image \" src=\"https:\/\/wiesbadener-fototage.de\/wp-content\/uploads\/2025\/06\/Jaeger_Berit_Portraet_ARtistTAlk_WEb-300x225.jpg\" alt title height=\"225\" width=\"300\" itemprop=\"thumbnailUrl\" srcset=\"https:\/\/wiesbadener-fototage.de\/wp-content\/uploads\/2025\/06\/Jaeger_Berit_Portraet_ARtistTAlk_WEb-300x225.jpg 300w, https:\/\/wiesbadener-fototage.de\/wp-content\/uploads\/2025\/06\/Jaeger_Berit_Portraet_ARtistTAlk_WEb-768x576.jpg 768w, https:\/\/wiesbadener-fototage.de\/wp-content\/uploads\/2025\/06\/Jaeger_Berit_Portraet_ARtistTAlk_WEb-16x12.jpg 16w, https:\/\/wiesbadener-fototage.de\/wp-content\/uploads\/2025\/06\/Jaeger_Berit_Portraet_ARtistTAlk_WEb-705x529.jpg 705w, https:\/\/wiesbadener-fototage.de\/wp-content\/uploads\/2025\/06\/Jaeger_Berit_Portraet_ARtistTAlk_WEb.jpg 800w\" sizes=\"(max-width: 300px) 100vw, 300px\"><\/div><\/div><\/div><br>\n\n<style type=\"text\/css\" data-created_by=\"avia_inline_auto\" id=\"style-css-av-mbl9hwtr-2002b1c3bedff21122aae678e042bcc8\">\n#top .av_textblock_section.av-mbl9hwtr-2002b1c3bedff21122aae678e042bcc8 .avia_textblock{\ncolor:#000000;\n}\n<\/style>\n<section class=\"av_textblock_section av-mbl9hwtr-2002b1c3bedff21122aae678e042bcc8 \" itemscope=\"itemscope\" itemtype=\"https:\/\/schema.org\/CreativeWork\"><div class=\"avia_textblock av_inherit_color\" itemprop=\"text\"><p>Mi, 27.08.2025, 16&nbsp;Uhr<br>\nsam \u2014 Stadtmuseum am<br>\n<strong>ARTIST TALK<\/strong><strong>&nbsp;<\/strong>&nbsp;I<strong> &nbsp;Berit J\u00e4ger im Gespr\u00e4ch mit J\u00fcrgen Strasser<br>\n<\/strong><\/p>\n<\/div><\/section><br>\n<div class=\"avia-button-wrap av-2n46mk-565b02d056c8346ff0d96b78204902dd-wrap avia-button-left  avia-builder-el-6  el_after_av_textblock  avia-builder-el-last \">\n<style type=\"text\/css\" data-created_by=\"avia_inline_auto\" id=\"style-css-av-2n46mk-565b02d056c8346ff0d96b78204902dd\">\n#top #wrap_all .avia-button.av-2n46mk-565b02d056c8346ff0d96b78204902dd{\nfont-size:18px;\nborder-style:ridge;\ntransition:all 0.4s ease-in-out;\n}\n<\/style>\n<a href=\"https:\/\/www.wiesbadener-fototage.de\/wifo2025\/artisttalks\" class=\"avia-button av-2n46mk-565b02d056c8346ff0d96b78204902dd av-link-btn avia-icon_select-no avia-size-small avia-position-left avia-color-white\" aria-label=\"Mehr erfahren\"><span class=\"avia_iconbox_title\">Mehr erfahren<\/span><\/a><\/div><\/div>\n\n<style type=\"text\/css\" data-created_by=\"avia_inline_auto\" id=\"style-css-av-cr5gr0-5fb2ad5e22cceebf43836617a5019342\">\n.flex_column.av-cr5gr0-5fb2ad5e22cceebf43836617a5019342{\nborder-radius:0px 0px 0px 0px;\npadding:0px 0px 0px 0px;\n}\n<\/style>\n<div class=\"flex_column av-cr5gr0-5fb2ad5e22cceebf43836617a5019342 av_one_fourth  avia-builder-el-7  el_after_av_one_fourth  el_before_av_one_fourth  flex_column_div av-zero-column-padding  \"><p>\n<style type=\"text\/css\" data-created_by=\"avia_inline_auto\" id=\"style-css-av-b7k7zw-470c7eb74f3e397b78d8441452e6f86c\">\n.avia-image-container.av-b7k7zw-470c7eb74f3e397b78d8441452e6f86c img.avia_image{\nbox-shadow:none;\n}\n.avia-image-container.av-b7k7zw-470c7eb74f3e397b78d8441452e6f86c .av-image-caption-overlay-center{\ncolor:#ffffff;\n}\n<\/style>\n<\/p><div class=\"avia-image-container av-b7k7zw-470c7eb74f3e397b78d8441452e6f86c av-styling- avia-align-center  avia-builder-el-8  el_before_av_textblock  avia-builder-el-first \" itemprop=\"image\" itemscope=\"itemscope\" itemtype=\"https:\/\/schema.org\/ImageObject\"><div class=\"avia-image-container-inner\"><div class=\"avia-image-overlay-wrap\"><img decoding=\"async\" fetchpriority=\"high\" class=\"wp-image-10032 avia-img-lazy-loading-not-10032 avia_image \" src=\"https:\/\/wiesbadener-fototage.de\/wp-content\/uploads\/2025\/06\/ErnestCole_Presse_01_c_Ernest_Cole_web-300x225.jpg\" alt title=\"ErnestCole_Presse_01_c_Ernest_Cole_web\" height=\"225\" width=\"300\" itemprop=\"thumbnailUrl\" srcset=\"https:\/\/wiesbadener-fototage.de\/wp-content\/uploads\/2025\/06\/ErnestCole_Presse_01_c_Ernest_Cole_web-300x225.jpg 300w, https:\/\/wiesbadener-fototage.de\/wp-content\/uploads\/2025\/06\/ErnestCole_Presse_01_c_Ernest_Cole_web-768x576.jpg 768w, https:\/\/wiesbadener-fototage.de\/wp-content\/uploads\/2025\/06\/ErnestCole_Presse_01_c_Ernest_Cole_web-16x12.jpg 16w, https:\/\/wiesbadener-fototage.de\/wp-content\/uploads\/2025\/06\/ErnestCole_Presse_01_c_Ernest_Cole_web-705x529.jpg 705w, https:\/\/wiesbadener-fototage.de\/wp-content\/uploads\/2025\/06\/ErnestCole_Presse_01_c_Ernest_Cole_web.jpg 800w\" sizes=\"(max-width: 300px) 100vw, 300px\"><\/div><\/div><\/div><br>\n\n<style type=\"text\/css\" data-created_by=\"avia_inline_auto\" id=\"style-css-av-mbl9tht7-528430e4166fca4222acd494790cca8b\">\n#top .av_textblock_section.av-mbl9tht7-528430e4166fca4222acd494790cca8b .avia_textblock{\ncolor:#000000;\n}\n<\/style>\n<section class=\"av_textblock_section av-mbl9tht7-528430e4166fca4222acd494790cca8b \" itemscope=\"itemscope\" itemtype=\"https:\/\/schema.org\/CreativeWork\"><div class=\"avia_textblock av_inherit_color\" itemprop=\"text\"><p>Mi, 27.08.2025, 19&nbsp;Uhr<br>\nKunsthaus Wiesbaden<br>\n<strong>FILM &nbsp;<\/strong>I<strong> &nbsp;Ernest Cole \u2014 Lost and&nbsp;Found<br>\n<\/strong><\/p>\n<\/div><\/section><br>\n<div class=\"avia-button-wrap av-uonjg-72bd00bbd32a9c692f2d31833bd1e4ea-wrap avia-button-left  avia-builder-el-10  el_after_av_textblock  avia-builder-el-last \">\n<style type=\"text\/css\" data-created_by=\"avia_inline_auto\" id=\"style-css-av-uonjg-72bd00bbd32a9c692f2d31833bd1e4ea\">\n#top #wrap_all .avia-button.av-uonjg-72bd00bbd32a9c692f2d31833bd1e4ea{\nfont-size:18px;\nborder-style:ridge;\ntransition:all 0.4s ease-in-out;\n}\n<\/style>\n<a href=\"https:\/\/www.wiesbadener-fototage.de\/wifo2025\/filme\" class=\"avia-button av-uonjg-72bd00bbd32a9c692f2d31833bd1e4ea av-link-btn avia-icon_select-no avia-size-small avia-position-left avia-color-white\" target=\"_blank\" rel=\"noopener noreferrer\" aria-label=\"Mehr erfahren\"><span class=\"avia_iconbox_title\">Mehr erfahren<\/span><\/a><\/div><\/div>\n\n<style type=\"text\/css\" data-created_by=\"avia_inline_auto\" id=\"style-css-av-594j1o-1f300da68fd6d7b9b227e2b1a4d86795\">\n.flex_column.av-594j1o-1f300da68fd6d7b9b227e2b1a4d86795{\nborder-radius:0px 0px 0px 0px;\npadding:0px 0px 0px 0px;\n}\n<\/style>\n<div class=\"flex_column av-594j1o-1f300da68fd6d7b9b227e2b1a4d86795 av_one_fourth  avia-builder-el-11  el_after_av_one_fourth  el_before_av_one_fourth  flex_column_div av-zero-column-padding  \"><p>\n<style type=\"text\/css\" data-created_by=\"avia_inline_auto\" id=\"style-css-av-4yfdb0-d270f535ae08da83fdf5fbf07966ab93\">\n.avia-image-container.av-4yfdb0-d270f535ae08da83fdf5fbf07966ab93 img.avia_image{\nbox-shadow:none;\n}\n.avia-image-container.av-4yfdb0-d270f535ae08da83fdf5fbf07966ab93 .av-image-caption-overlay-center{\ncolor:#ffffff;\n}\n<\/style>\n<\/p><div class=\"avia-image-container av-4yfdb0-d270f535ae08da83fdf5fbf07966ab93 av-styling- avia-align-center  avia-builder-el-12  el_before_av_textblock  avia-builder-el-first \" itemprop=\"image\" itemscope=\"itemscope\" itemtype=\"https:\/\/schema.org\/ImageObject\"><div class=\"avia-image-container-inner\"><div class=\"avia-image-overlay-wrap\"><img decoding=\"async\" fetchpriority=\"high\" class=\"wp-image-5462 avia-img-lazy-loading-not-5462 avia_image \" src=\"https:\/\/wiesbadener-fototage.de\/wp-content\/uploads\/2022\/10\/\u00a9UtaSchmitz-Esser_WIFO2022_Rundgang-24-300x225.jpg\" alt title height=\"225\" width=\"300\" itemprop=\"thumbnailUrl\" srcset=\"https:\/\/wiesbadener-fototage.de\/wp-content\/uploads\/2022\/10\/\u00a9UtaSchmitz-Esser_WIFO2022_Rundgang-24-300x225.jpg 300w, https:\/\/wiesbadener-fototage.de\/wp-content\/uploads\/2022\/10\/\u00a9UtaSchmitz-Esser_WIFO2022_Rundgang-24-768x576.jpg 768w, https:\/\/wiesbadener-fototage.de\/wp-content\/uploads\/2022\/10\/\u00a9UtaSchmitz-Esser_WIFO2022_Rundgang-24-16x12.jpg 16w, https:\/\/wiesbadener-fototage.de\/wp-content\/uploads\/2022\/10\/\u00a9UtaSchmitz-Esser_WIFO2022_Rundgang-24-705x529.jpg 705w, https:\/\/wiesbadener-fototage.de\/wp-content\/uploads\/2022\/10\/\u00a9UtaSchmitz-Esser_WIFO2022_Rundgang-24-450x338.jpg 450w, https:\/\/wiesbadener-fototage.de\/wp-content\/uploads\/2022\/10\/\u00a9UtaSchmitz-Esser_WIFO2022_Rundgang-24.jpg 800w\" sizes=\"(max-width: 300px) 100vw, 300px\"><\/div><\/div><\/div><br>\n\n<style type=\"text\/css\" data-created_by=\"avia_inline_auto\" id=\"style-css-av-mcajwla5-f6b0887b7343feeefc555d720530f4ba\">\n#top .av_textblock_section.av-mcajwla5-f6b0887b7343feeefc555d720530f4ba .avia_textblock{\ncolor:#000000;\n}\n<\/style>\n<section class=\"av_textblock_section av-mcajwla5-f6b0887b7343feeefc555d720530f4ba \" itemscope=\"itemscope\" itemtype=\"https:\/\/schema.org\/CreativeWork\"><div class=\"avia_textblock av_inherit_color\" itemprop=\"text\"><p style=\"text-align: left;\">Do, 28.08.2025, 11&nbsp;Uhr<br>\nK\u00fcnstlerverein Walkm\u00fchle<strong><br>\n<\/strong><b>BILDERSCHAUEN &nbsp;<\/b>I<b> &nbsp;Ausstellungsf\u00fchrung mit Michaela H\u00f6llriegel<\/b><\/p>\n<\/div><\/section><br>\n<div class=\"avia-button-wrap av-39uq7w-b8a87cd44ff82e5842e33446637e9d31-wrap avia-button-left  avia-builder-el-14  el_after_av_textblock  avia-builder-el-last \">\n<style type=\"text\/css\" data-created_by=\"avia_inline_auto\" id=\"style-css-av-39uq7w-b8a87cd44ff82e5842e33446637e9d31\">\n#top #wrap_all .avia-button.av-39uq7w-b8a87cd44ff82e5842e33446637e9d31{\nfont-size:18px;\nborder-style:ridge;\ntransition:all 0.4s ease-in-out;\n}\n<\/style>\n<a href=\"https:\/\/www.wiesbadener-fototage.de\/wifo2025\/fuehrungen\" class=\"avia-button av-39uq7w-b8a87cd44ff82e5842e33446637e9d31 av-link-btn avia-icon_select-no avia-size-small avia-position-left avia-color-white\" aria-label=\"Mehr erfahren\"><span class=\"avia_iconbox_title\">Mehr erfahren<\/span><\/a><\/div><\/div>\n\n<style type=\"text\/css\" data-created_by=\"avia_inline_auto\" id=\"style-css-av-7mx3bg-805c80c8153bedb6bc47489ff2db420a\">\n.flex_column.av-7mx3bg-805c80c8153bedb6bc47489ff2db420a{\nborder-radius:0px 0px 0px 0px;\npadding:0px 0px 0px 0px;\n}\n<\/style>\n<div class=\"flex_column av-7mx3bg-805c80c8153bedb6bc47489ff2db420a av_one_fourth  avia-builder-el-15  el_after_av_one_fourth  el_before_av_one_fourth  flex_column_div av-zero-column-padding  \"><p>\n<style type=\"text\/css\" data-created_by=\"avia_inline_auto\" id=\"style-css-av-5e6pos-d7c05295f615dfa53bc87c6945bd3309\">\n.avia-image-container.av-5e6pos-d7c05295f615dfa53bc87c6945bd3309 img.avia_image{\nbox-shadow:none;\n}\n.avia-image-container.av-5e6pos-d7c05295f615dfa53bc87c6945bd3309 .av-image-caption-overlay-center{\ncolor:#ffffff;\n}\n<\/style>\n<\/p><div class=\"avia-image-container av-5e6pos-d7c05295f615dfa53bc87c6945bd3309 av-styling- avia-align-center  avia-builder-el-16  el_before_av_textblock  avia-builder-el-first \" itemprop=\"image\" itemscope=\"itemscope\" itemtype=\"https:\/\/schema.org\/ImageObject\"><div class=\"avia-image-container-inner\"><div class=\"avia-image-overlay-wrap\"><img decoding=\"async\" fetchpriority=\"high\" class=\"wp-image-10051 avia-img-lazy-loading-not-10051 avia_image \" src=\"https:\/\/wiesbadener-fototage.de\/wp-content\/uploads\/2025\/06\/\u00a9PaulMueller_WIFO2022_Fuehrung_KHW-7_WEb-300x225.jpg\" alt title=\"\u00a9PaulM\u00fcller_WIFO2022_F\u00fchrung_KHW-7_WEb\" height=\"225\" width=\"300\" itemprop=\"thumbnailUrl\" srcset=\"https:\/\/wiesbadener-fototage.de\/wp-content\/uploads\/2025\/06\/\u00a9PaulMueller_WIFO2022_Fuehrung_KHW-7_WEb-300x225.jpg 300w, https:\/\/wiesbadener-fototage.de\/wp-content\/uploads\/2025\/06\/\u00a9PaulMueller_WIFO2022_Fuehrung_KHW-7_WEb-768x576.jpg 768w, https:\/\/wiesbadener-fototage.de\/wp-content\/uploads\/2025\/06\/\u00a9PaulMueller_WIFO2022_Fuehrung_KHW-7_WEb-16x12.jpg 16w, https:\/\/wiesbadener-fototage.de\/wp-content\/uploads\/2025\/06\/\u00a9PaulMueller_WIFO2022_Fuehrung_KHW-7_WEb-705x529.jpg 705w, https:\/\/wiesbadener-fototage.de\/wp-content\/uploads\/2025\/06\/\u00a9PaulMueller_WIFO2022_Fuehrung_KHW-7_WEb.jpg 800w\" sizes=\"(max-width: 300px) 100vw, 300px\"><\/div><\/div><\/div><br>\n\n<style type=\"text\/css\" data-created_by=\"avia_inline_auto\" id=\"style-css-av-3u2tn0-be067af9d917104c50fd71665673a129\">\n#top .av_textblock_section.av-3u2tn0-be067af9d917104c50fd71665673a129 .avia_textblock{\ncolor:#000000;\n}\n<\/style>\n<section class=\"av_textblock_section av-3u2tn0-be067af9d917104c50fd71665673a129 \" itemscope=\"itemscope\" itemtype=\"https:\/\/schema.org\/CreativeWork\"><div class=\"avia_textblock av_inherit_color\" itemprop=\"text\"><p>Do, 28.08.2025, 18\u2013 20&nbsp;Uhr<br>\nKunstverein Bellevue-Saal, sam \u2014 Stadtmuseum am Markt, Aktives Museum Spiegelgasse<br>\n<strong>WALK &amp; TALK &nbsp;<\/strong>I<strong> &nbsp;Ausstellungsrundgang mit J\u00fcrgen Strasser<\/strong><\/p>\n<\/div><\/section><br>\n<div class=\"avia-button-wrap av-39r31o-02ac9dabc7dee4b7c973f5d7f545fb45-wrap avia-button-left  avia-builder-el-18  el_after_av_textblock  avia-builder-el-last \">\n<style type=\"text\/css\" data-created_by=\"avia_inline_auto\" id=\"style-css-av-39r31o-02ac9dabc7dee4b7c973f5d7f545fb45\">\n#top #wrap_all .avia-button.av-39r31o-02ac9dabc7dee4b7c973f5d7f545fb45{\nfont-size:18px;\nborder-style:ridge;\ntransition:all 0.4s ease-in-out;\n}\n<\/style>\n<a href=\"https:\/\/www.wiesbadener-fototage.de\/wifo2025\/fuehrungen\" class=\"avia-button av-39r31o-02ac9dabc7dee4b7c973f5d7f545fb45 av-link-btn avia-icon_select-no avia-size-small avia-position-left avia-color-white\" aria-label=\"Mehr erfahren\"><span class=\"avia_iconbox_title\">Mehr erfahren<\/span><\/a><\/div><\/div>\n\n<style type=\"text\/css\" data-created_by=\"avia_inline_auto\" id=\"style-css-av-46qa8s-9fd4320c79a2d25b238e5d9a0540e81e\">\n.flex_column.av-46qa8s-9fd4320c79a2d25b238e5d9a0540e81e{\nborder-radius:0px 0px 0px 0px;\npadding:0px 0px 0px 0px;\n}\n<\/style>\n<div class=\"flex_column av-46qa8s-9fd4320c79a2d25b238e5d9a0540e81e av_one_fourth  avia-builder-el-19  el_after_av_one_fourth  el_before_av_one_fourth  first flex_column_div av-zero-column-padding  column-top-margin\"><p>\n<style type=\"text\/css\" data-created_by=\"avia_inline_auto\" id=\"style-css-av-mcajuevi-c578581fb872a30f931f39eb0eeacbb3\">\n.avia-image-container.av-mcajuevi-c578581fb872a30f931f39eb0eeacbb3 img.avia_image{\nbox-shadow:none;\n}\n.avia-image-container.av-mcajuevi-c578581fb872a30f931f39eb0eeacbb3 .av-image-caption-overlay-center{\ncolor:#ffffff;\n}\n<\/style>\n<\/p><div class=\"avia-image-container av-mcajuevi-c578581fb872a30f931f39eb0eeacbb3 av-styling- avia-align-center  avia-builder-el-20  el_before_av_textblock  avia-builder-el-first \" itemprop=\"image\" itemscope=\"itemscope\" itemtype=\"https:\/\/schema.org\/ImageObject\"><div class=\"avia-image-container-inner\"><div class=\"avia-image-overlay-wrap\"><img decoding=\"async\" fetchpriority=\"high\" class=\"wp-image-5462 avia-img-lazy-loading-not-5462 avia_image \" src=\"https:\/\/wiesbadener-fototage.de\/wp-content\/uploads\/2022\/10\/\u00a9UtaSchmitz-Esser_WIFO2022_Rundgang-24-300x225.jpg\" alt title height=\"225\" width=\"300\" itemprop=\"thumbnailUrl\" srcset=\"https:\/\/wiesbadener-fototage.de\/wp-content\/uploads\/2022\/10\/\u00a9UtaSchmitz-Esser_WIFO2022_Rundgang-24-300x225.jpg 300w, https:\/\/wiesbadener-fototage.de\/wp-content\/uploads\/2022\/10\/\u00a9UtaSchmitz-Esser_WIFO2022_Rundgang-24-768x576.jpg 768w, https:\/\/wiesbadener-fototage.de\/wp-content\/uploads\/2022\/10\/\u00a9UtaSchmitz-Esser_WIFO2022_Rundgang-24-16x12.jpg 16w, https:\/\/wiesbadener-fototage.de\/wp-content\/uploads\/2022\/10\/\u00a9UtaSchmitz-Esser_WIFO2022_Rundgang-24-705x529.jpg 705w, https:\/\/wiesbadener-fototage.de\/wp-content\/uploads\/2022\/10\/\u00a9UtaSchmitz-Esser_WIFO2022_Rundgang-24-450x338.jpg 450w, https:\/\/wiesbadener-fototage.de\/wp-content\/uploads\/2022\/10\/\u00a9UtaSchmitz-Esser_WIFO2022_Rundgang-24.jpg 800w\" sizes=\"(max-width: 300px) 100vw, 300px\"><\/div><\/div><\/div><br>\n\n<style type=\"text\/css\" data-created_by=\"avia_inline_auto\" id=\"style-css-av-mcajv8bw-0335c87187144048ecefa622e8e7fecf\">\n#top .av_textblock_section.av-mcajv8bw-0335c87187144048ecefa622e8e7fecf .avia_textblock{\ncolor:#000000;\n}\n<\/style>\n<section class=\"av_textblock_section av-mcajv8bw-0335c87187144048ecefa622e8e7fecf \" itemscope=\"itemscope\" itemtype=\"https:\/\/schema.org\/CreativeWork\"><div class=\"avia_textblock av_inherit_color\" itemprop=\"text\"><p style=\"text-align: left;\">Fr, 29.08.2025, 15&nbsp;Uhr<br>\nKunsthaus Wiesbaden<strong><br>\n<\/strong><b>BILDERSCHAUEN &nbsp;<\/b>I<b> Ausstellungsf\u00fchrung mit Michaela H\u00f6llriegel<\/b><\/p>\n<\/div><\/section><br>\n<div class=\"avia-button-wrap av-2m28vw-40efbd12cb682b6ba6dc14f25ce0c877-wrap avia-button-left  avia-builder-el-22  el_after_av_textblock  avia-builder-el-last \">\n<style type=\"text\/css\" data-created_by=\"avia_inline_auto\" id=\"style-css-av-2m28vw-40efbd12cb682b6ba6dc14f25ce0c877\">\n#top #wrap_all .avia-button.av-2m28vw-40efbd12cb682b6ba6dc14f25ce0c877{\nfont-size:18px;\nborder-style:ridge;\ntransition:all 0.4s ease-in-out;\n}\n<\/style>\n<a href=\"https:\/\/www.wiesbadener-fototage.de\/wifo2025\/fuehrungen\" class=\"avia-button av-2m28vw-40efbd12cb682b6ba6dc14f25ce0c877 av-link-btn avia-icon_select-no avia-size-small avia-position-left avia-color-white\" aria-label=\"Mehr erfahren\"><span class=\"avia_iconbox_title\">Mehr erfahren<\/span><\/a><\/div><\/div>\n\n<style type=\"text\/css\" data-created_by=\"avia_inline_auto\" id=\"style-css-av-ffyjpo-a3ca6bca67ee1f0d8ef9e7178da04f19\">\n.flex_column.av-ffyjpo-a3ca6bca67ee1f0d8ef9e7178da04f19{\nborder-radius:0px 0px 0px 0px;\npadding:0px 0px 0px 0px;\n}\n<\/style>\n<div class=\"flex_column av-ffyjpo-a3ca6bca67ee1f0d8ef9e7178da04f19 av_one_fourth  avia-builder-el-23  el_after_av_one_fourth  el_before_av_one_fourth  flex_column_div av-zero-column-padding  column-top-margin\"><p>\n<style type=\"text\/css\" data-created_by=\"avia_inline_auto\" id=\"style-css-av-er0p6k-9c67d47b6e38b37e86b6578d533b68ad\">\n.avia-image-container.av-er0p6k-9c67d47b6e38b37e86b6578d533b68ad img.avia_image{\nbox-shadow:none;\n}\n.avia-image-container.av-er0p6k-9c67d47b6e38b37e86b6578d533b68ad .av-caption-image-overlay-bg{\nopacity:0.4;\nbackground-color:#000000;\n}\n.avia-image-container.av-er0p6k-9c67d47b6e38b37e86b6578d533b68ad .av-image-caption-overlay-center{\ncolor:#ffffff;\n}\n<\/style>\n<\/p><div class=\"avia-image-container av-er0p6k-9c67d47b6e38b37e86b6578d533b68ad av-styling- avia-align-center  avia-builder-el-24  el_before_av_textblock  avia-builder-el-first  noHover av-overlay-hover-deactivate av-has-copyright av-copyright-icon-reveal\" itemprop=\"image\" itemscope=\"itemscope\" itemtype=\"https:\/\/schema.org\/ImageObject\"><div class=\"avia-image-container-inner\"><div class=\"avia-image-overlay-wrap\"><div class=\"av-image-caption-overlay\"><div class=\"av-caption-image-overlay-bg\"><\/div><div class=\"av-image-caption-overlay-position\"><div class=\"av-image-caption-overlay-center\"><\/div><\/div><\/div><img decoding=\"async\" fetchpriority=\"high\" class=\"wp-image-10700 avia-img-lazy-loading-not-10700 avia_image \" src=\"https:\/\/wiesbadener-fototage.de\/wp-content\/uploads\/2025\/06\/albano_Portrait_Copyright_YzerJungjohann-4109_Querformat_Web-300x225.jpg\" alt title height=\"225\" width=\"300\" itemprop=\"thumbnailUrl\" srcset=\"https:\/\/wiesbadener-fototage.de\/wp-content\/uploads\/2025\/06\/albano_Portrait_Copyright_YzerJungjohann-4109_Querformat_Web-300x225.jpg 300w, https:\/\/wiesbadener-fototage.de\/wp-content\/uploads\/2025\/06\/albano_Portrait_Copyright_YzerJungjohann-4109_Querformat_Web-1030x772.jpg 1030w, https:\/\/wiesbadener-fototage.de\/wp-content\/uploads\/2025\/06\/albano_Portrait_Copyright_YzerJungjohann-4109_Querformat_Web-768x575.jpg 768w, https:\/\/wiesbadener-fototage.de\/wp-content\/uploads\/2025\/06\/albano_Portrait_Copyright_YzerJungjohann-4109_Querformat_Web-16x12.jpg 16w, https:\/\/wiesbadener-fototage.de\/wp-content\/uploads\/2025\/06\/albano_Portrait_Copyright_YzerJungjohann-4109_Querformat_Web-705x528.jpg 705w, https:\/\/wiesbadener-fototage.de\/wp-content\/uploads\/2025\/06\/albano_Portrait_Copyright_YzerJungjohann-4109_Querformat_Web.jpg 1080w\" sizes=\"(max-width: 300px) 100vw, 300px\"><\/div><small class=\"avia-copyright\">Photo\u00a9Yzer&amp;Jungjohann<\/small><\/div><\/div><br>\n\n<style type=\"text\/css\" data-created_by=\"avia_inline_auto\" id=\"style-css-av-mbl9zyus-456e3969d0bb56e63bdfae6b889f6dfa\">\n#top .av_textblock_section.av-mbl9zyus-456e3969d0bb56e63bdfae6b889f6dfa .avia_textblock{\ncolor:#000000;\n}\n<\/style>\n<section class=\"av_textblock_section av-mbl9zyus-456e3969d0bb56e63bdfae6b889f6dfa \" itemscope=\"itemscope\" itemtype=\"https:\/\/schema.org\/CreativeWork\"><div class=\"avia_textblock av_inherit_color\" itemprop=\"text\"><p>Fr, 29.08.2025, 17&nbsp;Uhr<br>\nK\u00fcnstlerverein Walkm\u00fchle<br>\n<strong>ARTIST TALK &nbsp;<\/strong>I<strong>&nbsp; Verdiana Albano im Gespr\u00e4ch mit Dr. Christina Leber<br>\n<\/strong><\/p>\n<\/div><\/section><br>\n<div class=\"avia-button-wrap av-d2976k-0f47122cfd77818662e7e2b38222dc0f-wrap avia-button-left  avia-builder-el-26  el_after_av_textblock  avia-builder-el-last \">\n<style type=\"text\/css\" data-created_by=\"avia_inline_auto\" id=\"style-css-av-d2976k-0f47122cfd77818662e7e2b38222dc0f\">\n#top #wrap_all .avia-button.av-d2976k-0f47122cfd77818662e7e2b38222dc0f{\nfont-size:18px;\nborder-style:ridge;\ntransition:all 0.4s ease-in-out;\n}\n<\/style>\n<a href=\"https:\/\/www.wiesbadener-fototage.de\/wifo2025\/artisttalks\" class=\"avia-button av-d2976k-0f47122cfd77818662e7e2b38222dc0f av-link-btn avia-icon_select-no avia-size-small avia-position-left avia-color-white\" aria-label=\"Mehr erfahren\"><span class=\"avia_iconbox_title\">Mehr erfahren<\/span><\/a><\/div><\/div>\n\n<style type=\"text\/css\" data-created_by=\"avia_inline_auto\" id=\"style-css-av-2ihuz0-a1d57290dde488f1b98fc04422796daf\">\n.flex_column.av-2ihuz0-a1d57290dde488f1b98fc04422796daf{\nborder-radius:0px 0px 0px 0px;\npadding:0px 0px 0px 0px;\n}\n<\/style>\n<div class=\"flex_column av-2ihuz0-a1d57290dde488f1b98fc04422796daf av_one_fourth  avia-builder-el-27  el_after_av_one_fourth  el_before_av_one_fourth  flex_column_div av-zero-column-padding  column-top-margin\"><p>\n<style type=\"text\/css\" data-created_by=\"avia_inline_auto\" id=\"style-css-av-mcq13xd0-729a1ddf57edd2c7a522819aa3bc82d0\">\n.avia-image-container.av-mcq13xd0-729a1ddf57edd2c7a522819aa3bc82d0 img.avia_image{\nbox-shadow:none;\n}\n.avia-image-container.av-mcq13xd0-729a1ddf57edd2c7a522819aa3bc82d0 .av-image-caption-overlay-center{\ncolor:#ffffff;\n}\n<\/style>\n<\/p><div class=\"avia-image-container av-mcq13xd0-729a1ddf57edd2c7a522819aa3bc82d0 av-styling- avia-align-center  avia-builder-el-28  el_before_av_textblock  avia-builder-el-first \" itemprop=\"image\" itemscope=\"itemscope\" itemtype=\"https:\/\/schema.org\/ImageObject\"><div class=\"avia-image-container-inner\"><div class=\"avia-image-overlay-wrap\"><img decoding=\"async\" fetchpriority=\"high\" class=\"wp-image-12442 avia-img-lazy-loading-not-12442 avia_image \" src=\"https:\/\/wiesbadener-fototage.de\/wp-content\/uploads\/2025\/07\/iStock-1130377315_Web-300x225.jpg\" alt title height=\"225\" width=\"300\" itemprop=\"thumbnailUrl\" srcset=\"https:\/\/wiesbadener-fototage.de\/wp-content\/uploads\/2025\/07\/iStock-1130377315_Web-300x225.jpg 300w, https:\/\/wiesbadener-fototage.de\/wp-content\/uploads\/2025\/07\/iStock-1130377315_Web-1030x773.jpg 1030w, https:\/\/wiesbadener-fototage.de\/wp-content\/uploads\/2025\/07\/iStock-1130377315_Web-768x576.jpg 768w, https:\/\/wiesbadener-fototage.de\/wp-content\/uploads\/2025\/07\/iStock-1130377315_Web-16x12.jpg 16w, https:\/\/wiesbadener-fototage.de\/wp-content\/uploads\/2025\/07\/iStock-1130377315_Web-705x529.jpg 705w, https:\/\/wiesbadener-fototage.de\/wp-content\/uploads\/2025\/07\/iStock-1130377315_Web.jpg 1080w\" sizes=\"(max-width: 300px) 100vw, 300px\"><\/div><\/div><\/div><br>\n\n<style type=\"text\/css\" data-created_by=\"avia_inline_auto\" id=\"style-css-av-mcq14y4t-2bfd740bf4afb49c07063191e9171a52\">\n#top .av_textblock_section.av-mcq14y4t-2bfd740bf4afb49c07063191e9171a52 .avia_textblock{\ncolor:#000000;\n}\n<\/style>\n<section class=\"av_textblock_section av-mcq14y4t-2bfd740bf4afb49c07063191e9171a52 \" itemscope=\"itemscope\" itemtype=\"https:\/\/schema.org\/CreativeWork\"><div class=\"avia_textblock av_inherit_color\" itemprop=\"text\"><p>Sa, 30.08.2025, 17.30&nbsp;Uhr<br>\nKunsthaus Wiesbaden<br>\n<strong>DGPh FOTO:TALK &nbsp;<\/strong>I &nbsp;<b>Bilder f\u00fcr die Zukunft? Welche Zukunft?<br>\n<\/b>Mit Alexander Hagmann, Henner Flohr und Mika Sperling<\/p>\n<\/div><\/section><br>\n<div class=\"avia-button-wrap av-mcq16tw2-be503a4799710de96c459017198732fd-wrap avia-button-left  avia-builder-el-30  el_after_av_textblock  avia-builder-el-last \">\n<style type=\"text\/css\" data-created_by=\"avia_inline_auto\" id=\"style-css-av-mcq16tw2-be503a4799710de96c459017198732fd\">\n#top #wrap_all .avia-button.av-mcq16tw2-be503a4799710de96c459017198732fd{\nfont-size:18px;\nborder-style:ridge;\ntransition:all 0.4s ease-in-out;\n}\n<\/style>\n<a href=\"https:\/\/www.wiesbadener-fototage.de\/wifo2025\/festivalprogramm\/vortraegetalks\" class=\"avia-button av-mcq16tw2-be503a4799710de96c459017198732fd av-link-btn avia-icon_select-no avia-size-small avia-position-left avia-color-white\" aria-label=\"Mehr erfahren\"><span class=\"avia_iconbox_title\">Mehr erfahren<\/span><\/a><\/div><\/div>\n\n<style type=\"text\/css\" data-created_by=\"avia_inline_auto\" id=\"style-css-av-7br7q4-dc8041d0dffa518b60789d62cbf81938\">\n.flex_column.av-7br7q4-dc8041d0dffa518b60789d62cbf81938{\nborder-radius:0px 0px 0px 0px;\npadding:0px 0px 0px 0px;\n}\n<\/style>\n<div class=\"flex_column av-7br7q4-dc8041d0dffa518b60789d62cbf81938 av_one_fourth  avia-builder-el-31  el_after_av_one_fourth  el_before_av_one_fourth  flex_column_div av-zero-column-padding  column-top-margin\"><p>\n<style type=\"text\/css\" data-created_by=\"avia_inline_auto\" id=\"style-css-av-5ewnbw-33f5826f4dc78f048fc3919d6ad30d5d\">\n.avia-image-container.av-5ewnbw-33f5826f4dc78f048fc3919d6ad30d5d img.avia_image{\nbox-shadow:none;\n}\n.avia-image-container.av-5ewnbw-33f5826f4dc78f048fc3919d6ad30d5d .av-image-caption-overlay-center{\ncolor:#ffffff;\n}\n<\/style>\n<\/p><div class=\"avia-image-container av-5ewnbw-33f5826f4dc78f048fc3919d6ad30d5d av-styling- avia-align-center  avia-builder-el-32  el_before_av_textblock  avia-builder-el-first \" itemprop=\"image\" itemscope=\"itemscope\" itemtype=\"https:\/\/schema.org\/ImageObject\"><div class=\"avia-image-container-inner\"><div class=\"avia-image-overlay-wrap\"><img decoding=\"async\" fetchpriority=\"high\" class=\"wp-image-12229 avia-img-lazy-loading-not-12229 avia_image \" src=\"https:\/\/wiesbadener-fototage.de\/wp-content\/uploads\/2025\/07\/Beschreibung-Foto-Quiz_Web-300x225.jpg\" alt title height=\"225\" width=\"300\" itemprop=\"thumbnailUrl\" srcset=\"https:\/\/wiesbadener-fototage.de\/wp-content\/uploads\/2025\/07\/Beschreibung-Foto-Quiz_Web-300x225.jpg 300w, https:\/\/wiesbadener-fototage.de\/wp-content\/uploads\/2025\/07\/Beschreibung-Foto-Quiz_Web-1030x773.jpg 1030w, https:\/\/wiesbadener-fototage.de\/wp-content\/uploads\/2025\/07\/Beschreibung-Foto-Quiz_Web-768x576.jpg 768w, https:\/\/wiesbadener-fototage.de\/wp-content\/uploads\/2025\/07\/Beschreibung-Foto-Quiz_Web-16x12.jpg 16w, https:\/\/wiesbadener-fototage.de\/wp-content\/uploads\/2025\/07\/Beschreibung-Foto-Quiz_Web-705x529.jpg 705w, https:\/\/wiesbadener-fototage.de\/wp-content\/uploads\/2025\/07\/Beschreibung-Foto-Quiz_Web.jpg 1188w\" sizes=\"(max-width: 300px) 100vw, 300px\"><\/div><\/div><\/div><br>\n\n<style type=\"text\/css\" data-created_by=\"avia_inline_auto\" id=\"style-css-av-3qgia4-02dda249d74af13fe3296e0bd63b8157\">\n#top .av_textblock_section.av-3qgia4-02dda249d74af13fe3296e0bd63b8157 .avia_textblock{\ncolor:#000000;\n}\n<\/style>\n<section class=\"av_textblock_section av-3qgia4-02dda249d74af13fe3296e0bd63b8157 \" itemscope=\"itemscope\" itemtype=\"https:\/\/schema.org\/CreativeWork\"><div class=\"avia_textblock av_inherit_color\" itemprop=\"text\"><p>Sa, 30.08.2025, 19&nbsp;Uhr<br>\nGalerie Rubrecht Contemporary<br>\n<strong>FOTOGRAFIE-QUIZABEND &nbsp;<\/strong>I<strong>&nbsp; Ein spielerischer Blick auf die Fotogeschichte mit Alexander Hagmann<br>\n<\/strong><\/p>\n<\/div><\/section><br>\n<div class=\"avia-button-wrap av-31unuk-541fc9c9b4f5d774003676383eecca7e-wrap avia-button-left  avia-builder-el-34  el_after_av_textblock  avia-builder-el-last \">\n<style type=\"text\/css\" data-created_by=\"avia_inline_auto\" id=\"style-css-av-31unuk-541fc9c9b4f5d774003676383eecca7e\">\n#top #wrap_all .avia-button.av-31unuk-541fc9c9b4f5d774003676383eecca7e{\nfont-size:18px;\nborder-style:ridge;\ntransition:all 0.4s ease-in-out;\n}\n<\/style>\n<a href=\"https:\/\/www.wiesbadener-fototage.de\/wifo2025\/festivalprogramm\/foto-quiz\" class=\"avia-button av-31unuk-541fc9c9b4f5d774003676383eecca7e av-link-btn avia-icon_select-no avia-size-small avia-position-left avia-color-white\" aria-label=\"Mehr erfahren\"><span class=\"avia_iconbox_title\">Mehr erfahren<\/span><\/a><\/div><\/div>\n\n<style type=\"text\/css\" data-created_by=\"avia_inline_auto\" id=\"style-css-av-5ol5mk-eeb5bf474d58318eed87cf7c651bfed7\">\n.flex_column.av-5ol5mk-eeb5bf474d58318eed87cf7c651bfed7{\nborder-radius:0px 0px 0px 0px;\npadding:0px 0px 0px 0px;\n}\n<\/style>\n<div class=\"flex_column av-5ol5mk-eeb5bf474d58318eed87cf7c651bfed7 av_one_fourth  avia-builder-el-35  el_after_av_one_fourth  el_before_av_one_fourth  first flex_column_div av-zero-column-padding  column-top-margin\"><p>\n<style type=\"text\/css\" data-created_by=\"avia_inline_auto\" id=\"style-css-av-3opx70-22b26f6edf5ea9ff2e38eff3f5465dd0\">\n.avia-image-container.av-3opx70-22b26f6edf5ea9ff2e38eff3f5465dd0 img.avia_image{\nbox-shadow:none;\n}\n.avia-image-container.av-3opx70-22b26f6edf5ea9ff2e38eff3f5465dd0 .av-image-caption-overlay-center{\ncolor:#ffffff;\n}\n<\/style>\n<\/p><div class=\"avia-image-container av-3opx70-22b26f6edf5ea9ff2e38eff3f5465dd0 av-styling- avia-align-center  avia-builder-el-36  el_before_av_textblock  avia-builder-el-first \" itemprop=\"image\" itemscope=\"itemscope\" itemtype=\"https:\/\/schema.org\/ImageObject\"><div class=\"avia-image-container-inner\"><div class=\"avia-image-overlay-wrap\"><img decoding=\"async\" fetchpriority=\"high\" class=\"wp-image-5462 avia-img-lazy-loading-not-5462 avia_image \" src=\"https:\/\/wiesbadener-fototage.de\/wp-content\/uploads\/2022\/10\/\u00a9UtaSchmitz-Esser_WIFO2022_Rundgang-24-300x225.jpg\" alt title height=\"225\" width=\"300\" itemprop=\"thumbnailUrl\" srcset=\"https:\/\/wiesbadener-fototage.de\/wp-content\/uploads\/2022\/10\/\u00a9UtaSchmitz-Esser_WIFO2022_Rundgang-24-300x225.jpg 300w, https:\/\/wiesbadener-fototage.de\/wp-content\/uploads\/2022\/10\/\u00a9UtaSchmitz-Esser_WIFO2022_Rundgang-24-768x576.jpg 768w, https:\/\/wiesbadener-fototage.de\/wp-content\/uploads\/2022\/10\/\u00a9UtaSchmitz-Esser_WIFO2022_Rundgang-24-16x12.jpg 16w, https:\/\/wiesbadener-fototage.de\/wp-content\/uploads\/2022\/10\/\u00a9UtaSchmitz-Esser_WIFO2022_Rundgang-24-705x529.jpg 705w, https:\/\/wiesbadener-fototage.de\/wp-content\/uploads\/2022\/10\/\u00a9UtaSchmitz-Esser_WIFO2022_Rundgang-24-450x338.jpg 450w, https:\/\/wiesbadener-fototage.de\/wp-content\/uploads\/2022\/10\/\u00a9UtaSchmitz-Esser_WIFO2022_Rundgang-24.jpg 800w\" sizes=\"(max-width: 300px) 100vw, 300px\"><\/div><\/div><\/div><br>\n\n<style type=\"text\/css\" data-created_by=\"avia_inline_auto\" id=\"style-css-av-mcajygt7-dab835fbb8fd4faddcdc99df105452e9\">\n#top .av_textblock_section.av-mcajygt7-dab835fbb8fd4faddcdc99df105452e9 .avia_textblock{\ncolor:#000000;\n}\n<\/style>\n<section class=\"av_textblock_section av-mcajygt7-dab835fbb8fd4faddcdc99df105452e9 \" itemscope=\"itemscope\" itemtype=\"https:\/\/schema.org\/CreativeWork\"><div class=\"avia_textblock av_inherit_color\" itemprop=\"text\"><p style=\"text-align: left;\">So, 31.08.2025, 12&nbsp;Uhr<br>\nfrauen museum wiesbaden<strong><br>\n<\/strong><b>BILDERSCHAUEN &nbsp;<\/b>I<b> &nbsp;Ausstellungsf\u00fchrung mit Janine Erkel<\/b><\/p>\n<\/div><\/section><br>\n<div class=\"avia-button-wrap av-2ec964-d981524b7633f6b78b74461b937c9144-wrap avia-button-left  avia-builder-el-38  el_after_av_textblock  avia-builder-el-last \">\n<style type=\"text\/css\" data-created_by=\"avia_inline_auto\" id=\"style-css-av-2ec964-d981524b7633f6b78b74461b937c9144\">\n#top #wrap_all .avia-button.av-2ec964-d981524b7633f6b78b74461b937c9144{\nfont-size:18px;\nborder-style:ridge;\ntransition:all 0.4s ease-in-out;\n}\n<\/style>\n<a href=\"https:\/\/www.wiesbadener-fototage.de\/wifo2025\/fuehrungen\" class=\"avia-button av-2ec964-d981524b7633f6b78b74461b937c9144 av-link-btn avia-icon_select-no avia-size-small avia-position-left avia-color-white\" aria-label=\"Mehr erfahren\"><span class=\"avia_iconbox_title\">Mehr erfahren<\/span><\/a><\/div><\/div>\n\n<style type=\"text\/css\" data-created_by=\"avia_inline_auto\" id=\"style-css-av-4b5j9o-60fa25c8f2fe43177211c1f33f39abd9\">\n.flex_column.av-4b5j9o-60fa25c8f2fe43177211c1f33f39abd9{\nborder-radius:0px 0px 0px 0px;\npadding:0px 0px 0px 0px;\n}\n<\/style>\n<div class=\"flex_column av-4b5j9o-60fa25c8f2fe43177211c1f33f39abd9 av_one_fourth  avia-builder-el-39  el_after_av_one_fourth  el_before_av_one_fourth  flex_column_div av-zero-column-padding  column-top-margin\"><p>\n<style type=\"text\/css\" data-created_by=\"avia_inline_auto\" id=\"style-css-av-mblw3akp-be825467c9834137efc28bcd699fd28c\">\n.avia-image-container.av-mblw3akp-be825467c9834137efc28bcd699fd28c img.avia_image{\nbox-shadow:none;\n}\n.avia-image-container.av-mblw3akp-be825467c9834137efc28bcd699fd28c .av-image-caption-overlay-center{\ncolor:#ffffff;\n}\n<\/style>\n<\/p><div class=\"avia-image-container av-mblw3akp-be825467c9834137efc28bcd699fd28c av-styling- avia-align-center  avia-builder-el-40  el_before_av_textblock  avia-builder-el-first  av-has-copyright av-copyright-icon-reveal\" itemprop=\"image\" itemscope=\"itemscope\" itemtype=\"https:\/\/schema.org\/ImageObject\"><div class=\"avia-image-container-inner\"><div class=\"avia-image-overlay-wrap\"><img decoding=\"async\" fetchpriority=\"high\" class=\"wp-image-12872 avia-img-lazy-loading-not-12872 avia_image \" src=\"https:\/\/wiesbadener-fototage.de\/wp-content\/uploads\/2025\/07\/lezmi-by-oxana_guryanova_001_web_4-3-300x225.jpg\" alt title height=\"225\" width=\"300\" itemprop=\"thumbnailUrl\" srcset=\"https:\/\/wiesbadener-fototage.de\/wp-content\/uploads\/2025\/07\/lezmi-by-oxana_guryanova_001_web_4-3-300x225.jpg 300w, https:\/\/wiesbadener-fototage.de\/wp-content\/uploads\/2025\/07\/lezmi-by-oxana_guryanova_001_web_4-3-1030x773.jpg 1030w, https:\/\/wiesbadener-fototage.de\/wp-content\/uploads\/2025\/07\/lezmi-by-oxana_guryanova_001_web_4-3-768x576.jpg 768w, https:\/\/wiesbadener-fototage.de\/wp-content\/uploads\/2025\/07\/lezmi-by-oxana_guryanova_001_web_4-3-16x12.jpg 16w, https:\/\/wiesbadener-fototage.de\/wp-content\/uploads\/2025\/07\/lezmi-by-oxana_guryanova_001_web_4-3-705x529.jpg 705w, https:\/\/wiesbadener-fototage.de\/wp-content\/uploads\/2025\/07\/lezmi-by-oxana_guryanova_001_web_4-3.jpg 1080w\" sizes=\"(max-width: 300px) 100vw, 300px\"><\/div><small class=\"avia-copyright\">Photo \u00a9 Oxana Guryanova<\/small><\/div><\/div><br>\n\n<style type=\"text\/css\" data-created_by=\"avia_inline_auto\" id=\"style-css-av-mblw4cid-8ece647954fa3e1a517381bcbaf416b5\">\n#top .av_textblock_section.av-mblw4cid-8ece647954fa3e1a517381bcbaf416b5 .avia_textblock{\ncolor:#000000;\n}\n<\/style>\n<section class=\"av_textblock_section av-mblw4cid-8ece647954fa3e1a517381bcbaf416b5 \" itemscope=\"itemscope\" itemtype=\"https:\/\/schema.org\/CreativeWork\"><div class=\"avia_textblock av_inherit_color\" itemprop=\"text\"><p>So, 31.08.2025, 14&nbsp;Uhr<br>\nKunsthaus Wiesbaden<br>\n<strong>FOTO:TALK &nbsp;<\/strong>I<strong>&nbsp; Frederic Lezmi stellt den Photobook Dummy Award vor. Gast: Wolfgang Zurborn<br>\n<\/strong><\/p>\n<\/div><\/section><br>\n<div class=\"avia-button-wrap av-363wto-9630583c7831d45dce65eeb4e9b2f237-wrap avia-button-left  avia-builder-el-42  el_after_av_textblock  avia-builder-el-last \">\n<style type=\"text\/css\" data-created_by=\"avia_inline_auto\" id=\"style-css-av-363wto-9630583c7831d45dce65eeb4e9b2f237\">\n#top #wrap_all .avia-button.av-363wto-9630583c7831d45dce65eeb4e9b2f237{\nfont-size:18px;\nborder-style:ridge;\ntransition:all 0.4s ease-in-out;\n}\n<\/style>\n<a href=\"https:\/\/www.wiesbadener-fototage.de\/wifo2025\/festivalprogramm\/vortraegetalks\" class=\"avia-button av-363wto-9630583c7831d45dce65eeb4e9b2f237 av-link-btn avia-icon_select-no avia-size-small avia-position-left avia-color-white\" aria-label=\"Mehr erfahren\"><span class=\"avia_iconbox_title\">Mehr erfahren<\/span><\/a><\/div><\/div>\n\n<style type=\"text\/css\" data-created_by=\"avia_inline_auto\" id=\"style-css-av-7gelyk-4155df70dd71ffdf4110c12879d79f55\">\n.flex_column.av-7gelyk-4155df70dd71ffdf4110c12879d79f55{\nborder-radius:0px 0px 0px 0px;\npadding:0px 0px 0px 0px;\n}\n<\/style>\n<div class=\"flex_column av-7gelyk-4155df70dd71ffdf4110c12879d79f55 av_one_fourth  avia-builder-el-43  el_after_av_one_fourth  el_before_av_one_fourth  flex_column_div av-zero-column-padding  column-top-margin\"><p>\n<style type=\"text\/css\" data-created_by=\"avia_inline_auto\" id=\"style-css-av-5xel3g-d00ef7ccf688534667684988ad112f07\">\n.avia-image-container.av-5xel3g-d00ef7ccf688534667684988ad112f07 img.avia_image{\nbox-shadow:none;\n}\n.avia-image-container.av-5xel3g-d00ef7ccf688534667684988ad112f07 .av-image-caption-overlay-center{\ncolor:#ffffff;\n}\n<\/style>\n<\/p><div class=\"avia-image-container av-5xel3g-d00ef7ccf688534667684988ad112f07 av-styling- avia-align-center  avia-builder-el-44  el_before_av_textblock  avia-builder-el-first \" itemprop=\"image\" itemscope=\"itemscope\" itemtype=\"https:\/\/schema.org\/ImageObject\"><div class=\"avia-image-container-inner\"><div class=\"avia-image-overlay-wrap\"><img decoding=\"async\" fetchpriority=\"high\" class=\"wp-image-10697 avia-img-lazy-loading-not-10697 avia_image \" src=\"https:\/\/wiesbadener-fototage.de\/wp-content\/uploads\/2025\/06\/Schien_Julius_Portrait_72dpi_Cprivat_Querformat-300x225.jpg\" alt title=\"Schien_Julius_Portrait_72dpi_(C)privat_Querformat\" height=\"225\" width=\"300\" itemprop=\"thumbnailUrl\" srcset=\"https:\/\/wiesbadener-fototage.de\/wp-content\/uploads\/2025\/06\/Schien_Julius_Portrait_72dpi_Cprivat_Querformat-300x225.jpg 300w, https:\/\/wiesbadener-fototage.de\/wp-content\/uploads\/2025\/06\/Schien_Julius_Portrait_72dpi_Cprivat_Querformat-1030x773.jpg 1030w, https:\/\/wiesbadener-fototage.de\/wp-content\/uploads\/2025\/06\/Schien_Julius_Portrait_72dpi_Cprivat_Querformat-768x576.jpg 768w, https:\/\/wiesbadener-fototage.de\/wp-content\/uploads\/2025\/06\/Schien_Julius_Portrait_72dpi_Cprivat_Querformat-16x12.jpg 16w, https:\/\/wiesbadener-fototage.de\/wp-content\/uploads\/2025\/06\/Schien_Julius_Portrait_72dpi_Cprivat_Querformat-705x529.jpg 705w, https:\/\/wiesbadener-fototage.de\/wp-content\/uploads\/2025\/06\/Schien_Julius_Portrait_72dpi_Cprivat_Querformat.jpg 1080w\" sizes=\"(max-width: 300px) 100vw, 300px\"><\/div><\/div><\/div><br>\n\n<style type=\"text\/css\" data-created_by=\"avia_inline_auto\" id=\"style-css-av-3ktym4-a720598e773eb596727ef6d2353020db\">\n#top .av_textblock_section.av-3ktym4-a720598e773eb596727ef6d2353020db .avia_textblock{\ncolor:#000000;\n}\n<\/style>\n<section class=\"av_textblock_section av-3ktym4-a720598e773eb596727ef6d2353020db \" itemscope=\"itemscope\" itemtype=\"https:\/\/schema.org\/CreativeWork\"><div class=\"avia_textblock av_inherit_color\" itemprop=\"text\"><p>So, 31.08.2025, 15.30&nbsp;Uhr<br>\nKunsthaus Wiesbaden<br>\n<strong>ARTIST TALK &nbsp;<\/strong>I<strong>&nbsp; Julius Schien im Gespr\u00e4ch mit Daniel Oschatz<br>\n<\/strong><\/p>\n<\/div><\/section><br>\n<div class=\"avia-button-wrap av-1tt0ik-16233a8e21c1d8e4132033bf876e7e6f-wrap avia-button-left  avia-builder-el-46  el_after_av_textblock  avia-builder-el-last \">\n<style type=\"text\/css\" data-created_by=\"avia_inline_auto\" id=\"style-css-av-1tt0ik-16233a8e21c1d8e4132033bf876e7e6f\">\n#top #wrap_all .avia-button.av-1tt0ik-16233a8e21c1d8e4132033bf876e7e6f{\nfont-size:18px;\nborder-style:ridge;\ntransition:all 0.4s ease-in-out;\n}\n<\/style>\n<a href=\"https:\/\/www.wiesbadener-fototage.de\/wifo2025\/artisttalks\" class=\"avia-button av-1tt0ik-16233a8e21c1d8e4132033bf876e7e6f av-link-btn avia-icon_select-no avia-size-small avia-position-left avia-color-white\" aria-label=\"Mehr erfahren\"><span class=\"avia_iconbox_title\">Mehr erfahren<\/span><\/a><\/div><\/div>\n\n<style type=\"text\/css\" data-created_by=\"avia_inline_auto\" id=\"style-css-av-a3ie4s-4f2c7fee88af62cb20367686ea2b15a7\">\n.flex_column.av-a3ie4s-4f2c7fee88af62cb20367686ea2b15a7{\nborder-radius:0px 0px 0px 0px;\npadding:0px 0px 0px 0px;\n}\n<\/style>\n<div class=\"flex_column av-a3ie4s-4f2c7fee88af62cb20367686ea2b15a7 av_one_fourth  avia-builder-el-47  el_after_av_one_fourth  el_before_av_one_fourth  flex_column_div av-zero-column-padding  column-top-margin\"><p>\n<style type=\"text\/css\" data-created_by=\"avia_inline_auto\" id=\"style-css-av-8syq24-e64c67573538d4f12a3aab20f1a1ef8f\">\n.avia-image-container.av-8syq24-e64c67573538d4f12a3aab20f1a1ef8f img.avia_image{\nbox-shadow:none;\n}\n.avia-image-container.av-8syq24-e64c67573538d4f12a3aab20f1a1ef8f .av-image-caption-overlay-center{\ncolor:#ffffff;\n}\n<\/style>\n<\/p><div class=\"avia-image-container av-8syq24-e64c67573538d4f12a3aab20f1a1ef8f av-styling- avia-align-center  avia-builder-el-48  el_before_av_textblock  avia-builder-el-first \" itemprop=\"image\" itemscope=\"itemscope\" itemtype=\"https:\/\/schema.org\/ImageObject\"><div class=\"avia-image-container-inner\"><div class=\"avia-image-overlay-wrap\"><img decoding=\"async\" fetchpriority=\"high\" class=\"wp-image-5462 avia-img-lazy-loading-not-5462 avia_image \" src=\"https:\/\/wiesbadener-fototage.de\/wp-content\/uploads\/2022\/10\/\u00a9UtaSchmitz-Esser_WIFO2022_Rundgang-24-300x225.jpg\" alt title height=\"225\" width=\"300\" itemprop=\"thumbnailUrl\" srcset=\"https:\/\/wiesbadener-fototage.de\/wp-content\/uploads\/2022\/10\/\u00a9UtaSchmitz-Esser_WIFO2022_Rundgang-24-300x225.jpg 300w, https:\/\/wiesbadener-fototage.de\/wp-content\/uploads\/2022\/10\/\u00a9UtaSchmitz-Esser_WIFO2022_Rundgang-24-768x576.jpg 768w, https:\/\/wiesbadener-fototage.de\/wp-content\/uploads\/2022\/10\/\u00a9UtaSchmitz-Esser_WIFO2022_Rundgang-24-16x12.jpg 16w, https:\/\/wiesbadener-fototage.de\/wp-content\/uploads\/2022\/10\/\u00a9UtaSchmitz-Esser_WIFO2022_Rundgang-24-705x529.jpg 705w, https:\/\/wiesbadener-fototage.de\/wp-content\/uploads\/2022\/10\/\u00a9UtaSchmitz-Esser_WIFO2022_Rundgang-24-450x338.jpg 450w, https:\/\/wiesbadener-fototage.de\/wp-content\/uploads\/2022\/10\/\u00a9UtaSchmitz-Esser_WIFO2022_Rundgang-24.jpg 800w\" sizes=\"(max-width: 300px) 100vw, 300px\"><\/div><\/div><\/div><br>\n\n<style type=\"text\/css\" data-created_by=\"avia_inline_auto\" id=\"style-css-av-mcaq1pey-c412cc30f6f66e1c877dfed341c99282\">\n#top .av_textblock_section.av-mcaq1pey-c412cc30f6f66e1c877dfed341c99282 .avia_textblock{\ncolor:#000000;\n}\n<\/style>\n<section class=\"av_textblock_section av-mcaq1pey-c412cc30f6f66e1c877dfed341c99282 \" itemscope=\"itemscope\" itemtype=\"https:\/\/schema.org\/CreativeWork\"><div class=\"avia_textblock av_inherit_color\" itemprop=\"text\"><p style=\"text-align: left;\">Di, 02.09.2025, 16&nbsp;Uhr<br>\nsam \u2013 Stadtmuseum am&nbsp;Markt<strong><br>\n<\/strong><b>BILDERSCHAUEN &nbsp;<\/b>I<b> &nbsp;Ausstellungsf\u00fchrung mit Dr. Christiane Morsbach<\/b><\/p>\n<\/div><\/section><br>\n<div class=\"avia-button-wrap av-7hsc30-f80a6ac5e5233711c736f2a50ec64645-wrap avia-button-left  avia-builder-el-50  el_after_av_textblock  avia-builder-el-last \">\n<style type=\"text\/css\" data-created_by=\"avia_inline_auto\" id=\"style-css-av-7hsc30-f80a6ac5e5233711c736f2a50ec64645\">\n#top #wrap_all .avia-button.av-7hsc30-f80a6ac5e5233711c736f2a50ec64645{\nfont-size:18px;\nborder-style:ridge;\ntransition:all 0.4s ease-in-out;\n}\n<\/style>\n<a href=\"https:\/\/www.wiesbadener-fototage.de\/wifo2025\/fuehrungen\" class=\"avia-button av-7hsc30-f80a6ac5e5233711c736f2a50ec64645 av-link-btn avia-icon_select-no avia-size-small avia-position-left avia-color-white\" aria-label=\"Mehr erfahren\"><span class=\"avia_iconbox_title\">Mehr erfahren<\/span><\/a><\/div><\/div>\n\n<style type=\"text\/css\" data-created_by=\"avia_inline_auto\" id=\"style-css-av-5uxung-aa8f9c964070752806d4337837277300\">\n.flex_column.av-5uxung-aa8f9c964070752806d4337837277300{\nborder-radius:0px 0px 0px 0px;\npadding:0px 0px 0px 0px;\n}\n<\/style>\n<div class=\"flex_column av-5uxung-aa8f9c964070752806d4337837277300 av_one_fourth  avia-builder-el-51  el_after_av_one_fourth  el_before_av_one_fourth  first flex_column_div av-zero-column-padding  column-top-margin\"><p>\n<style type=\"text\/css\" data-created_by=\"avia_inline_auto\" id=\"style-css-av-3thlr0-58cefb398d7f1210268242102a7c6833\">\n.avia-image-container.av-3thlr0-58cefb398d7f1210268242102a7c6833 img.avia_image{\nbox-shadow:none;\n}\n.avia-image-container.av-3thlr0-58cefb398d7f1210268242102a7c6833 .av-image-caption-overlay-center{\ncolor:#ffffff;\n}\n<\/style>\n<\/p><div class=\"avia-image-container av-3thlr0-58cefb398d7f1210268242102a7c6833 av-styling- avia-align-center  avia-builder-el-52  el_before_av_textblock  avia-builder-el-first \" itemprop=\"image\" itemscope=\"itemscope\" itemtype=\"https:\/\/schema.org\/ImageObject\"><div class=\"avia-image-container-inner\"><div class=\"avia-image-overlay-wrap\"><img decoding=\"async\" fetchpriority=\"high\" class=\"wp-image-5462 avia-img-lazy-loading-not-5462 avia_image \" src=\"https:\/\/wiesbadener-fototage.de\/wp-content\/uploads\/2022\/10\/\u00a9UtaSchmitz-Esser_WIFO2022_Rundgang-24-300x225.jpg\" alt title height=\"225\" width=\"300\" itemprop=\"thumbnailUrl\" srcset=\"https:\/\/wiesbadener-fototage.de\/wp-content\/uploads\/2022\/10\/\u00a9UtaSchmitz-Esser_WIFO2022_Rundgang-24-300x225.jpg 300w, https:\/\/wiesbadener-fototage.de\/wp-content\/uploads\/2022\/10\/\u00a9UtaSchmitz-Esser_WIFO2022_Rundgang-24-768x576.jpg 768w, https:\/\/wiesbadener-fototage.de\/wp-content\/uploads\/2022\/10\/\u00a9UtaSchmitz-Esser_WIFO2022_Rundgang-24-16x12.jpg 16w, https:\/\/wiesbadener-fototage.de\/wp-content\/uploads\/2022\/10\/\u00a9UtaSchmitz-Esser_WIFO2022_Rundgang-24-705x529.jpg 705w, https:\/\/wiesbadener-fototage.de\/wp-content\/uploads\/2022\/10\/\u00a9UtaSchmitz-Esser_WIFO2022_Rundgang-24-450x338.jpg 450w, https:\/\/wiesbadener-fototage.de\/wp-content\/uploads\/2022\/10\/\u00a9UtaSchmitz-Esser_WIFO2022_Rundgang-24.jpg 800w\" sizes=\"(max-width: 300px) 100vw, 300px\"><\/div><\/div><\/div><br>\n\n<style type=\"text\/css\" data-created_by=\"avia_inline_auto\" id=\"style-css-av-mcaq22ri-dd7f314a6f1fdf49f302e1a48aa91b4f\">\n#top .av_textblock_section.av-mcaq22ri-dd7f314a6f1fdf49f302e1a48aa91b4f .avia_textblock{\ncolor:#000000;\n}\n<\/style>\n<section class=\"av_textblock_section av-mcaq22ri-dd7f314a6f1fdf49f302e1a48aa91b4f \" itemscope=\"itemscope\" itemtype=\"https:\/\/schema.org\/CreativeWork\"><div class=\"avia_textblock av_inherit_color\" itemprop=\"text\"><p style=\"text-align: left;\">Di, 02.09.2025, 18&nbsp;Uhr<br>\nKunstverein Bellevue-Saal<strong><br>\n<\/strong><b>BILDERSCHAUEN <\/b>&nbsp;I<b> &nbsp;Ausstellungsf\u00fchrung mit Dr. Christiane Morsbach<\/b><\/p>\n<\/div><\/section><br>\n<div class=\"avia-button-wrap av-2g01y4-54bb0f82a1a94c427774276839bfecd9-wrap avia-button-left  avia-builder-el-54  el_after_av_textblock  avia-builder-el-last \">\n<style type=\"text\/css\" data-created_by=\"avia_inline_auto\" id=\"style-css-av-2g01y4-54bb0f82a1a94c427774276839bfecd9\">\n#top #wrap_all .avia-button.av-2g01y4-54bb0f82a1a94c427774276839bfecd9{\nfont-size:18px;\nborder-style:ridge;\ntransition:all 0.4s ease-in-out;\n}\n<\/style>\n<a href=\"https:\/\/www.wiesbadener-fototage.de\/wifo2025\/fuehrungen\" class=\"avia-button av-2g01y4-54bb0f82a1a94c427774276839bfecd9 av-link-btn avia-icon_select-no avia-size-small avia-position-left avia-color-white\" aria-label=\"Mehr erfahren\"><span class=\"avia_iconbox_title\">Mehr erfahren<\/span><\/a><\/div><\/div>\n\n<style type=\"text\/css\" data-created_by=\"avia_inline_auto\" id=\"style-css-av-mkauk-c0b0ddfa84f9cbc82f5161cac4106815\">\n.flex_column.av-mkauk-c0b0ddfa84f9cbc82f5161cac4106815{\nborder-radius:0px 0px 0px 0px;\npadding:0px 0px 0px 0px;\n}\n<\/style>\n<div class=\"flex_column av-mkauk-c0b0ddfa84f9cbc82f5161cac4106815 av_one_fourth  avia-builder-el-55  el_after_av_one_fourth  el_before_av_one_fourth  flex_column_div av-zero-column-padding  column-top-margin\"><p>\n<style type=\"text\/css\" data-created_by=\"avia_inline_auto\" id=\"style-css-av-3ldgrw-974fbed88fec215c9876c16d2466aaed\">\n.avia-image-container.av-3ldgrw-974fbed88fec215c9876c16d2466aaed img.avia_image{\nbox-shadow:none;\n}\n.avia-image-container.av-3ldgrw-974fbed88fec215c9876c16d2466aaed .av-image-caption-overlay-center{\ncolor:#ffffff;\n}\n<\/style>\n<\/p><div class=\"avia-image-container av-3ldgrw-974fbed88fec215c9876c16d2466aaed av-styling- avia-align-center  avia-builder-el-56  el_before_av_textblock  avia-builder-el-first \" itemprop=\"image\" itemscope=\"itemscope\" itemtype=\"https:\/\/schema.org\/ImageObject\"><div class=\"avia-image-container-inner\"><div class=\"avia-image-overlay-wrap\"><img decoding=\"async\" fetchpriority=\"high\" class=\"wp-image-10020 avia-img-lazy-loading-not-10020 avia_image \" src=\"https:\/\/wiesbadener-fototage.de\/wp-content\/uploads\/2025\/06\/Ghaderi_Portrait_2web-300x225.jpg\" alt title=\"Ghaderi_Portrait_2web\" height=\"225\" width=\"300\" itemprop=\"thumbnailUrl\" srcset=\"https:\/\/wiesbadener-fototage.de\/wp-content\/uploads\/2025\/06\/Ghaderi_Portrait_2web-300x225.jpg 300w, https:\/\/wiesbadener-fototage.de\/wp-content\/uploads\/2025\/06\/Ghaderi_Portrait_2web-16x12.jpg 16w, https:\/\/wiesbadener-fototage.de\/wp-content\/uploads\/2025\/06\/Ghaderi_Portrait_2web.jpg 600w\" sizes=\"(max-width: 300px) 100vw, 300px\"><\/div><\/div><\/div><br>\n\n<style type=\"text\/css\" data-created_by=\"avia_inline_auto\" id=\"style-css-av-mblaty6w-bd35da835d7247be6afb7fc64e910735\">\n#top .av_textblock_section.av-mblaty6w-bd35da835d7247be6afb7fc64e910735 .avia_textblock{\ncolor:#000000;\n}\n<\/style>\n<section class=\"av_textblock_section av-mblaty6w-bd35da835d7247be6afb7fc64e910735 \" itemscope=\"itemscope\" itemtype=\"https:\/\/schema.org\/CreativeWork\"><div class=\"avia_textblock av_inherit_color\" itemprop=\"text\"><p>Mi, 03.09.2025, 16&nbsp;Uhr<br>\nsam \u2014 Stadtmuseum am<br>\n<strong>ARTIST TALK &nbsp;<\/strong>I<strong>&nbsp; Arez Ghaderi im Gespr\u00e4ch mit J\u00fcrgen Strasser<br>\n<\/strong><\/p>\n<\/div><\/section><br>\n<div class=\"avia-button-wrap av-2t83ak-6e929f05e8210947214a296480fb8a60-wrap avia-button-left  avia-builder-el-58  el_after_av_textblock  avia-builder-el-last \">\n<style type=\"text\/css\" data-created_by=\"avia_inline_auto\" id=\"style-css-av-2t83ak-6e929f05e8210947214a296480fb8a60\">\n#top #wrap_all .avia-button.av-2t83ak-6e929f05e8210947214a296480fb8a60{\nfont-size:18px;\nborder-style:ridge;\ntransition:all 0.4s ease-in-out;\n}\n<\/style>\n<a href=\"https:\/\/www.wiesbadener-fototage.de\/wifo2025\/artisttalks\" class=\"avia-button av-2t83ak-6e929f05e8210947214a296480fb8a60 av-link-btn avia-icon_select-no avia-size-small avia-position-left avia-color-white\" aria-label=\"Mehr erfahren\"><span class=\"avia_iconbox_title\">Mehr erfahren<\/span><\/a><\/div><\/div>\n\n<style type=\"text\/css\" data-created_by=\"avia_inline_auto\" id=\"style-css-av-b3xh7g-4ea34a5afefe5a7abbc598a948be7b7a\">\n.flex_column.av-b3xh7g-4ea34a5afefe5a7abbc598a948be7b7a{\nborder-radius:0px 0px 0px 0px;\npadding:0px 0px 0px 0px;\n}\n<\/style>\n<div class=\"flex_column av-b3xh7g-4ea34a5afefe5a7abbc598a948be7b7a av_one_fourth  avia-builder-el-59  el_after_av_one_fourth  el_before_av_one_fourth  flex_column_div av-zero-column-padding  column-top-margin\"><p>\n<style type=\"text\/css\" data-created_by=\"avia_inline_auto\" id=\"style-css-av-92rioc-bf45f8fd586d69c936dbbebe37e3fd2c\">\n.avia-image-container.av-92rioc-bf45f8fd586d69c936dbbebe37e3fd2c img.avia_image{\nbox-shadow:none;\n}\n.avia-image-container.av-92rioc-bf45f8fd586d69c936dbbebe37e3fd2c .av-image-caption-overlay-center{\ncolor:#ffffff;\n}\n<\/style>\n<\/p><div class=\"avia-image-container av-92rioc-bf45f8fd586d69c936dbbebe37e3fd2c av-styling- avia-align-center  avia-builder-el-60  el_before_av_textblock  avia-builder-el-first \" itemprop=\"image\" itemscope=\"itemscope\" itemtype=\"https:\/\/schema.org\/ImageObject\"><div class=\"avia-image-container-inner\"><div class=\"avia-image-overlay-wrap\"><img decoding=\"async\" fetchpriority=\"high\" class=\"wp-image-10031 avia-img-lazy-loading-not-10031 avia_image \" src=\"https:\/\/wiesbadener-fototage.de\/wp-content\/uploads\/2025\/06\/WeAllBleedRed_10_web-300x225.jpg\" alt title=\"WeAllBleedRed_10_web\" height=\"225\" width=\"300\" itemprop=\"thumbnailUrl\" srcset=\"https:\/\/wiesbadener-fototage.de\/wp-content\/uploads\/2025\/06\/WeAllBleedRed_10_web-300x225.jpg 300w, https:\/\/wiesbadener-fototage.de\/wp-content\/uploads\/2025\/06\/WeAllBleedRed_10_web-768x576.jpg 768w, https:\/\/wiesbadener-fototage.de\/wp-content\/uploads\/2025\/06\/WeAllBleedRed_10_web-16x12.jpg 16w, https:\/\/wiesbadener-fototage.de\/wp-content\/uploads\/2025\/06\/WeAllBleedRed_10_web-705x529.jpg 705w, https:\/\/wiesbadener-fototage.de\/wp-content\/uploads\/2025\/06\/WeAllBleedRed_10_web.jpg 800w\" sizes=\"(max-width: 300px) 100vw, 300px\"><\/div><\/div><\/div><br>\n\n<style type=\"text\/css\" data-created_by=\"avia_inline_auto\" id=\"style-css-av-mbla3d4a-f161378cbbffd30bd610189a709d0513\">\n#top .av_textblock_section.av-mbla3d4a-f161378cbbffd30bd610189a709d0513 .avia_textblock{\ncolor:#000000;\n}\n<\/style>\n<section class=\"av_textblock_section av-mbla3d4a-f161378cbbffd30bd610189a709d0513 \" itemscope=\"itemscope\" itemtype=\"https:\/\/schema.org\/CreativeWork\"><div class=\"avia_textblock av_inherit_color\" itemprop=\"text\"><p>Mi, 03.09.2025, 19&nbsp;Uhr<br>\nKunsthaus Wiesbaden<br>\n<strong>FILM &nbsp;<\/strong>I<strong> &nbsp;We All Bleed&nbsp;Red<br>\n<\/strong><\/p>\n<\/div><\/section><br>\n<div class=\"avia-button-wrap av-78kjn0-8c9ac82e171fd0130835fbaec202b770-wrap avia-button-left  avia-builder-el-62  el_after_av_textblock  avia-builder-el-last \">\n<style type=\"text\/css\" data-created_by=\"avia_inline_auto\" id=\"style-css-av-78kjn0-8c9ac82e171fd0130835fbaec202b770\">\n#top #wrap_all .avia-button.av-78kjn0-8c9ac82e171fd0130835fbaec202b770{\nfont-size:18px;\nborder-style:ridge;\ntransition:all 0.4s ease-in-out;\n}\n<\/style>\n<a href=\"https:\/\/www.wiesbadener-fototage.de\/wifo2025\/filme\" class=\"avia-button av-78kjn0-8c9ac82e171fd0130835fbaec202b770 av-link-btn avia-icon_select-no avia-size-small avia-position-left avia-color-white\" aria-label=\"Mehr erfahren\"><span class=\"avia_iconbox_title\">Mehr erfahren<\/span><\/a><\/div><\/div>\n\n<style type=\"text\/css\" data-created_by=\"avia_inline_auto\" id=\"style-css-av-6g8qoc-ef695699d3f73520a3654678ad0006db\">\n.flex_column.av-6g8qoc-ef695699d3f73520a3654678ad0006db{\nborder-radius:0px 0px 0px 0px;\npadding:0px 0px 0px 0px;\n}\n<\/style>\n<div class=\"flex_column av-6g8qoc-ef695699d3f73520a3654678ad0006db av_one_fourth  avia-builder-el-63  el_after_av_one_fourth  el_before_av_one_fourth  flex_column_div av-zero-column-padding  column-top-margin\"><p>\n<style type=\"text\/css\" data-created_by=\"avia_inline_auto\" id=\"style-css-av-4ruyi4-fde83d7b18e8e8d34bd9cbb83a982c13\">\n.avia-image-container.av-4ruyi4-fde83d7b18e8e8d34bd9cbb83a982c13 img.avia_image{\nbox-shadow:none;\n}\n.avia-image-container.av-4ruyi4-fde83d7b18e8e8d34bd9cbb83a982c13 .av-image-caption-overlay-center{\ncolor:#ffffff;\n}\n<\/style>\n<\/p><div class=\"avia-image-container av-4ruyi4-fde83d7b18e8e8d34bd9cbb83a982c13 av-styling- avia-align-center  avia-builder-el-64  el_before_av_textblock  avia-builder-el-first \" itemprop=\"image\" itemscope=\"itemscope\" itemtype=\"https:\/\/schema.org\/ImageObject\"><div class=\"avia-image-container-inner\"><div class=\"avia-image-overlay-wrap\"><img decoding=\"async\" fetchpriority=\"high\" class=\"wp-image-10029 avia-img-lazy-loading-not-10029 avia_image \" src=\"https:\/\/wiesbadener-fototage.de\/wp-content\/uploads\/2025\/06\/lena_portrait_treppe_web-300x225.jpg\" alt title=\"lena_portrait_treppe_web\" height=\"225\" width=\"300\" itemprop=\"thumbnailUrl\" srcset=\"https:\/\/wiesbadener-fototage.de\/wp-content\/uploads\/2025\/06\/lena_portrait_treppe_web-300x225.jpg 300w, https:\/\/wiesbadener-fototage.de\/wp-content\/uploads\/2025\/06\/lena_portrait_treppe_web-768x576.jpg 768w, https:\/\/wiesbadener-fototage.de\/wp-content\/uploads\/2025\/06\/lena_portrait_treppe_web-16x12.jpg 16w, https:\/\/wiesbadener-fototage.de\/wp-content\/uploads\/2025\/06\/lena_portrait_treppe_web-705x529.jpg 705w, https:\/\/wiesbadener-fototage.de\/wp-content\/uploads\/2025\/06\/lena_portrait_treppe_web.jpg 800w\" sizes=\"(max-width: 300px) 100vw, 300px\"><\/div><\/div><\/div><br>\n\n<style type=\"text\/css\" data-created_by=\"avia_inline_auto\" id=\"style-css-av-mbla2d1o-982de343867a8f22de95fb8e8ad081bb\">\n#top .av_textblock_section.av-mbla2d1o-982de343867a8f22de95fb8e8ad081bb .avia_textblock{\ncolor:#000000;\n}\n<\/style>\n<section class=\"av_textblock_section av-mbla2d1o-982de343867a8f22de95fb8e8ad081bb \" itemscope=\"itemscope\" itemtype=\"https:\/\/schema.org\/CreativeWork\"><div class=\"avia_textblock av_inherit_color\" itemprop=\"text\"><p style=\"text-align: left;\">Do, 04.09.2025, 19&nbsp;Uhr<br>\nsam \u2014 Stadtmuseum am&nbsp;Markt<strong><br>\nVORTRAG &nbsp;<\/strong>I<strong> &nbsp;Lena Papasabbas \u2013 Radikale Zuversicht \u2013 Zukunft im Zeichen des Epochenwandels<br>\n<\/strong><\/p>\n<\/div><\/section><br>\n<div class=\"avia-button-wrap av-2l2gb0-95880648a92667238fc727b3105fd93b-wrap avia-button-left  avia-builder-el-66  el_after_av_textblock  avia-builder-el-last \">\n<style type=\"text\/css\" data-created_by=\"avia_inline_auto\" id=\"style-css-av-2l2gb0-95880648a92667238fc727b3105fd93b\">\n#top #wrap_all .avia-button.av-2l2gb0-95880648a92667238fc727b3105fd93b{\nfont-size:18px;\nborder-style:ridge;\ntransition:all 0.4s ease-in-out;\n}\n<\/style>\n<a href=\"https:\/\/wiesbadener-fototage.de\/de_de\/wifo2025\/festivalprogramm\/vortrag\/\" class=\"avia-button av-2l2gb0-95880648a92667238fc727b3105fd93b av-link-btn avia-icon_select-no avia-size-small avia-position-left avia-color-white\" aria-label=\"Mehr erfahren\"><span class=\"avia_iconbox_title\">Mehr erfahren<\/span><\/a><\/div><\/div>\n\n<style type=\"text\/css\" data-created_by=\"avia_inline_auto\" id=\"style-css-av-3nnk0s-6876bbe69ea788e76200c7ded7bb992b\">\n.flex_column.av-3nnk0s-6876bbe69ea788e76200c7ded7bb992b{\nborder-radius:0px 0px 0px 0px;\npadding:0px 0px 0px 0px;\n}\n<\/style>\n<div class=\"flex_column av-3nnk0s-6876bbe69ea788e76200c7ded7bb992b av_one_fourth  avia-builder-el-67  el_after_av_one_fourth  el_before_av_one_fourth  first flex_column_div av-zero-column-padding  column-top-margin\"><p>\n<style type=\"text\/css\" data-created_by=\"avia_inline_auto\" id=\"style-css-av-mblazqvh-f014a701f0d6a534d24a340ebf6907e0\">\n.avia-image-container.av-mblazqvh-f014a701f0d6a534d24a340ebf6907e0 img.avia_image{\nbox-shadow:none;\n}\n.avia-image-container.av-mblazqvh-f014a701f0d6a534d24a340ebf6907e0 .av-image-caption-overlay-center{\ncolor:#ffffff;\n}\n<\/style>\n<\/p><div class=\"avia-image-container av-mblazqvh-f014a701f0d6a534d24a340ebf6907e0 av-styling- avia-align-center  avia-builder-el-68  el_before_av_textblock  avia-builder-el-first \" itemprop=\"image\" itemscope=\"itemscope\" itemtype=\"https:\/\/schema.org\/ImageObject\"><div class=\"avia-image-container-inner\"><div class=\"avia-image-overlay-wrap\"><img decoding=\"async\" fetchpriority=\"high\" class=\"wp-image-5462 avia-img-lazy-loading-not-5462 avia_image \" src=\"https:\/\/wiesbadener-fototage.de\/wp-content\/uploads\/2022\/10\/\u00a9UtaSchmitz-Esser_WIFO2022_Rundgang-24-300x225.jpg\" alt title height=\"225\" width=\"300\" itemprop=\"thumbnailUrl\" srcset=\"https:\/\/wiesbadener-fototage.de\/wp-content\/uploads\/2022\/10\/\u00a9UtaSchmitz-Esser_WIFO2022_Rundgang-24-300x225.jpg 300w, https:\/\/wiesbadener-fototage.de\/wp-content\/uploads\/2022\/10\/\u00a9UtaSchmitz-Esser_WIFO2022_Rundgang-24-768x576.jpg 768w, https:\/\/wiesbadener-fototage.de\/wp-content\/uploads\/2022\/10\/\u00a9UtaSchmitz-Esser_WIFO2022_Rundgang-24-16x12.jpg 16w, https:\/\/wiesbadener-fototage.de\/wp-content\/uploads\/2022\/10\/\u00a9UtaSchmitz-Esser_WIFO2022_Rundgang-24-705x529.jpg 705w, https:\/\/wiesbadener-fototage.de\/wp-content\/uploads\/2022\/10\/\u00a9UtaSchmitz-Esser_WIFO2022_Rundgang-24-450x338.jpg 450w, https:\/\/wiesbadener-fototage.de\/wp-content\/uploads\/2022\/10\/\u00a9UtaSchmitz-Esser_WIFO2022_Rundgang-24.jpg 800w\" sizes=\"(max-width: 300px) 100vw, 300px\"><\/div><\/div><\/div><br>\n\n<style type=\"text\/css\" data-created_by=\"avia_inline_auto\" id=\"style-css-av-mblaydo4-905cee48fcc6fe5fd25ee8229769a7e9\">\n#top .av_textblock_section.av-mblaydo4-905cee48fcc6fe5fd25ee8229769a7e9 .avia_textblock{\ncolor:#000000;\n}\n<\/style>\n<section class=\"av_textblock_section av-mblaydo4-905cee48fcc6fe5fd25ee8229769a7e9 \" itemscope=\"itemscope\" itemtype=\"https:\/\/schema.org\/CreativeWork\"><div class=\"avia_textblock av_inherit_color\" itemprop=\"text\"><p style=\"text-align: left;\">Fr, 05.09.2025, 17&nbsp;Uhr<br>\nK\u00fcnstlerverein Walkm\u00fchle<strong><br>\n<\/strong><strong>BILDERSCHAUEN &nbsp;<\/strong>I<strong> &nbsp;Ausstellungsf\u00fchrung mit Dr. Christiane Morsbach<\/strong><\/p>\n<\/div><\/section><br>\n<div class=\"avia-button-wrap av-246dvg-f2cfdc261684d1edbdfcd0c61c986eda-wrap avia-button-left  avia-builder-el-70  el_after_av_textblock  avia-builder-el-last \">\n<style type=\"text\/css\" data-created_by=\"avia_inline_auto\" id=\"style-css-av-246dvg-f2cfdc261684d1edbdfcd0c61c986eda\">\n#top #wrap_all .avia-button.av-246dvg-f2cfdc261684d1edbdfcd0c61c986eda{\nfont-size:18px;\nborder-style:ridge;\ntransition:all 0.4s ease-in-out;\n}\n<\/style>\n<a href=\"https:\/\/www.wiesbadener-fototage.de\/wifo2025\/fuehrungen\" class=\"avia-button av-246dvg-f2cfdc261684d1edbdfcd0c61c986eda av-link-btn avia-icon_select-no avia-size-small avia-position-left avia-color-white\" aria-label=\"Mehr erfahren\"><span class=\"avia_iconbox_title\">Mehr erfahren<\/span><\/a><\/div><\/div>\n\n<style type=\"text\/css\" data-created_by=\"avia_inline_auto\" id=\"style-css-av-58oo24-9d886efbeacf089356063309123d2f2b\">\n.flex_column.av-58oo24-9d886efbeacf089356063309123d2f2b{\nborder-radius:0px 0px 0px 0px;\npadding:0px 0px 0px 0px;\n}\n<\/style>\n<div class=\"flex_column av-58oo24-9d886efbeacf089356063309123d2f2b av_one_fourth  avia-builder-el-71  el_after_av_one_fourth  el_before_av_one_fourth  flex_column_div av-zero-column-padding  column-top-margin\"><p>\n<style type=\"text\/css\" data-created_by=\"avia_inline_auto\" id=\"style-css-av-3z45f0-7e70c5c64ca5286008c59ce39a67c7ce\">\n.avia-image-container.av-3z45f0-7e70c5c64ca5286008c59ce39a67c7ce img.avia_image{\nbox-shadow:none;\n}\n.avia-image-container.av-3z45f0-7e70c5c64ca5286008c59ce39a67c7ce .av-image-caption-overlay-center{\ncolor:#ffffff;\n}\n<\/style>\n<\/p><div class=\"avia-image-container av-3z45f0-7e70c5c64ca5286008c59ce39a67c7ce av-styling- avia-align-center  avia-builder-el-72  el_before_av_textblock  avia-builder-el-first \" itemprop=\"image\" itemscope=\"itemscope\" itemtype=\"https:\/\/schema.org\/ImageObject\"><div class=\"avia-image-container-inner\"><div class=\"avia-image-overlay-wrap\"><img decoding=\"async\" fetchpriority=\"high\" class=\"wp-image-14163 avia-img-lazy-loading-not-14163 avia_image \" src=\"https:\/\/wiesbadener-fototage.de\/wp-content\/uploads\/2025\/08\/Portrait-GG_2025_4_Portraet_Web-300x225.jpg\" alt title=\"Portrait-GG_2025_4_Portr\u00e4t_Web\" height=\"225\" width=\"300\" itemprop=\"thumbnailUrl\" srcset=\"https:\/\/wiesbadener-fototage.de\/wp-content\/uploads\/2025\/08\/Portrait-GG_2025_4_Portraet_Web-300x225.jpg 300w, https:\/\/wiesbadener-fototage.de\/wp-content\/uploads\/2025\/08\/Portrait-GG_2025_4_Portraet_Web-768x576.jpg 768w, https:\/\/wiesbadener-fototage.de\/wp-content\/uploads\/2025\/08\/Portrait-GG_2025_4_Portraet_Web-16x12.jpg 16w, https:\/\/wiesbadener-fototage.de\/wp-content\/uploads\/2025\/08\/Portrait-GG_2025_4_Portraet_Web-705x529.jpg 705w, https:\/\/wiesbadener-fototage.de\/wp-content\/uploads\/2025\/08\/Portrait-GG_2025_4_Portraet_Web.jpg 800w\" sizes=\"(max-width: 300px) 100vw, 300px\"><\/div><\/div><\/div><br>\n\n<style type=\"text\/css\" data-created_by=\"avia_inline_auto\" id=\"style-css-av-mblssik5-f03a79e633799176981d444f2dde10a7\">\n#top .av_textblock_section.av-mblssik5-f03a79e633799176981d444f2dde10a7 .avia_textblock{\ncolor:#000000;\n}\n<\/style>\n<section class=\"av_textblock_section av-mblssik5-f03a79e633799176981d444f2dde10a7 \" itemscope=\"itemscope\" itemtype=\"https:\/\/schema.org\/CreativeWork\"><div class=\"avia_textblock av_inherit_color\" itemprop=\"text\"><p>Sa, 06.09.2025, 12&nbsp;Uhr<br>\nKunstverein Bellevue-Saal<br>\n<strong>ARTIST TALK &nbsp;<\/strong>I<strong>&nbsp; Gosbert Gottmann im Gespr\u00e4ch mit Marc Peschke<br>\n<\/strong><\/p>\n<\/div><\/section><br>\n<div class=\"avia-button-wrap av-248j18-38e207a23cbe02bccd298c0729dc25be-wrap avia-button-left  avia-builder-el-74  el_after_av_textblock  avia-builder-el-last \">\n<style type=\"text\/css\" data-created_by=\"avia_inline_auto\" id=\"style-css-av-248j18-38e207a23cbe02bccd298c0729dc25be\">\n#top #wrap_all .avia-button.av-248j18-38e207a23cbe02bccd298c0729dc25be{\nfont-size:18px;\nborder-style:ridge;\ntransition:all 0.4s ease-in-out;\n}\n<\/style>\n<a href=\"https:\/\/www.wiesbadener-fototage.de\/wifo2025\/artisttalks\" class=\"avia-button av-248j18-38e207a23cbe02bccd298c0729dc25be av-link-btn avia-icon_select-no avia-size-small avia-position-left avia-color-white\" aria-label=\"Mehr erfahren\"><span class=\"avia_iconbox_title\">Mehr erfahren<\/span><\/a><\/div><\/div>\n\n<style type=\"text\/css\" data-created_by=\"avia_inline_auto\" id=\"style-css-av-56vxt8-fcf319020f3fe457db95055e5963b498\">\n.flex_column.av-56vxt8-fcf319020f3fe457db95055e5963b498{\nborder-radius:0px 0px 0px 0px;\npadding:0px 0px 0px 0px;\n}\n<\/style>\n<div class=\"flex_column av-56vxt8-fcf319020f3fe457db95055e5963b498 av_one_fourth  avia-builder-el-75  el_after_av_one_fourth  el_before_av_one_fourth  flex_column_div av-zero-column-padding  column-top-margin\"><p>\n<style type=\"text\/css\" data-created_by=\"avia_inline_auto\" id=\"style-css-av-hljnw-3b1f63b3e1ce6d695b89f1f691924a1f\">\n.avia-image-container.av-hljnw-3b1f63b3e1ce6d695b89f1f691924a1f img.avia_image{\nbox-shadow:none;\n}\n.avia-image-container.av-hljnw-3b1f63b3e1ce6d695b89f1f691924a1f .av-image-caption-overlay-center{\ncolor:#ffffff;\n}\n<\/style>\n<\/p><div class=\"avia-image-container av-hljnw-3b1f63b3e1ce6d695b89f1f691924a1f av-styling- avia-align-center  avia-builder-el-76  el_before_av_textblock  avia-builder-el-first \" itemprop=\"image\" itemscope=\"itemscope\" itemtype=\"https:\/\/schema.org\/ImageObject\"><div class=\"avia-image-container-inner\"><div class=\"avia-image-overlay-wrap\"><img decoding=\"async\" fetchpriority=\"high\" class=\"wp-image-10051 avia-img-lazy-loading-not-10051 avia_image \" src=\"https:\/\/wiesbadener-fototage.de\/wp-content\/uploads\/2025\/06\/\u00a9PaulMueller_WIFO2022_Fuehrung_KHW-7_WEb-300x225.jpg\" alt title=\"\u00a9PaulM\u00fcller_WIFO2022_F\u00fchrung_KHW-7_WEb\" height=\"225\" width=\"300\" itemprop=\"thumbnailUrl\" srcset=\"https:\/\/wiesbadener-fototage.de\/wp-content\/uploads\/2025\/06\/\u00a9PaulMueller_WIFO2022_Fuehrung_KHW-7_WEb-300x225.jpg 300w, https:\/\/wiesbadener-fototage.de\/wp-content\/uploads\/2025\/06\/\u00a9PaulMueller_WIFO2022_Fuehrung_KHW-7_WEb-768x576.jpg 768w, https:\/\/wiesbadener-fototage.de\/wp-content\/uploads\/2025\/06\/\u00a9PaulMueller_WIFO2022_Fuehrung_KHW-7_WEb-16x12.jpg 16w, https:\/\/wiesbadener-fototage.de\/wp-content\/uploads\/2025\/06\/\u00a9PaulMueller_WIFO2022_Fuehrung_KHW-7_WEb-705x529.jpg 705w, https:\/\/wiesbadener-fototage.de\/wp-content\/uploads\/2025\/06\/\u00a9PaulMueller_WIFO2022_Fuehrung_KHW-7_WEb.jpg 800w\" sizes=\"(max-width: 300px) 100vw, 300px\"><\/div><\/div><\/div><br>\n\n<style type=\"text\/css\" data-created_by=\"avia_inline_auto\" id=\"style-css-av-mcu94e51-448cbbcd7b92b8805f44fd9c5f912176\">\n#top .av_textblock_section.av-mcu94e51-448cbbcd7b92b8805f44fd9c5f912176 .avia_textblock{\ncolor:#000000;\n}\n<\/style>\n<section class=\"av_textblock_section av-mcu94e51-448cbbcd7b92b8805f44fd9c5f912176 \" itemscope=\"itemscope\" itemtype=\"https:\/\/schema.org\/CreativeWork\"><div class=\"avia_textblock av_inherit_color\" itemprop=\"text\"><p>Sa, 06.09.2025, 15\u2013 17&nbsp;Uhr<br>\nAktives Museum Spiegelgasse, Galerie Ruprecht Contemporary, Kunsthaus Wiesbaden<br>\n<strong>WALK &amp; TALK &nbsp;<\/strong>I<strong> &nbsp;Ausstellungsrundgang mit J\u00fcrgen Strasser<\/strong><\/p>\n<\/div><\/section><br>\n<div class=\"avia-button-wrap av-1ts5ng-ec61377adc5666d578d8b44816276d1f-wrap avia-button-left  avia-builder-el-78  el_after_av_textblock  avia-builder-el-last \">\n<style type=\"text\/css\" data-created_by=\"avia_inline_auto\" id=\"style-css-av-1ts5ng-ec61377adc5666d578d8b44816276d1f\">\n#top #wrap_all .avia-button.av-1ts5ng-ec61377adc5666d578d8b44816276d1f{\nfont-size:18px;\nborder-style:ridge;\ntransition:all 0.4s ease-in-out;\n}\n<\/style>\n<a href=\"https:\/\/www.wiesbadener-fototage.de\/wifo2025\/fuehrungen\" class=\"avia-button av-1ts5ng-ec61377adc5666d578d8b44816276d1f av-link-btn avia-icon_select-no avia-size-small avia-position-left avia-color-white\" aria-label=\"Mehr erfahren\"><span class=\"avia_iconbox_title\">Mehr erfahren<\/span><\/a><\/div><\/div>\n\n<style type=\"text\/css\" data-created_by=\"avia_inline_auto\" id=\"style-css-av-5i0j3w-b7c922b59bbe821a8f99916d9732c634\">\n.flex_column.av-5i0j3w-b7c922b59bbe821a8f99916d9732c634{\nborder-radius:0px 0px 0px 0px;\npadding:0px 0px 0px 0px;\n}\n<\/style>\n<div class=\"flex_column av-5i0j3w-b7c922b59bbe821a8f99916d9732c634 av_one_fourth  avia-builder-el-79  el_after_av_one_fourth  avia-builder-el-last  flex_column_div av-zero-column-padding  column-top-margin\"><p>\n<style type=\"text\/css\" data-created_by=\"avia_inline_auto\" id=\"style-css-av-4rr3m4-1d6ef08b2b6f2d42ac17f2329c13099b\">\n.avia-image-container.av-4rr3m4-1d6ef08b2b6f2d42ac17f2329c13099b img.avia_image{\nbox-shadow:none;\n}\n.avia-image-container.av-4rr3m4-1d6ef08b2b6f2d42ac17f2329c13099b .av-image-caption-overlay-center{\ncolor:#ffffff;\n}\n<\/style>\n<\/p><div class=\"avia-image-container av-4rr3m4-1d6ef08b2b6f2d42ac17f2329c13099b av-styling- avia-align-center  avia-builder-el-80  el_before_av_textblock  avia-builder-el-first \" itemprop=\"image\" itemscope=\"itemscope\" itemtype=\"https:\/\/schema.org\/ImageObject\"><div class=\"avia-image-container-inner\"><div class=\"avia-image-overlay-wrap\"><img decoding=\"async\" fetchpriority=\"high\" class=\"wp-image-5462 avia-img-lazy-loading-not-5462 avia_image \" src=\"https:\/\/wiesbadener-fototage.de\/wp-content\/uploads\/2022\/10\/\u00a9UtaSchmitz-Esser_WIFO2022_Rundgang-24-300x225.jpg\" alt title height=\"225\" width=\"300\" itemprop=\"thumbnailUrl\" srcset=\"https:\/\/wiesbadener-fototage.de\/wp-content\/uploads\/2022\/10\/\u00a9UtaSchmitz-Esser_WIFO2022_Rundgang-24-300x225.jpg 300w, https:\/\/wiesbadener-fototage.de\/wp-content\/uploads\/2022\/10\/\u00a9UtaSchmitz-Esser_WIFO2022_Rundgang-24-768x576.jpg 768w, https:\/\/wiesbadener-fototage.de\/wp-content\/uploads\/2022\/10\/\u00a9UtaSchmitz-Esser_WIFO2022_Rundgang-24-16x12.jpg 16w, https:\/\/wiesbadener-fototage.de\/wp-content\/uploads\/2022\/10\/\u00a9UtaSchmitz-Esser_WIFO2022_Rundgang-24-705x529.jpg 705w, https:\/\/wiesbadener-fototage.de\/wp-content\/uploads\/2022\/10\/\u00a9UtaSchmitz-Esser_WIFO2022_Rundgang-24-450x338.jpg 450w, https:\/\/wiesbadener-fototage.de\/wp-content\/uploads\/2022\/10\/\u00a9UtaSchmitz-Esser_WIFO2022_Rundgang-24.jpg 800w\" sizes=\"(max-width: 300px) 100vw, 300px\"><\/div><\/div><\/div><br>\n\n<style type=\"text\/css\" data-created_by=\"avia_inline_auto\" id=\"style-css-av-mcak44xl-0f343ec84a821832aec92c8625e476b0\">\n#top .av_textblock_section.av-mcak44xl-0f343ec84a821832aec92c8625e476b0 .avia_textblock{\ncolor:#000000;\n}\n<\/style>\n<section class=\"av_textblock_section av-mcak44xl-0f343ec84a821832aec92c8625e476b0 \" itemscope=\"itemscope\" itemtype=\"https:\/\/schema.org\/CreativeWork\"><div class=\"avia_textblock av_inherit_color\" itemprop=\"text\"><p style=\"text-align: left;\">So, 07.09.2025, 12&nbsp;Uhr<br>\nfrauen museum wiesbaden<strong><br>\n<\/strong><strong>BILDERSCHAUEN &nbsp;<\/strong>I<strong> &nbsp;Ausstellungsf\u00fchrung mit Kim Engels<\/strong><\/p>\n<\/div><\/section><br>\n<div class=\"avia-button-wrap av-2nmtx8-e39df361d2b78838c33593fa4d158fea-wrap avia-button-left  avia-builder-el-82  el_after_av_textblock  avia-builder-el-last \">\n<style type=\"text\/css\" data-created_by=\"avia_inline_auto\" id=\"style-css-av-2nmtx8-e39df361d2b78838c33593fa4d158fea\">\n#top #wrap_all .avia-button.av-2nmtx8-e39df361d2b78838c33593fa4d158fea{\nfont-size:18px;\nborder-style:ridge;\ntransition:all 0.4s ease-in-out;\n}\n<\/style>\n<a href=\"https:\/\/www.wiesbadener-fototage.de\/wifo2025\/fuehrungen\" class=\"avia-button av-2nmtx8-e39df361d2b78838c33593fa4d158fea av-link-btn avia-icon_select-no avia-size-small avia-position-left avia-color-white\" aria-label=\"Mehr erfahren\"><span class=\"avia_iconbox_title\">Mehr erfahren<\/span><\/a><\/div><\/div>\n<\/div><\/div><\/div><\/div><\/div>","protected":false},"excerpt":{"rendered":"","protected":false},"author":1,"featured_media":0,"parent":6369,"menu_order":0,"comment_status":"closed","ping_status":"closed","template":"","meta":{"wp_typography_post_enhancements_disabled":false,"footnotes":""},"class_list":["post-8732","page","type-page","status-publish","hentry"],"yoast_head":"<!-- This site is optimized with the Yoast SEO plugin v27.5 - https:\/\/yoast.com\/product\/yoast-seo-wordpress\/ -->\n<title>FESTIVALPROGRAMM 2025 - Wiesbadener Fototage<\/title>\n<meta name=\"robots\" content=\"index, follow, max-snippet:-1, max-image-preview:large, max-video-preview:-1\" \/>\n<link rel=\"canonical\" href=\"https:\/\/wiesbadener-fototage.de\/de_de\/wifo2025\/festivalprogramm\/\" \/>\n<meta property=\"og:locale\" content=\"de_DE\" \/>\n<meta property=\"og:type\" content=\"article\" \/>\n<meta property=\"og:title\" content=\"FESTIVALPROGRAMM 2025 - Wiesbadener Fototage\" \/>\n<meta property=\"og:url\" content=\"https:\/\/wiesbadener-fototage.de\/de_de\/wifo2025\/festivalprogramm\/\" \/>\n<meta property=\"og:site_name\" content=\"Wiesbadener Fototage\" \/>\n<meta property=\"article:publisher\" content=\"https:\/\/www.facebook.com\/fototagewiesbaden\" \/>\n<meta property=\"article:modified_time\" content=\"2025-10-16T13:00:54+00:00\" \/>\n<meta name=\"twitter:card\" content=\"summary_large_image\" \/>\n<meta name=\"twitter:label1\" content=\"Gesch\u00e4tzte Lesezeit\" \/>\n\t<meta name=\"twitter:data1\" content=\"7\u00a0Minuten\" \/>\n<script type=\"application\/ld+json\" class=\"yoast-schema-graph\">{\"@context\":\"https:\\\/\\\/schema.org\",\"@graph\":[{\"@type\":\"WebPage\",\"@id\":\"https:\\\/\\\/wiesbadener-fototage.de\\\/wifo2025\\\/festivalprogramm\\\/\",\"url\":\"https:\\\/\\\/wiesbadener-fototage.de\\\/wifo2025\\\/festivalprogramm\\\/\",\"name\":\"FESTIVALPROGRAMM 2025 - Wiesbadener Fototage\",\"isPartOf\":{\"@id\":\"https:\\\/\\\/wiesbadener-fototage.de\\\/#website\"},\"datePublished\":\"2025-06-28T06:32:48+00:00\",\"dateModified\":\"2025-10-16T13:00:54+00:00\",\"breadcrumb\":{\"@id\":\"https:\\\/\\\/wiesbadener-fototage.de\\\/wifo2025\\\/festivalprogramm\\\/#breadcrumb\"},\"inLanguage\":\"de\",\"potentialAction\":[{\"@type\":\"ReadAction\",\"target\":[\"https:\\\/\\\/wiesbadener-fototage.de\\\/wifo2025\\\/festivalprogramm\\\/\"]}]},{\"@type\":\"BreadcrumbList\",\"@id\":\"https:\\\/\\\/wiesbadener-fototage.de\\\/wifo2025\\\/festivalprogramm\\\/#breadcrumb\",\"itemListElement\":[{\"@type\":\"ListItem\",\"position\":1,\"name\":\"Startseite\",\"item\":\"https:\\\/\\\/wiesbadener-fototage.de\\\/start\\\/\"},{\"@type\":\"ListItem\",\"position\":2,\"name\":\"FESTIVAL 2025\",\"item\":\"https:\\\/\\\/wiesbadener-fototage.de\\\/wifo2025\\\/\"},{\"@type\":\"ListItem\",\"position\":3,\"name\":\"FESTIVALPROGRAMM 2025\"}]},{\"@type\":\"WebSite\",\"@id\":\"https:\\\/\\\/wiesbadener-fototage.de\\\/#website\",\"url\":\"https:\\\/\\\/wiesbadener-fototage.de\\\/\",\"name\":\"Wiesbadener Fototage\",\"description\":\"Die Wiesbadener Fototage sind ein internationales Festival f\u00fcr aktuelle Fotokunst und Dokumentarfotografie, das alle drei Jahre in Kollaboration mit Galerien und Ausstellungsh\u00e4usern stattfindet.\",\"publisher\":{\"@id\":\"https:\\\/\\\/wiesbadener-fototage.de\\\/#organization\"},\"potentialAction\":[{\"@type\":\"SearchAction\",\"target\":{\"@type\":\"EntryPoint\",\"urlTemplate\":\"https:\\\/\\\/wiesbadener-fototage.de\\\/?s={search_term_string}\"},\"query-input\":{\"@type\":\"PropertyValueSpecification\",\"valueRequired\":true,\"valueName\":\"search_term_string\"}}],\"inLanguage\":\"de\"},{\"@type\":\"Organization\",\"@id\":\"https:\\\/\\\/wiesbadener-fototage.de\\\/#organization\",\"name\":\"Wiesbadener Fototage gUG\",\"url\":\"https:\\\/\\\/wiesbadener-fototage.de\\\/\",\"logo\":{\"@type\":\"ImageObject\",\"inLanguage\":\"de\",\"@id\":\"https:\\\/\\\/wiesbadener-fototage.de\\\/#\\\/schema\\\/logo\\\/image\\\/\",\"url\":\"https:\\\/\\\/wifo2022.de\\\/wp-content\\\/uploads\\\/2021\\\/10\\\/210711_WIFT_S_RGB.png\",\"contentUrl\":\"https:\\\/\\\/wifo2022.de\\\/wp-content\\\/uploads\\\/2021\\\/10\\\/210711_WIFT_S_RGB.png\",\"width\":3190,\"height\":533,\"caption\":\"Wiesbadener Fototage gUG\"},\"image\":{\"@id\":\"https:\\\/\\\/wiesbadener-fototage.de\\\/#\\\/schema\\\/logo\\\/image\\\/\"},\"sameAs\":[\"https:\\\/\\\/www.facebook.com\\\/fototagewiesbaden\",\"https:\\\/\\\/www.instagram.com\\\/wiesbadenerfototage\"]}]}<\/script>\n<!-- \/ Yoast SEO plugin. -->","yoast_head_json":{"title":"FESTIVALPROGRAMM 2025 - Wiesbadener Fototage","robots":{"index":"index","follow":"follow","max-snippet":"max-snippet:-1","max-image-preview":"max-image-preview:large","max-video-preview":"max-video-preview:-1"},"canonical":"https:\/\/wiesbadener-fototage.de\/de_de\/wifo2025\/festivalprogramm\/","og_locale":"de_DE","og_type":"article","og_title":"FESTIVALPROGRAMM 2025 - Wiesbadener Fototage","og_url":"https:\/\/wiesbadener-fototage.de\/de_de\/wifo2025\/festivalprogramm\/","og_site_name":"Wiesbadener Fototage","article_publisher":"https:\/\/www.facebook.com\/fototagewiesbaden","article_modified_time":"2025-10-16T13:00:54+00:00","twitter_card":"summary_large_image","twitter_misc":{"Gesch\u00e4tzte Lesezeit":"7\u00a0Minuten"},"schema":{"@context":"https:\/\/schema.org","@graph":[{"@type":"WebPage","@id":"https:\/\/wiesbadener-fototage.de\/wifo2025\/festivalprogramm\/","url":"https:\/\/wiesbadener-fototage.de\/wifo2025\/festivalprogramm\/","name":"FESTIVALPROGRAMM 2025 - Wiesbadener Fototage","isPartOf":{"@id":"https:\/\/wiesbadener-fototage.de\/#website"},"datePublished":"2025-06-28T06:32:48+00:00","dateModified":"2025-10-16T13:00:54+00:00","breadcrumb":{"@id":"https:\/\/wiesbadener-fototage.de\/wifo2025\/festivalprogramm\/#breadcrumb"},"inLanguage":"de","potentialAction":[{"@type":"ReadAction","target":["https:\/\/wiesbadener-fototage.de\/wifo2025\/festivalprogramm\/"]}]},{"@type":"BreadcrumbList","@id":"https:\/\/wiesbadener-fototage.de\/wifo2025\/festivalprogramm\/#breadcrumb","itemListElement":[{"@type":"ListItem","position":1,"name":"Startseite","item":"https:\/\/wiesbadener-fototage.de\/start\/"},{"@type":"ListItem","position":2,"name":"FESTIVAL 2025","item":"https:\/\/wiesbadener-fototage.de\/wifo2025\/"},{"@type":"ListItem","position":3,"name":"FESTIVALPROGRAMM 2025"}]},{"@type":"WebSite","@id":"https:\/\/wiesbadener-fototage.de\/#website","url":"https:\/\/wiesbadener-fototage.de\/","name":"Wiesbadener Fototage","description":"Die Wiesbadener Fototage sind ein internationales Festival f\u00fcr aktuelle Fotokunst und Dokumentarfotografie, das alle drei Jahre in Kollaboration mit Galerien und Ausstellungsh\u00e4usern stattfindet.","publisher":{"@id":"https:\/\/wiesbadener-fototage.de\/#organization"},"potentialAction":[{"@type":"SearchAction","target":{"@type":"EntryPoint","urlTemplate":"https:\/\/wiesbadener-fototage.de\/?s={search_term_string}"},"query-input":{"@type":"PropertyValueSpecification","valueRequired":true,"valueName":"search_term_string"}}],"inLanguage":"de"},{"@type":"Organization","@id":"https:\/\/wiesbadener-fototage.de\/#organization","name":"Wiesbadener Fototage gUG","url":"https:\/\/wiesbadener-fototage.de\/","logo":{"@type":"ImageObject","inLanguage":"de","@id":"https:\/\/wiesbadener-fototage.de\/#\/schema\/logo\/image\/","url":"https:\/\/wifo2022.de\/wp-content\/uploads\/2021\/10\/210711_WIFT_S_RGB.png","contentUrl":"https:\/\/wifo2022.de\/wp-content\/uploads\/2021\/10\/210711_WIFT_S_RGB.png","width":3190,"height":533,"caption":"Wiesbadener Fototage gUG"},"image":{"@id":"https:\/\/wiesbadener-fototage.de\/#\/schema\/logo\/image\/"},"sameAs":["https:\/\/www.facebook.com\/fototagewiesbaden","https:\/\/www.instagram.com\/wiesbadenerfototage"]}]}},"_links":{"self":[{"href":"https:\/\/wiesbadener-fototage.de\/de_de\/wp-json\/wp\/v2\/pages\/8732","targetHints":{"allow":["GET"]}}],"collection":[{"href":"https:\/\/wiesbadener-fototage.de\/de_de\/wp-json\/wp\/v2\/pages"}],"about":[{"href":"https:\/\/wiesbadener-fototage.de\/de_de\/wp-json\/wp\/v2\/types\/page"}],"author":[{"embeddable":true,"href":"https:\/\/wiesbadener-fototage.de\/de_de\/wp-json\/wp\/v2\/users\/1"}],"replies":[{"embeddable":true,"href":"https:\/\/wiesbadener-fototage.de\/de_de\/wp-json\/wp\/v2\/comments?post=8732"}],"version-history":[{"count":191,"href":"https:\/\/wiesbadener-fototage.de\/de_de\/wp-json\/wp\/v2\/pages\/8732\/revisions"}],"predecessor-version":[{"id":15146,"href":"https:\/\/wiesbadener-fototage.de\/de_de\/wp-json\/wp\/v2\/pages\/8732\/revisions\/15146"}],"up":[{"embeddable":true,"href":"https:\/\/wiesbadener-fototage.de\/de_de\/wp-json\/wp\/v2\/pages\/6369"}],"wp:attachment":[{"href":"https:\/\/wiesbadener-fototage.de\/de_de\/wp-json\/wp\/v2\/media?parent=8732"}],"curies":[{"name":"wp","href":"https:\/\/api.w.org\/{rel}","templated":true}]}}